




{"id":21414,"date":"2026-04-25T18:52:30","date_gmt":"2026-04-25T17:52:30","guid":{"rendered":"https:\/\/tours.com.pt\/trip\/tour-privado-por-evora-y-monsaraz\/"},"modified":"2026-04-29T17:38:31","modified_gmt":"2026-04-29T16:38:31","slug":"tour-privado-por-evora-y-monsaraz","status":"publish","type":"trip","link":"https:\/\/tours.com.pt\/es\/trip\/tour-privado-por-evora-y-monsaraz\/","title":{"rendered":"Tour Privado por \u00c9vora y Monsaraz con Cata de Vinos"},"content":{"rendered":"\n<p class=\"has-text-align-left\">En nuestro <strong>Tour Privado por \u00c9vora y Monsaraz<\/strong>, le invitamos a sumergirse en la serenidad de los paisajes alentejanos en un viaje que une historia, espiritualidad y tradici\u00f3n. Comience explorando \u00c9vora, Patrimonio de la Humanidad por la UNESCO, recorriendo sus calles medievales repletas de vestigios romanos y g\u00f3ticos, como el ic\u00f3nico Templo Romano y la impresionante Catedral.<\/p>\n\n\n\n<p>La aventura contin\u00faa con la visita a la intrigante Capilla de los Huesos y, seguidamente, nos dirigimos a la villa medieval de <strong>Monsaraz<\/strong>. Situada en lo alto de una colina, Monsaraz ofrece una de las vistas m\u00e1s deslumbrantes sobre el gran lago del Alqueva y las llanuras circundantes.<\/p>\n\n\n\n<p>Para que este d\u00eda sea inolvidable, disfrute de una visita personalizada a una prestigiosa bodega de la regi\u00f3n, donde podr\u00e1 conocer los secretos de la producci\u00f3n de los vinos alentejanos y participar en una degustaci\u00f3n comentada, acompa\u00f1ada de delicias regionales que elevan la experiencia gastron\u00f3mica.<\/p>\n\n\n\n<p class=\"has-text-align-center\">Este paseo privado tendr\u00e1 su inicio y fin en la ciudad de <strong>Lisboa<\/strong>. En caso de que desee comenzar o terminar en otro lugar, o si tiene cualquier duda, por favor cont\u00e1ctenos.<\/p>\n\n\n\n<hr class=\"wp-block-separator has-alpha-channel-opacity\"\/>\n\n\n\n<figure class=\"wp-block-gallery has-nested-images columns-default is-cropped wp-block-gallery-1 is-layout-flex wp-block-gallery-is-layout-flex\">\n<figure class=\"wp-block-image size-large\"><img decoding=\"async\" data-id=\"16517\" src=\"data:image\/gif;base64,R0lGODlhAQABAAAAACH5BAEKAAEALAAAAAABAAEAAAICTAEAOw==\" data-layzr=\"https:\/\/tours.com.pt\/wp-content\/uploads\/2024\/10\/monsaraz-1024x586.jpg\" alt=\"Tour Privado por \u00c9vora y Monsaraz\" class=\"wp-image-16517\"\/><figcaption class=\"wp-element-caption\"> <br><\/figcaption><\/figure>\n<\/figure>\n\n\n\n<p class=\"has-text-align-center\"><strong>Tour Privado por \u00c9vora y Monsaraz<\/strong> <strong>: Historia, Vi\u00f1edos y el Encanto del Alentejo<\/strong><\/p>\n\n\n\n<p>\u00c9vora, un aut\u00e9ntico museo al aire libre en el coraz\u00f3n del Alentejo, es solo el comienzo de este viaje inolvidable. Como Ciudad Patrimonio de la Humanidad por la UNESCO, ofrece un recorrido de 2.000 a\u00f1os de historia, donde el <strong>Templo Romano<\/strong>, erigido en el siglo I, permanece como un s\u00edmbolo imponente de la herencia imperial en la regi\u00f3n. La exploraci\u00f3n contin\u00faa por la fascinante <strong><a href=\"https:\/\/tours.com.pt\/es\/la-capilla-de-los-huesos\/\" target=\"_blank\" rel=\"noopener\" title=\"Capilla de los Huesos\">Capilla de los Huesos<\/a><\/strong>, un lugar de reflexi\u00f3n \u00fanica decorado con miles de osamentas, y por la majestuosa <strong>Catedral<\/strong>, que domina el horizonte de la ciudad.<\/p>\n\n\n\n<p>Pero el Alentejo guarda otros secretos. Nuestro tour le lleva hasta la villa medieval de <strong>Monsaraz<\/strong>, una de las m\u00e1s antiguas y bellas de Portugal. Erguida en lo alto de una colina y protegida por sus murallas de esquisto, Monsaraz parece detenida en el tiempo. Pasear por sus calles encaladas es retroceder siglos en la historia, culminando en una vista panor\u00e1mica impresionante sobre el <strong>Gran Lago del Alqueva<\/strong>, el lago artificial m\u00e1s grande de Europa.<\/p>\n\n\n\n<h3 class=\"wp-block-heading has-text-align-center\">Tour Privado por \u00c9vora y Monsaraz &#8211; <strong>La Esencia de los Vinos del Alentejo<\/strong><\/h3>\n\n\n\n<p>Ninguna visita al Alentejo estar\u00eda completa sin sumergirse en su cultura vitivin\u00edcola. La regi\u00f3n es mundialmente famosa por sus vinos con cuerpo y arom\u00e1ticos, fruto de un clima generoso y suelos \u00fanicos. En nuestro tour, incluimos una parada exclusiva en una <strong>bodega seleccionada<\/strong>, donde podr\u00e1:<\/p>\n\n\n\n<ul class=\"wp-block-list\">\n<li>Realizar una <strong>visita personalizada<\/strong> a las cavas y conocer los m\u00e9todos de producci\u00f3n tradicionales.<\/li>\n\n\n\n<li>Participar en una <strong>cata comentada de vinos premium<\/strong>, tanto blancos como tintos.<\/li>\n\n\n\n<li>Saborear <strong>delicias locales<\/strong>, como quesos artesanales y aceite de oliva regional, que armonizan perfectamente con cada variedad de uva.<\/li>\n<\/ul>\n\n\n\n<p class=\"has-text-align-left\">Aliando la tranquilidad de las llanuras, la imponencia de los monumentos y el sabor de los mejores elixires, este paseo es la experiencia definitiva para quienes desean conocer el alma de Portugal.<\/p>\n\n\n\n<hr class=\"wp-block-separator has-alpha-channel-opacity\"\/>\n\n\n\n<p style=\"font-size:26px;font-style:normal;font-weight:600\"><strong><a href=\"https:\/\/emojiterra.com\/pt\/calendario-espiral\/\">\ud83d\uddd3\ufe0f<\/a>&nbsp;Pre\u00e7\u00e1rio:<\/strong><\/p>\n\n\n\n<figure class=\"wp-block-table is-style-stripes\" style=\"font-size:19px;font-style:italic;font-weight:600\"><table class=\"has-black-color has-text-color has-background has-link-color has-fixed-layout\" style=\"background:linear-gradient(135deg,rgb(168,168,168) 0%,rgb(254,254,254) 100%)\"><thead><tr><th class=\"has-text-align-center\" data-align=\"center\">N\u00ba de Pessoas<\/th><th class=\"has-text-align-center\" data-align=\"center\">Pre\u00e7o<\/th><th class=\"has-text-align-center\" data-align=\"center\">Pre\u00e7o Pessoa<\/th><\/tr><\/thead><tbody><tr><td class=\"has-text-align-center\" data-align=\"center\">1 Persona<\/td><td class=\"has-text-align-center\" data-align=\"center\">380\u20ac<\/td><td class=\"has-text-align-center\" data-align=\"center\">&#8211;<\/td><\/tr><tr><td class=\"has-text-align-center\" data-align=\"center\">2 Personas<\/td><td class=\"has-text-align-center\" data-align=\"center\">400\u20ac<\/td><td class=\"has-text-align-center\" data-align=\"center\">200\u20ac Per Persona<\/td><\/tr><tr><td class=\"has-text-align-center\" data-align=\"center\">3 Personas<\/td><td class=\"has-text-align-center\" data-align=\"center\">480\u20ac<\/td><td class=\"has-text-align-center\" data-align=\"center\">160\u20ac Per Persona<\/td><\/tr><tr><td class=\"has-text-align-center\" data-align=\"center\">4 Personas<\/td><td class=\"has-text-align-center\" data-align=\"center\">500\u20ac<\/td><td class=\"has-text-align-center\" data-align=\"center\">125\u20ac Per Persona<\/td><\/tr><tr><td class=\"has-text-align-center\" data-align=\"center\">5 Personas<\/td><td class=\"has-text-align-center\" data-align=\"center\">550\u20ac<\/td><td class=\"has-text-align-center\" data-align=\"center\">110\u20ac Per Persona<\/td><\/tr><tr><td class=\"has-text-align-center\" data-align=\"center\">6 Personas<\/td><td class=\"has-text-align-center\" data-align=\"center\">600\u20ac<\/td><td class=\"has-text-align-center\" data-align=\"center\">100\u20ac Per Persona<\/td><\/tr><tr><td class=\"has-text-align-center\" data-align=\"center\">7 Personas<\/td><td class=\"has-text-align-center\" data-align=\"center\">650\u20ac<\/td><td class=\"has-text-align-center\" data-align=\"center\">93\u20ac Per Persona<\/td><\/tr><tr><td class=\"has-text-align-center\" data-align=\"center\">8 Personas<\/td><td class=\"has-text-align-center\" data-align=\"center\">720\u20ac<\/td><td class=\"has-text-align-center\" data-align=\"center\">90\u20ac Per Persona<\/td><\/tr><\/tbody><\/table><\/figure>\n","protected":false},"excerpt":{"rendered":"<p>En nuestro Tour Privado por \u00c9vora y Monsaraz, le invitamos a sumergirse en la serenidad de los paisajes alentejanos en un viaje que une historia, espiritualidad y tradici\u00f3n. Comience explorando \u00c9vora, Patrimonio de la Humanidad por la UNESCO, recorriendo sus calles medievales repletas de vestigios romanos y g\u00f3ticos, como el ic\u00f3nico Templo Romano y la &hellip; <\/p>\n","protected":false},"author":2,"featured_media":707,"comment_status":"open","ping_status":"closed","template":"","destination":[380,454,345],"activities":[],"trip_types":[],"difficulty":[],"trip_tag":[603,347,520],"class_list":["post-21414","trip","type-trip","status-publish","has-post-thumbnail","hentry","destination-evora-es","destination-lisboa-es","destination-tours-en-lisboa","trip_tag-evora-es","trip_tag-lisboa-es","trip_tag-tour-privado-es","latest_post"],"packages_ids":"","trip_extras":[],"cut_off_time":{"enabled":true,"duration":2,"duration_unit":"days"},"booked-seats":[],"aioseo_notices":[],"code":"Tour \u00c9vora e Monsaraz","price":"","has_sale":false,"sale_price":"","discount_percent":0,"currency":{"code":"EUR","symbol":"&euro;"},"duration":{"days":8,"nights":16,"duration_unit":"hours","duration_type":"days"},"min_pax":1,"max_pax":"","discount_value":0,"discount_label":null,"primary_category":0,"available_times":{"type":"default","items":["2021-1-01","2021-2-01","2021-3-01","2021-4-01","2021-5-01","2021-6-01","2021-7-01","2021-8-01","2021-9-01","2021-10-01","2021-11-01","2021-12-01"]},"description":"<div class=\"flex-shrink-0 flex flex-col relative items-end\">\n<div>\n<div class=\"pt-0\">\n<div class=\"gizmo-bot-avatar flex h-8 w-8 items-center justify-center overflow-hidden rounded-full\">\n<div class=\"relative p-1 rounded-sm flex items-center justify-center bg-token-main-surface-primary text-token-text-primary h-8 w-8\"><span style=\"font-size: 13px; color: var(--wp--preset--color--contrast); font-family: var(--wp--preset--font-family--body);\">Explore o encanto de <\/span><strong style=\"font-size: 13px; color: var(--wp--preset--color--contrast); font-family: var(--wp--preset--font-family--body);\">\u00c9vora<\/strong><span style=\"font-size: 13px; color: var(--wp--preset--color--contrast); font-family: var(--wp--preset--font-family--body);\">, uma cidade repleta de heran\u00e7a e tradi\u00e7\u00e3o. Come\u00e7amos com uma visita a uma produ\u00e7\u00e3o de corti\u00e7a, destacando a versatilidade deste material, desde rolhas de vinho at\u00e9 produtos inovadores. Deguste vinhos e delicie-se com produtos locais antes de, opcionalmente, visitar a beleza medieval de <\/span><strong style=\"font-size: 13px; color: var(--wp--preset--color--contrast); font-family: var(--wp--preset--font-family--body);\">Monsaraz<\/strong><span style=\"font-size: 13px; color: var(--wp--preset--color--contrast); font-family: var(--wp--preset--font-family--body);\"> ou explorar a aldeia de olarias de <\/span><strong style=\"font-size: 13px; color: var(--wp--preset--color--contrast); font-family: var(--wp--preset--font-family--body);\">S\u00e3o Pedro do Corval<\/strong><span style=\"font-size: 13px; color: var(--wp--preset--color--contrast); font-family: var(--wp--preset--font-family--body);\">. Em <\/span><strong style=\"font-size: 13px; color: var(--wp--preset--color--contrast); font-family: var(--wp--preset--font-family--body);\">\u00c9vora<\/strong><span style=\"font-size: 13px; color: var(--wp--preset--color--contrast); font-family: var(--wp--preset--font-family--body);\">, mergulhe na atmosfera \u00fanica da <\/span><strong style=\"font-size: 13px; color: var(--wp--preset--color--contrast); font-family: var(--wp--preset--font-family--body);\">Capela dos Ossos<\/strong><span style=\"font-size: 13px; color: var(--wp--preset--color--contrast); font-family: var(--wp--preset--font-family--body);\"> e do antigo <\/span><strong style=\"font-size: 13px; color: var(--wp--preset--color--contrast); font-family: var(--wp--preset--font-family--body);\">Templo Romano<\/strong><span style=\"font-size: 13px; color: var(--wp--preset--color--contrast); font-family: var(--wp--preset--font-family--body);\">. Esta jornada hist\u00f3rica, enraizada em diferentes \u00e9pocas, revela \u00c9vora como um verdadeiro tesouro cultural e arquitet\u00f4nico. Tire suas d\u00favidas e embarque neste fascinante <\/span><strong style=\"font-size: 13px; color: var(--wp--preset--color--contrast); font-family: var(--wp--preset--font-family--body);\">Tour \u00c9vora<\/strong><span style=\"font-size: 13px; color: var(--wp--preset--color--contrast); font-family: var(--wp--preset--font-family--body);\">.<\/span><\/div>\n<\/div>\n<\/div>\n<\/div>\n<\/div>","cost_includes":"Visita a Vin\u00edcola de \u00c9vora com uma degusta\u00e7\u00e3o de vinhos exclusiva.\nMotorista Privativo\/Guia durante o Passeio em Portugu\u00eas, Espanhol, Ingl\u00eas.\nPartida e Chegada no Hotel onde estiver hospedado\nTransporte Exclusivo, Confort\u00e1vel e Moderno\n\u00c1guas engarrafadas \nWifi\nSeguro de Acidentes\n24h\/7 Servi\u00e7o de Assist\u00eancia ao Cliente","cost_excludes":"Entrada em monumentos\nRefei\u00e7\u00f5es (Almo\u00e7os e Jantares)\nDespesas de car\u00e1cter pessoal\nOutras despesas n\u00e3o mencionadas","itineraries":[{"title":"Monsaraz: Un Refugio Medieval sobre el Gran Lago","content":"<p style=\"text-align: left;\"><span style=\"font-size: revert; color: var(--wp--preset--color--contrast); font-family: var(--wp--preset--font-family--body);\"><img class=\"size-medium wp-image-715 alignleft\" src=\"https:\/\/tours.com.pt\/wp-content\/uploads\/2023\/12\/Monsaraz_and_the_Alqueva_Reservoir-300x195.jpg\" alt=\"\" width=\"300\" height=\"195\" \/><\/span><\/p>\n<p data-path-to-node=\"0\">Hacia la frontera con Espa\u00f1a encontramos <b data-path-to-node=\"0\" data-index-in-node=\"41\">Monsaraz<\/b>, uno de los pueblos medievales m\u00e1s bellos y mejor preservados de Portugal. Erguida estrat\u00e9gicamente en lo alto de una colina, esta villa de esquisto y cal nos transporta a una atm\u00f3sfera m\u00e1gica, donde sus murallas guardan memorias vivas de reyes, batallas y caballeros templarios.<\/p>\n<p data-path-to-node=\"1\">Pasear por sus calles estrechas y silenciosas es descubrir un escenario po\u00e9tico que culmina en su imponente castillo. Desde lo alto de sus torres, la vista es sencillamente deslumbrante: el vasto espejo de agua del <b data-path-to-node=\"1\" data-index-in-node=\"215\">Alqueva, <\/b>el lago artificial m\u00e1s grande de Europa, serpentea por la llanura, uniendo visualmente Portugal y Espa\u00f1a en un horizonte infinito. Es el lugar perfecto para contemplar la inmensidad del Alentejo y dejarse envolver por el encanto de una joya hist\u00f3rica que parece detenida en el tiempo.<\/p>\n<p style=\"text-align: left;\"><span style=\"font-size: revert; color: var(--wp--preset--color--contrast); font-family: var(--wp--preset--font-family--body);\">\u00a0<\/span><\/p>"},{"title":"Sabores del Alentejo: Una experiencia de visita y degustaci\u00f3n","content":"<p><img class=\"alignleft wp-image-20755 size-medium\" src=\"https:\/\/tours.com.pt\/wp-content\/uploads\/2025\/08\/original-1-300x200.webp\" alt=\"Tour \u00c9vora Monsaraz\" width=\"300\" height=\"200\" \/><\/p>\n<p data-path-to-node=\"1\">Ninguna visita al Alentejo estar\u00eda completa sin sumergirse en su cultura vitivin\u00edcola. La regi\u00f3n es mundialmente famosa por sus vinos con cuerpo y arom\u00e1ticos, fruto de un clima generoso y suelos \u00fanicos. En nuestro tour, incluimos una parada exclusiva en una <b data-path-to-node=\"1\" data-index-in-node=\"258\">bodega seleccionada<\/b>, donde podr\u00e1:<\/p>\n<p data-path-to-node=\"2,0,0\">Realizar una <b data-path-to-node=\"2,0,0\" data-index-in-node=\"13\">visita personalizada<\/b> a las cavas y conocer los m\u00e9todos de producci\u00f3n tradicionales.<\/p>\n<p data-path-to-node=\"2,1,0\">Participar en una <b data-path-to-node=\"2,1,0\" data-index-in-node=\"18\">cata comentada<\/b> de vinos premium, blancos y tintos.<\/p>\n<p data-path-to-node=\"2,2,0\">Saborear <b data-path-to-node=\"2,2,0\" data-index-in-node=\"9\">delicias locales<\/b>, como quesos artesanales y aceite de oliva regional, que maridan perfectamente con cada variedad de uva.<\/p>\n<p data-path-to-node=\"3\">Aliando la tranquilidad de las llanuras, la imponencia de los monumentos y el sabor de los mejores elixires, este paseo es la experiencia definitiva para quienes desean conocer el alma de Portugal.<\/p>\n<p data-path-to-node=\"6\"><span style=\"font-size: revert; color: var(--wp--preset--color--contrast); font-family: var(--wp--preset--font-family--body);\">.<\/span><\/p>"},{"title":"S\u00e3o Pedro do Corval: La Capital de la Alfarer\u00eda","content":"<p><img class=\"size-medium wp-image-718 alignright\" src=\"https:\/\/tours.com.pt\/wp-content\/uploads\/2023\/12\/olaria-300x197.jpg\" alt=\"\" width=\"300\" height=\"197\" \/><\/p>\n<p data-path-to-node=\"0\">Esta peque\u00f1a villa alentejana ostenta la mayor concentraci\u00f3n de talleres de alfarer\u00eda de Portugal. Aqu\u00ed, el arte de dar forma al barro es secular y se transmite de padres a hijos.<\/p>\n<p data-path-to-node=\"1\">Al visitarla, puede entrar en los talleres y ver a los maestros alfareros trabajando en vivo en el torno, creando piezas \u00fanicas. La cer\u00e1mica local es famosa por su pintura a mano con motivos r\u00fasticos y colores vivos (azul, amarillo y verde), que retratan la vida y el alma del campo alentejano. Es una parada obligatoria para quienes desean llevarse consigo un pedazo aut\u00e9ntico de la tradici\u00f3n de Portugal.<\/p>"},{"title":"\u00c9vora: Donde nace la historia del Alentejo","content":"<p><img class=\"size-medium wp-image-754 alignleft\" src=\"https:\/\/tours.com.pt\/wp-content\/uploads\/2023\/12\/Evora-8-300x225.jpg\" alt=\"\" width=\"300\" height=\"225\" \/><\/p>\n<p data-path-to-node=\"1\">Ahora es el momento de dejarse cautivar por <b data-path-to-node=\"1\" data-index-in-node=\"44\">\u00c9vora<\/b>, un verdadero museo a cielo abierto que respira dos milenios de civilizaci\u00f3n. Como antigua residencia de reyes y centro de convergencia para los artistas m\u00e1s renombrados de la \u00e9poca, la ciudad revela su grandeza en cada esquina.<\/p>\n<p data-path-to-node=\"2\">El <b data-path-to-node=\"2\" data-index-in-node=\"3\">Templo Romano<\/b>, erigido en el siglo I, permanece como un testimonio imponente de la importancia estrat\u00e9gica de la ciudad en el Imperio. A pocos pasos, la <b data-path-to-node=\"2\" data-index-in-node=\"156\">Catedral<\/b> \u2014la mayor catedral medieval de Portugal\u2014 impresiona por su transici\u00f3n del rom\u00e1nico al g\u00f3tico. Explore tambi\u00e9n el <b data-path-to-node=\"2\" data-index-in-node=\"278\">Acueducto de \u00c1gua de Prata<\/b>, una obra de ingenier\u00eda monumental del siglo XVI que a\u00fan hoy surca las llanuras y las calles de la ciudad.<\/p>\n<p data-path-to-node=\"3\">Pi\u00e9rdase por las callejuelas y callejones que a\u00fan preservan el trazado y la influencia \u00e1rabe de los siglos XI y XII, y descubra por qu\u00e9 \u00c9vora es el coraz\u00f3n hist\u00f3rico de Portugal.<\/p>"},{"title":"La Capilla de los Huesos: Un encuentro con la reflexi\u00f3n","content":"<p><img class=\"size-medium wp-image-1057 alignright\" src=\"https:\/\/tours.com.pt\/wp-content\/uploads\/2024\/01\/Capela-dos-Ossso-1--300x199.jpeg\" alt=\"\" width=\"300\" height=\"199\" \/><\/p>\n<p data-path-to-node=\"0\">En el interior de la Iglesia de San Francisco se encuentra uno de los lugares m\u00e1s enigm\u00e1ticos y fascinantes de Portugal: la <b data-path-to-node=\"0\" data-index-in-node=\"124\">Capilla de los Huesos<\/b>. Construida en el siglo XVI por monjes franciscanos, esta capilla est\u00e1 enteramente revestida por miles de huesos y cr\u00e1neos, creando una atm\u00f3sfera de profunda espiritualidad y misterio.<\/p>\n<p data-path-to-node=\"1\">M\u00e1s que una curiosidad hist\u00f3rica, la capilla fue concebida como una lecci\u00f3n sobre la transitoriedad de la existencia. A la entrada, la c\u00e9lebre y provocadora frase \u2014\"Nosotros, los huesos que aqu\u00ed estamos, por los vuestros esperamos\"\u2014 invita a los visitantes a una reflexi\u00f3n \u00fanica sobre la vida y el tiempo.<\/p>\n<p data-path-to-node=\"2\">Es una parada obligatoria para quien desea comprender la m\u00edstica y la profundidad de la religiosidad barroca portuguesa en un escenario que permanece grabado en la memoria de todos los que lo visitan.<\/p>"}],"faqs":[{"title":"\u00bfPodr\u00e9 realizar cambios en el recorrido?","content":"<p>Por supuesto! Al ser un tour privado, el itinerario es flexible. Puede ajustar el ritmo o los puntos de inter\u00e9s el mismo d\u00eda del paseo, siempre consultando con su gu\u00eda para asegurar la mejor log\u00edstica.<\/p>"},{"title":"\u00bfC\u00f3mo puedo reservar un paseo?","content":"<p class=\"p2\">Puede reservar directamente a trav\u00e9s de nuestro sitio web, por correo electr\u00f3nico o v\u00eda WhatsApp. Tan pronto como recibamos su solicitud, confirmaremos la disponibilidad y le enviaremos todos los detalles.<\/p>"},{"title":"\u00bfTengo que pagar por adelantado?","content":"<p>No siempre es necesario el pago total. Generalmente, solicitamos un dep\u00f3sito ( 20% ) para garantizar la reserva, y el resto puede abonarse el d\u00eda del tour o seg\u00fan las condiciones espec\u00edficas del servicio contratado.<\/p>"},{"title":"\u00bfC\u00f3mo funciona la pol\u00edtica de cancelaci\u00f3n del paseo?","content":"<p class=\"p1\">Ofrecemos cancelaci\u00f3n gratuita hasta 24 o 48 horas antes del inicio del tour (dependiendo del servicio). Le recomendamos revisar los t\u00e9rminos espec\u00edficos en su confirmaci\u00f3n de reserva.<\/p>"},{"title":"\u00bfRecibo un reembolso en caso de cancelaci\u00f3n?","content":"<p class=\"p1\">S\u00ed, siempre que la cancelaci\u00f3n se realice dentro del plazo establecido en nuestra pol\u00edtica, el importe pagado ser\u00e1 reembolsado \u00edntegramente.<\/p>"},{"title":"\u00bfC\u00f3mo puedo cambiar la fecha de mi reserva?","content":"<p data-path-to-node=\"9\">Solo tiene que ponerse en contacto con nosotros por correo electr\u00f3nico o WhatsApp. Realizaremos el cambio sin costes adicionales, siempre sujeto a nuestra disponibilidad de veh\u00edculos y gu\u00edas.<\/p>\n<p data-path-to-node=\"10\">\u00a0<\/p>"},{"title":"\u00bfDisponen de sillas para ni\u00f1os?","content":"<p>S\u00ed, disponemos de sillas para beb\u00e9s y asientos elevadores de forma gratuita. Solo le pedimos que nos informe de la edad de los ni\u00f1os al momento de hacer la reserva para tener todo preparado.<\/p>"},{"title":"\u00bfPueden comprarnos las entradas?","content":"<p>S\u00ed, para mayor comodidad, podemos gestionar la compra de entradas a monumentos y palacios por adelantado, evitando colas innecesarias (sujeto a disponibilidad de los monumentos).<\/p>"},{"title":"\u00bfNos recogen en nuestro hotel?","content":"<p>S\u00ed, todos nuestros tours incluyen el servicio de recogida y regreso (<i data-path-to-node=\"12\" data-index-in-node=\"115\">pick-up &amp; drop-off<\/i>) en su hotel, apartamento o en el aeropuerto, siempre que se encuentre dentro de la zona establecida para el tour.<\/p>"},{"title":"\u00bfHabr\u00e1 m\u00e1s gente en nuestro paseo?","content":"<p>No. Todos nuestros servicios son estrictamente privados. El veh\u00edculo y el gu\u00eda estar\u00e1n dedicados exclusivamente a usted y a sus acompa\u00f1antes.<\/p>"},{"title":"\u00bfEl gu\u00eda nos acompa\u00f1a durante las visitas?","content":"<p>S\u00ed, su gu\u00eda le acompa\u00f1ar\u00e1 en todo momento, explicando la historia y curiosidades de cada lugar. No obstante, en algunos monumentos nacionales con gu\u00edas internos, el gu\u00eda puede esperar en el exterior si as\u00ed lo prefiere.<\/p>"},{"title":"\u00bfCu\u00e1l es la duraci\u00f3n del paseo?","content":"<p>Un tour de d\u00eda completo suele durar unas 8 horas. Los tours de medio d\u00eda tienen una duraci\u00f3n aproximada de 4 horas.<\/p>"},{"title":"\u00bfQu\u00e9 tipo de veh\u00edculo se utiliza?","content":"<p>Utilizamos veh\u00edculos modernos de gama alta de la marca Mercedes-Benz (Sed\u00e1n Clase E o furgonetas Clase V), todos equipados con aire acondicionado y m\u00e1ximo confort para su grupo.<\/p>"}],"is_featured":false,"trip_reviews":{"reviews":[],"average":0,"count":0},"featured_image":{"width":2048,"height":1152,"file":"2023\/12\/Evora-vista-do-Hotel-2-min-min-1-1-scaled.jpg","filesize":746736,"sizes":{"medium":{"file":"Evora-vista-do-Hotel-2-min-min-1-1-300x169.jpg","width":300,"height":169,"filesize":16488,"mime_type":"image\/jpeg","source_url":"https:\/\/tours.com.pt\/wp-content\/uploads\/2023\/12\/Evora-vista-do-Hotel-2-min-min-1-1-300x169.jpg"},"large":{"file":"Evora-vista-do-Hotel-2-min-min-1-1-1024x576.jpg","width":1024,"height":576,"filesize":144881,"mime_type":"image\/jpeg","source_url":"https:\/\/tours.com.pt\/wp-content\/uploads\/2023\/12\/Evora-vista-do-Hotel-2-min-min-1-1-1024x576.jpg"},"thumbnail":{"file":"Evora-vista-do-Hotel-2-min-min-1-1-150x150.jpg","width":150,"height":150,"filesize":8192,"mime_type":"image\/jpeg","source_url":"https:\/\/tours.com.pt\/wp-content\/uploads\/2023\/12\/Evora-vista-do-Hotel-2-min-min-1-1-150x150.jpg"},"medium_large":{"file":"Evora-vista-do-Hotel-2-min-min-1-1-768x432.jpg","width":768,"height":432,"filesize":85589,"mime_type":"image\/jpeg","source_url":"https:\/\/tours.com.pt\/wp-content\/uploads\/2023\/12\/Evora-vista-do-Hotel-2-min-min-1-1-768x432.jpg"},"trip-thumb-size":{"file":"Evora-vista-do-Hotel-2-min-min-1-1-376x212.jpg","width":376,"height":212,"filesize":24288,"mime_type":"image\/jpeg","source_url":"https:\/\/tours.com.pt\/wp-content\/uploads\/2023\/12\/Evora-vista-do-Hotel-2-min-min-1-1-376x212.jpg"},"destination-thumb-size":{"file":"Evora-vista-do-Hotel-2-min-min-1-1-600x810.jpg","width":600,"height":810,"filesize":129168,"mime_type":"image\/jpeg","source_url":"https:\/\/tours.com.pt\/wp-content\/uploads\/2023\/12\/Evora-vista-do-Hotel-2-min-min-1-1-600x810.jpg"},"destination-thumb-trip-size":{"file":"Evora-vista-do-Hotel-2-min-min-1-1-410x250.jpg","width":410,"height":250,"filesize":30449,"mime_type":"image\/jpeg","source_url":"https:\/\/tours.com.pt\/wp-content\/uploads\/2023\/12\/Evora-vista-do-Hotel-2-min-min-1-1-410x250.jpg"},"activities-thumb-size":{"file":"Evora-vista-do-Hotel-2-min-min-1-1-600x810.jpg","width":600,"height":810,"filesize":129168,"mime_type":"image\/jpeg","source_url":"https:\/\/tours.com.pt\/wp-content\/uploads\/2023\/12\/Evora-vista-do-Hotel-2-min-min-1-1-600x810.jpg"},"trip-single-size":{"file":"Evora-vista-do-Hotel-2-min-min-1-1-990x490.jpg","width":990,"height":490,"filesize":125231,"mime_type":"image\/jpeg","source_url":"https:\/\/tours.com.pt\/wp-content\/uploads\/2023\/12\/Evora-vista-do-Hotel-2-min-min-1-1-990x490.jpg"},"1536x1536":{"file":"Evora-vista-do-Hotel-2-min-min-1-1-1536x864.jpg","width":1536,"height":864,"filesize":303819,"mime_type":"image\/jpeg","source_url":"https:\/\/tours.com.pt\/wp-content\/uploads\/2023\/12\/Evora-vista-do-Hotel-2-min-min-1-1-1536x864.jpg"},"2048x2048":{"file":"Evora-vista-do-Hotel-2-min-min-1-1-2048x1152.jpg","width":2048,"height":1152,"filesize":509305,"mime_type":"image\/jpeg","source_url":"https:\/\/tours.com.pt\/wp-content\/uploads\/2023\/12\/Evora-vista-do-Hotel-2-min-min-1-1-2048x1152.jpg"},"travel-muni-pro-slider":{"file":"Evora-vista-do-Hotel-2-min-min-1-1-1920x600.jpg","width":1920,"height":600,"filesize":301435,"mime_type":"image\/jpeg","source_url":"https:\/\/tours.com.pt\/wp-content\/uploads\/2023\/12\/Evora-vista-do-Hotel-2-min-min-1-1-1920x600.jpg"},"travel-muni-pro-slider-layout-3":{"file":"Evora-vista-do-Hotel-2-min-min-1-1-1920x780.jpg","width":1920,"height":780,"filesize":361605,"mime_type":"image\/jpeg","source_url":"https:\/\/tours.com.pt\/wp-content\/uploads\/2023\/12\/Evora-vista-do-Hotel-2-min-min-1-1-1920x780.jpg"},"travel-muni-pro-header-image-3":{"file":"Evora-vista-do-Hotel-2-min-min-1-1-960x650.jpg","width":960,"height":650,"filesize":157515,"mime_type":"image\/jpeg","source_url":"https:\/\/tours.com.pt\/wp-content\/uploads\/2023\/12\/Evora-vista-do-Hotel-2-min-min-1-1-960x650.jpg"},"travel-muni-pro-header-bg-img":{"file":"Evora-vista-do-Hotel-2-min-min-1-1-622x350.jpg","width":622,"height":350,"filesize":58702,"mime_type":"image\/jpeg","source_url":"https:\/\/tours.com.pt\/wp-content\/uploads\/2023\/12\/Evora-vista-do-Hotel-2-min-min-1-1-622x350.jpg"},"travel-muni-pro-schema":{"file":"Evora-vista-do-Hotel-2-min-min-1-1-107x60.jpg","width":107,"height":60,"filesize":3153,"mime_type":"image\/jpeg","source_url":"https:\/\/tours.com.pt\/wp-content\/uploads\/2023\/12\/Evora-vista-do-Hotel-2-min-min-1-1-107x60.jpg"},"travel-muni-pro-middle-square-thumb":{"file":"Evora-vista-do-Hotel-2-min-min-1-1-600x600.jpg","width":600,"height":600,"filesize":95630,"mime_type":"image\/jpeg","source_url":"https:\/\/tours.com.pt\/wp-content\/uploads\/2023\/12\/Evora-vista-do-Hotel-2-min-min-1-1-600x600.jpg"},"activity-thumb-size":{"file":"Evora-vista-do-Hotel-2-min-min-1-1-640x360.jpg","width":640,"height":360,"filesize":61578,"mime_type":"image\/jpeg","source_url":"https:\/\/tours.com.pt\/wp-content\/uploads\/2023\/12\/Evora-vista-do-Hotel-2-min-min-1-1-640x360.jpg"},"travel-muni-pro-full-blog":{"file":"Evora-vista-do-Hotel-2-min-min-1-1-610x343.jpg","width":610,"height":343,"filesize":56843,"mime_type":"image\/jpeg","source_url":"https:\/\/tours.com.pt\/wp-content\/uploads\/2023\/12\/Evora-vista-do-Hotel-2-min-min-1-1-610x343.jpg"},"travel-muni-pro-404":{"file":"Evora-vista-do-Hotel-2-min-min-1-1-800x534.jpg","width":800,"height":534,"filesize":110607,"mime_type":"image\/jpeg","source_url":"https:\/\/tours.com.pt\/wp-content\/uploads\/2023\/12\/Evora-vista-do-Hotel-2-min-min-1-1-800x534.jpg"},"megamenu-thumb-size":{"file":"Evora-vista-do-Hotel-2-min-min-1-1-594x373.jpg","width":594,"height":373,"filesize":61033,"mime_type":"image\/jpeg","source_url":"https:\/\/tours.com.pt\/wp-content\/uploads\/2023\/12\/Evora-vista-do-Hotel-2-min-min-1-1-594x373.jpg"},"travel-muni-pro-wte-tax-thumb":{"file":"Evora-vista-do-Hotel-2-min-min-1-1-594x400.jpg","width":594,"height":400,"filesize":64954,"mime_type":"image\/jpeg","source_url":"https:\/\/tours.com.pt\/wp-content\/uploads\/2023\/12\/Evora-vista-do-Hotel-2-min-min-1-1-594x400.jpg"},"travel-muni-pro-single-trip-banner":{"file":"Evora-vista-do-Hotel-2-min-min-1-1-1920x500.jpg","width":1920,"height":500,"filesize":267770,"mime_type":"image\/jpeg","source_url":"https:\/\/tours.com.pt\/wp-content\/uploads\/2023\/12\/Evora-vista-do-Hotel-2-min-min-1-1-1920x500.jpg"},"full":{"file":"Evora-vista-do-Hotel-2-min-min-1-1-scaled.jpg","width":2048,"height":1152,"source_url":"https:\/\/tours.com.pt\/wp-content\/uploads\/2023\/12\/Evora-vista-do-Hotel-2-min-min-1-1-scaled.jpg"}},"image_meta":{"aperture":"0","credit":"","camera":"","caption":"","created_timestamp":"0","copyright":"","focal_length":"0","iso":"0","shutter_speed":"0","title":"","orientation":"0","keywords":[]},"original_image":"Evora-vista-do-Hotel-2-min-min-1-1.jpg"},"_links":{"self":[{"href":"https:\/\/tours.com.pt\/es\/wp-json\/wp\/v2\/trip\/21414","targetHints":{"allow":["GET"]}}],"collection":[{"href":"https:\/\/tours.com.pt\/es\/wp-json\/wp\/v2\/trip"}],"about":[{"href":"https:\/\/tours.com.pt\/es\/wp-json\/wp\/v2\/types\/trip"}],"author":[{"embeddable":true,"href":"https:\/\/tours.com.pt\/es\/wp-json\/wp\/v2\/users\/2"}],"replies":[{"embeddable":true,"href":"https:\/\/tours.com.pt\/es\/wp-json\/wp\/v2\/comments?post=21414"}],"version-history":[{"count":1,"href":"https:\/\/tours.com.pt\/es\/wp-json\/wp\/v2\/trip\/21414\/revisions"}],"predecessor-version":[{"id":21416,"href":"https:\/\/tours.com.pt\/es\/wp-json\/wp\/v2\/trip\/21414\/revisions\/21416"}],"wp:featuredmedia":[{"embeddable":true,"href":"https:\/\/tours.com.pt\/es\/wp-json\/wp\/v2\/media\/707"}],"wp:attachment":[{"href":"https:\/\/tours.com.pt\/es\/wp-json\/wp\/v2\/media?parent=21414"}],"wp:term":[{"taxonomy":"destination","embeddable":true,"href":"https:\/\/tours.com.pt\/es\/wp-json\/wp\/v2\/destination?post=21414"},{"taxonomy":"activities","embeddable":true,"href":"https:\/\/tours.com.pt\/es\/wp-json\/wp\/v2\/activities?post=21414"},{"taxonomy":"trip_types","embeddable":true,"href":"https:\/\/tours.com.pt\/es\/wp-json\/wp\/v2\/trip_types?post=21414"},{"taxonomy":"difficulty","embeddable":true,"href":"https:\/\/tours.com.pt\/es\/wp-json\/wp\/v2\/difficulty?post=21414"},{"taxonomy":"trip_tag","embeddable":true,"href":"https:\/\/tours.com.pt\/es\/wp-json\/wp\/v2\/trip_tag?post=21414"}],"curies":[{"name":"wp","href":"https:\/\/api.w.org\/{rel}","templated":true}]}}