




{"id":18987,"date":"2025-01-06T11:03:50","date_gmt":"2025-01-06T11:03:50","guid":{"rendered":"https:\/\/tours.com.pt\/trip\/roteiro-12-dias-portugal\/"},"modified":"2026-02-22T17:53:25","modified_gmt":"2026-02-22T17:53:25","slug":"ruta-de-12-dias-en-portugal","status":"publish","type":"trip","link":"https:\/\/tours.com.pt\/es\/trip\/ruta-de-12-dias-en-portugal\/","title":{"rendered":"Ruta de 12 D\u00edas en Portugal: Historia, Cultura y Paisajes"},"content":{"rendered":"\n<p class=\"has-text-align-left\">Ruta de 12 D\u00edas en Portugal, un pa\u00eds lleno de historia, cultura y curiosidades fascinantes. Es la <strong>naci\u00f3n m\u00e1s antigua de Europa<\/strong> con las mismas fronteras desde <strong>1143<\/strong>. El famoso <strong>vino de Oporto<\/strong>, reconocido mundialmente, no se almacena en la ciudad de Oporto, sino en <strong>Vila Nova de Gaia<\/strong>, donde las condiciones para su envejecimiento son ideales. <br><br>La <strong>Librer\u00eda Lello<\/strong>, en Oporto, es considerada una de las m\u00e1s <strong>hermosas del mundo<\/strong> y sirvi\u00f3 de inspiraci\u00f3n para <strong>J.K. Rowling<\/strong> al escribir <em>Harry Potter<\/em>.<\/p>\n\n\n\n<p class=\"has-text-align-center\">No dude en ponerse en&nbsp;<a href=\"https:\/\/tours.com.pt\/es\/contacto\/\" target=\"_blank\" rel=\"noreferrer noopener\"><strong>contacto<\/strong><\/a>&nbsp;con nosotros; estamos disponible para responder a cualquier pregunta sobre nuestra Ruta 10 D\u00edas en Portugal.<\/p>\n\n\n\n<hr class=\"wp-block-separator has-alpha-channel-opacity\"\/>\n\n\n\n<figure class=\"wp-block-image size-full is-resized is-style-default\"><img decoding=\"async\" src=\"data:image\/gif;base64,R0lGODlhAQABAAAAACH5BAEKAAEALAAAAAABAAEAAAICTAEAOw==\" data-layzr=\"https:\/\/tours.com.pt\/wp-content\/uploads\/2024\/04\/avenida-dos-alianos-na-baixa-do-porto-em-portugal.webp\" alt=\"Ruta de 12 D\u00edas en Portugal: Historia, Cultura y Paisajes\" class=\"wp-image-12215\" style=\"width:840px;height:auto\"\/><\/figure>\n\n\n\n<hr class=\"wp-block-separator has-alpha-channel-opacity\"\/>\n\n\n\n<p style=\"font-size:27px;font-style:normal;font-weight:600\"><a href=\"https:\/\/emojiterra.com\/pt\/calendario-espiral\/\">\ud83d\uddd3\ufe0f<\/a>&nbsp;Precios:<\/p>\n\n\n\n<figure class=\"wp-block-table is-style-stripes\" style=\"font-size:19px;font-style:italic;font-weight:600\"><table class=\"has-black-color has-text-color has-background has-link-color has-fixed-layout\" style=\"background:linear-gradient(135deg,rgb(168,168,168) 0%,rgb(254,254,254) 100%)\"><thead><tr><th class=\"has-text-align-center\" data-align=\"center\">N\u00famero de Personas<\/th><th class=\"has-text-align-center\" data-align=\"center\">Precio<\/th><th class=\"has-text-align-center\" data-align=\"center\">Precio Persona<\/th><\/tr><\/thead><tbody><tr><td class=\"has-text-align-center\" data-align=\"center\">1 Persona<\/td><td class=\"has-text-align-center\" data-align=\"center\">3675\u20ac<\/td><td class=\"has-text-align-center\" data-align=\"center\">&#8211;<\/td><\/tr><tr><td class=\"has-text-align-center\" data-align=\"center\">2 Personas<\/td><td class=\"has-text-align-center\" data-align=\"center\"><em>3885<\/em>\u20ac<\/td><td class=\"has-text-align-center\" data-align=\"center\">1942\u20ac por Persona<\/td><\/tr><tr><td class=\"has-text-align-center\" data-align=\"center\">3 Personas<\/td><td class=\"has-text-align-center\" data-align=\"center\">4095\u20ac<\/td><td class=\"has-text-align-center\" data-align=\"center\">1365\u20ac por Persona<\/td><\/tr><tr><td class=\"has-text-align-center\" data-align=\"center\">4 Personas<\/td><td class=\"has-text-align-center\" data-align=\"center\">4410\u20ac<\/td><td class=\"has-text-align-center\" data-align=\"center\">1102\u20ac por Persona<\/td><\/tr><tr><td class=\"has-text-align-center\" data-align=\"center\">5 Personas<\/td><td class=\"has-text-align-center\" data-align=\"center\">4837\u20ac<\/td><td class=\"has-text-align-center\" data-align=\"center\">967\u20ac por Persona<\/td><\/tr><tr><td class=\"has-text-align-center\" data-align=\"center\">6 Personas<\/td><td class=\"has-text-align-center\" data-align=\"center\">5052\u20ac<\/td><td class=\"has-text-align-center\" data-align=\"center\">842\u20ac por Persona<\/td><\/tr><tr><td class=\"has-text-align-center\" data-align=\"center\">7 Personas<\/td><td class=\"has-text-align-center\" data-align=\"center\">5267\u20ac<\/td><td class=\"has-text-align-center\" data-align=\"center\">752\u20ac por Persona<\/td><\/tr><tr><td class=\"has-text-align-center\" data-align=\"center\">8 Personas<\/td><td class=\"has-text-align-center\" data-align=\"center\">5590\u20ac<\/td><td class=\"has-text-align-center\" data-align=\"center\">698\u20ac por Persona<\/td><\/tr><\/tbody><\/table><\/figure>\n\n\n\n<h4 class=\"wp-block-heading has-text-align-center\">Ruta de 12 D\u00edas en Portugal: Historia, Cultura y Paisajes<\/h4>\n\n\n\n<p class=\"has-text-align-left\">Lisboa alberga el Puente Vasco da Gama, el m\u00e1s largo de Europa con 17,2 km. Nazar\u00e9 es famosa por sus olas gigantes, incluyendo el r\u00e9cord mundial de 26,2 metros. El Fado, s\u00edmbolo del alma portuguesa, es Patrimonio Cultural Inmaterial de la Humanidad. En Co\u00edmbra, la Biblioteca Joanina protege libros antiguos con la ayuda de murci\u00e9lagos.<\/p>\n\n\n\n<p>El <strong>itinerario de doce d\u00edas<\/strong> comienza en <strong>Oporto<\/strong>, explorando la <strong>Ribeira, la Torre de los Cl\u00e9rigos y la <a href=\"https:\/\/es.wikipedia.org\/wiki\/Librer%C3%ADa_Lello\" target=\"_blank\" rel=\"noopener\" title=\"\">Librer\u00eda Lello<\/a><\/strong>. Cruzando el <strong>Puente D. Lu\u00eds I<\/strong>, <strong>Vila Nova de Gaia<\/strong> ofrece visitas a las <strong>bodegas de vino de Oporto<\/strong>, con degustaciones y vistas impresionantes del <strong>r\u00edo Duero<\/strong>.<\/p>\n\n\n\n<p>Siguiendo hacia <strong>Braga<\/strong>, el <strong>Santuario del Bom Jesus<\/strong> impresiona con su <strong>monumental escalinata<\/strong> y vistas panor\u00e1micas. En <strong>Guimar\u00e3es<\/strong>, considerada la <strong>cuna de Portugal<\/strong>, se encuentra un <strong>castillo medieval<\/strong> y el <strong>Palacio de los Duques de Braganza<\/strong>.<\/p>\n\n\n\n<p><strong><a href=\"https:\/\/tours.com.pt\/es\/trip-tag\/fatima-3\/\" target=\"_blank\" rel=\"noopener\" title=\"Fatima\">F\u00e1tima<\/a><\/strong>, uno de los <strong>centros de peregrinaci\u00f3n cat\u00f3lica m\u00e1s importantes del mundo<\/strong>, emociona a sus visitantes con su <strong>Santuario dedicado a la Virgen Mar\u00eda<\/strong>. El <strong>Monasterio de Batalha<\/strong>, una joya del <strong>g\u00f3tico manuelino<\/strong>, y los <strong>imponentes acantilados de Nazar\u00e9<\/strong>, famosos por sus gigantescas olas, son paradas obligatorias antes de llegar a <strong>Lisboa<\/strong>.<\/p>\n\n\n\n<p>La capital portuguesa combina <strong>tradici\u00f3n y modernidad<\/strong>, con barrios hist\u00f3ricos como <strong>Alfama, Chiado y Bairro Alto<\/strong>. En <strong>Bel\u00e9m<\/strong>, el <strong>Monasterio de los Jer\u00f3nimos<\/strong>, la <strong>Torre de Bel\u00e9m<\/strong> y los tradicionales <strong>pasteles de nata<\/strong> son experiencias imperdibles. Para un toque contempor\u00e1neo, el <strong>Parque das Na\u00e7\u00f5es<\/strong> ofrece <strong>telef\u00e9rico y arquitectura moderna<\/strong>.<\/p>\n\n\n\n<h4 class=\"wp-block-heading has-text-align-center\">Ruta de 12 D\u00edas en Portugal: Historia, Cultura y Paisajes<\/h4>\n\n\n\n<p><strong>Sintra<\/strong>, con sus <strong>palacios y jardines de ensue\u00f1o<\/strong>, es uno de los destinos m\u00e1s m\u00e1gicos de Portugal. Lugares como el <strong>Palacio da Pena, la Quinta da Regaleira<\/strong> y el <strong>Cabo da Roca<\/strong>, el punto m\u00e1s occidental de Europa, son imprescindibles. <strong>Cascais<\/strong>, con sus <strong>hermosas playas y su elegante puerto deportivo<\/strong>, es perfecta para una tarde relajante junto al mar.<\/p>\n\n\n\n<p>Este itinerario ofrece una <strong>experiencia completa<\/strong>, combinando <strong>historia, cultura, paisajes impresionantes y gastronom\u00eda \u00fanica<\/strong>, haciendo que un viaje a <strong>Portugal sea verdaderamente inolvidable<\/strong>.<\/p>\n","protected":false},"excerpt":{"rendered":"<p>Ruta de 12 D\u00edas en Portugal, un pa\u00eds lleno de historia, cultura y curiosidades fascinantes. Es la naci\u00f3n m\u00e1s antigua de Europa con las mismas fronteras desde 1143. El famoso vino de Oporto, reconocido mundialmente, no se almacena en la ciudad de Oporto, sino en Vila Nova de Gaia, donde las condiciones para su envejecimiento &hellip; <\/p>\n","protected":false},"author":2,"featured_media":18981,"comment_status":"open","ping_status":"closed","template":"","destination":[478,356,364,384,354,362,382,380,378,360,454,462,447,459,368,465,468],"activities":[],"trip_types":[340],"difficulty":[],"trip_tag":[346,523,524,347,388,580,520,581],"class_list":["post-18987","trip","type-trip","status-publish","has-post-thumbnail","hentry","destination-albufeira-es","destination-azeitao-es","destination-braga-es","destination-cascais-es","destination-coimbra-es","destination-douro-es","destination-estoril-es","destination-evora-es","destination-fatima-es","destination-guimaraes-es","destination-lisboa-es","destination-monsaraz-es","destination-porto-es","destination-sagres-es","destination-sintra-es","destination-tavira-es","destination-vilamoura-es","trip_types-empezando-en-porto","trip_tag-algarve-es","trip_tag-coimbra-3-es","trip_tag-fatima-es","trip_tag-lisboa-es","trip_tag-porto-es","trip_tag-sintra-es","trip_tag-tour-privado-es","trip_tag-vale-do-douro-es","latest_post"],"aioseo_notices":[],"packages_ids":[18991],"trip_extras":[],"cut_off_time":{"enabled":true,"duration":2,"duration_unit":"days"},"booked-seats":[],"code":"Ruta de 12 D\u00edas en Portugal","price":0,"has_sale":false,"sale_price":0,"discount_percent":0,"currency":{"code":"EUR","symbol":"&euro;"},"duration":{"days":12,"nights":11,"duration_unit":"days","duration_type":"days"},"min_pax":1,"max_pax":"","discount_value":0,"discount_label":"0% Off","primary_category":596,"available_times":{"type":"default","items":["2021-1-01","2021-2-01","2021-3-01","2021-4-01","2021-5-01","2021-6-01","2021-7-01","2021-8-01","2021-9-01","2021-10-01","2021-11-01","2021-12-01"]},"description":"<p>Descubra curiosidades de Portugal y siga un itinerario de 12 d\u00edas desde Oporto, explorando ciudades hist\u00f3ricas, vinos, cultura y paisajes \u00fanicos.<\/p>","cost_includes":"Conductor\/Gu\u00eda Privado durante el Tour en Portugu\u00e9s, Espa\u00f1ol e Ingl\u00e9s\nRecogida y Devoluci\u00f3n en su Hotel\nTransporte Exclusivo, C\u00f3modo y Moderno\nVisitas guiadas\nAgua Embotellada Incluida\nWi-Fi a Bordo\nSeguro de Accidentes\nServicio de Atenci\u00f3n al Cliente 24\/7","cost_excludes":"Entradas a Monumentos\nComidas (Almuerzos y Cenas)\nVuelos hacia\/desde Portugal\nGastos Personales\nOtros Gastos No Mencionados","itineraries":[{"title":"D\u00eda 1: Oporto","content":"<p><img class=\"size-medium wp-image-15769 alignright\" src=\"https:\/\/tours.com.pt\/wp-content\/uploads\/2024\/10\/Livraria-Lello-Irmao-interior-300x167.jpg\" alt=\"\" width=\"300\" height=\"167\" \/><\/p>\n<p>D\u00eda completamente dedicado a descubrir <strong>Oporto<\/strong>, la <strong>segunda ciudad m\u00e1s grande de Portugal<\/strong>, conocida por su impresionante historia y el mundialmente famoso <strong>Vino de Oporto<\/strong>.<\/p>\n<p>Comenzamos nuestro recorrido en la <strong>Casa da M\u00fasica<\/strong>, un magn\u00edfico anfiteatro de <strong>arquitectura moderna<\/strong>, antes de dirigirnos a <strong>Matosinhos<\/strong>, c\u00e9lebre por su <strong>puerto y deliciosa gastronom\u00eda de mariscos<\/strong>, y luego a la <strong>Foz del Duero<\/strong>, un \u00e1rea residencial de lujo con <strong>hermosas vistas al oc\u00e9ano<\/strong>.<\/p>\n<p>En el <strong>centro de Oporto (Baixa)<\/strong>, paseamos por la <strong>Avenida dos Aliados<\/strong>, una de las avenidas m\u00e1s emblem\u00e1ticas, donde se encuentra el <strong>Ayuntamiento<\/strong> y la estatua de <strong>Dom Pedro I de Brasil<\/strong>, quien amaba tanto Oporto que <strong>dej\u00f3 aqu\u00ed su coraz\u00f3n<\/strong>, preservado en la Iglesia de Lapa.<\/p>\n<p>Luego visitamos la <strong>Estaci\u00f3n de S\u00e3o Bento<\/strong>, famosa por sus <strong>20,000 azulejos pintados por Jorge Cola\u00e7o<\/strong>, que narran la <strong>historia de Portugal y sus tradiciones del Duero y Mi\u00f1o<\/strong>. Caminamos por la <strong>Rua de Santa Catarina<\/strong>, la calle comercial m\u00e1s animada, donde encontramos el hist\u00f3rico <strong>Caf\u00e9 Majestic<\/strong>, un elegante caf\u00e9 de los a\u00f1os 20, punto de encuentro de escritores, artistas e intelectuales.<\/p>\n<p>Nuestra siguiente parada es la <strong>Librer\u00eda Lello<\/strong>, una de las <strong>m\u00e1s bellas del mundo<\/strong>, que <strong>inspir\u00f3 a J.K. Rowling<\/strong> mientras escrib\u00eda Harry Potter. A continuaci\u00f3n, visitamos la <strong>Catedral de Oporto (S\u00e9), el Palacio de la Bolsa y la Iglesia de San Francisco<\/strong>, famosa por su <strong>interior barroco cubierto de oro<\/strong>.<\/p>\n<p>Cruzamos el <strong>Puente de Don Luis I<\/strong> para llegar a <strong>Vila Nova de Gaia<\/strong>, donde visitamos <strong>una bodega tradicional de Vino de Oporto<\/strong>, aprendiendo sobre <strong>el proceso de producci\u00f3n de este ic\u00f3nico vino<\/strong>. Terminamos el d\u00eda en el <strong>Monasterio de la Serra do Pilar<\/strong>, que ofrece una de las <strong>vistas panor\u00e1micas m\u00e1s impresionantes de Oporto y la desembocadura del R\u00edo Duero<\/strong>.<\/p>\n<p>Este recorrido por <strong>Oporto<\/strong> combina <strong>historia, cultura, arquitectura y la aut\u00e9ntica esencia del norte de Portugal<\/strong>, ofreciendo una experiencia inolvidable en la <strong>Ciudad Invicta<\/strong>.<\/p>\n<p><strong><a href=\"https:\/\/tours.com.pt\/es\/sugerencias-de-hoteles-en-oporto\/\" target=\"_blank\" rel=\"noopener\"><img class=\"emoji\" role=\"img\" draggable=\"false\" src=\"https:\/\/s.w.org\/images\/core\/emoji\/15.0.3\/svg\/1f6cc.svg\" alt=\"\ud83d\udecc\" \/> \u2013 Pernocta en Oporto<\/a><\/strong><\/p>"},{"title":"D\u00eda 2: Braga y Guimar\u00e3es","content":"<p><img class=\"size-medium wp-image-15763 alignleft\" src=\"https:\/\/tours.com.pt\/wp-content\/uploads\/2024\/10\/centro-de-guimaraes-vista-noite-300x167.jpg\" alt=\"\" width=\"300\" height=\"167\" \/><\/p>\n<p>Explorar esta regi\u00f3n significa sumergirse en el coraz\u00f3n del <strong>Minho<\/strong>, comenzando por <strong>Guimar\u00e3es<\/strong>, una ciudad declarada <strong>Patrimonio de la Humanidad por la UNESCO desde 2001<\/strong>. En lo alto de su <strong>colina sagrada<\/strong>, una imponente estatua de <strong>D. Afonso Henriques<\/strong>, el primer rey de Portugal, vigila la ciudad y su legado hist\u00f3rico.<\/p>\n<p>Aqu\u00ed descubriremos los secretos del <strong>Castillo de Guimar\u00e3es<\/strong>, vinculado a la fundaci\u00f3n de Portugal, visitaremos la <strong>Iglesia de S\u00e3o Miguel<\/strong>, donde se dice que fue bautizado el rey, y exploraremos el <strong>Palacio de los Duques de Braganza<\/strong>, una magn\u00edfica residencia medieval. Pasear por Guimar\u00e3es es como entrar en un cuento medieval, con plazas encantadoras como <strong>S\u00e3o Tiago, Toural y Oliveira<\/strong>, donde la historia y la tradici\u00f3n se entrelazan. No podemos marcharnos sin probar el delicioso <strong>Pastel de Santa Clara<\/strong>, una especialidad local.<\/p>\n<p>Despu\u00e9s del almuerzo, nos dirigimos a <strong>Braga<\/strong>, una ciudad vibrante que, a pesar de su modernidad, conserva un fuerte legado <strong>romano<\/strong>. La <strong>Catedral de Braga<\/strong>, la m\u00e1s antigua de Portugal, alberga reliquias de gran valor, incluida la <strong>cruz utilizada en la primera misa celebrada en Brasil<\/strong>. En su interior, destacan los <strong>impresionantes \u00f3rganos de tubos, el coro alto y las capillas funerarias<\/strong> de los padres de <strong>D. Afonso Henriques<\/strong>, los primeros monarcas del pa\u00eds.<\/p>\n<p>Uno de los lugares m\u00e1s emblem\u00e1ticos de Braga es el <strong>Santuario de Bom Jesus do Monte<\/strong>, rodeado de frondosos bosques. Construido entre los siglos <strong>XVIII y XIX<\/strong>, combina estilos <strong>Barroco, Rococ\u00f3 y Neocl\u00e1sico<\/strong>, con <strong>capillas de la V\u00eda Sacra<\/strong>, una majestuosa iglesia y una imponente <strong>escalinata adornada con fuentes y estatuas simb\u00f3licas<\/strong>.<\/p>\n<p>Una experiencia \u00fanica es subir al santuario en el <strong>funicular de agua<\/strong>, el <strong>m\u00e1s antiguo del mundo en funcionamiento sin accidentes<\/strong>. Utilizando un sistema de <strong>contrapeso de agua<\/strong>, la cabina superior se llena y desciende por su propio peso, permitiendo que la otra cabina ascienda. Al llegar al fondo, el agua se vac\u00eda y el proceso se repite.<\/p>\n<p>Para finalizar el recorrido, exploramos algunos de los lugares m\u00e1s emblem\u00e1ticos de Braga, como el <strong>Palacio Episcopal y los Jardines de Santa B\u00e1rbara<\/strong>, el <strong>Largo e Iglesia de la Cruz<\/strong>, y la <strong>Plaza de la Rep\u00fablica<\/strong>, donde se siente el vibrante pulso de la ciudad.<\/p>\n<p>Este d\u00eda lleno de <strong>historia, espiritualidad y paisajes impresionantes<\/strong> nos ofrece una <strong>experiencia inolvidable en el coraz\u00f3n del Minho<\/strong>.<\/p>\n<p><strong><a href=\"https:\/\/tours.com.pt\/es\/sugerencias-de-hoteles-en-oporto\/\" target=\"_blank\" rel=\"noopener\"><img class=\"emoji\" role=\"img\" draggable=\"false\" src=\"https:\/\/s.w.org\/images\/core\/emoji\/15.0.3\/svg\/1f6cc.svg\" alt=\"\ud83d\udecc\" \/> \u2013 Pernocta en Oporto<\/a><\/strong><\/p>"},{"title":"D\u00eda 3: Porto \u2013 Amarante \u2013 Vale del Duero","content":"<p><img class=\"size-medium wp-image-15778 alignright\" src=\"https:\/\/tours.com.pt\/wp-content\/uploads\/2024\/10\/rio-douro-vale-do-douro-300x167.jpg\" alt=\"\" width=\"300\" height=\"167\" \/><\/p>\n<p>En el tercer d\u00eda de nuestro itinerario, dejamos <strong>Oporto<\/strong> para embarcarnos en una ruta por el <strong>interior norte de Portugal<\/strong>, explorando la rica tradici\u00f3n vin\u00edcola y paisajes de ensue\u00f1o.<\/p>\n<p>Nuestra primera parada es <strong>Amarante<\/strong>, una encantadora ciudad a orillas del <strong>r\u00edo T\u00e2mega<\/strong>, el mayor afluente del <strong>Duero<\/strong>. Aqu\u00ed visitamos la <strong>Iglesia y Convento de San Gonzalo de Amarante<\/strong>, dedicado al santo casamentero de la regi\u00f3n. Tambi\u00e9n admiramos su <strong>puente del siglo XVIII<\/strong>, un s\u00edmbolo hist\u00f3rico que une las dos orillas de la ciudad.<\/p>\n<p>Continuamos hasta <strong>Vila Real<\/strong>, en la parroquia de <strong>Mateus<\/strong>, donde se encuentra uno de los <strong>palacios barrocos m\u00e1s bellos de Portugal<\/strong>, el <strong>Palacio de Mateus<\/strong>. Este magn\u00edfico edificio es famoso no solo por su arquitectura y jardines de gran belleza, sino tambi\u00e9n por ser la cuna del c\u00e9lebre <strong>vino Mateus Ros\u00e9<\/strong>, un \u00edcono de la viticultura portuguesa.<\/p>\n<p>Nuestro recorrido nos lleva ahora al coraz\u00f3n del <strong>Alto Duero Vinatero<\/strong>, declarado <strong>Patrimonio de la Humanidad por la UNESCO en 2001<\/strong>, donde las <strong>terrazas de vi\u00f1edos<\/strong> crean una vista espectacular. En el <strong>Mirador de Casal de Loivos<\/strong>, disfrutamos de una de las panor\u00e1micas m\u00e1s impresionantes del valle. Luego, visitamos la <strong>Estaci\u00f3n de Tren de Pinh\u00e3o<\/strong>, donde los <strong>24 paneles de azulejos<\/strong> ilustran el duro trabajo de la producci\u00f3n del vino de Oporto, una verdadera representaci\u00f3n del esfuerzo y la tradici\u00f3n vin\u00edcola de la regi\u00f3n.<\/p>\n<p>El momento m\u00e1s esperado del d\u00eda ser\u00e1 la <strong>visita opcional a una bodega<\/strong>, donde descubriremos el proceso completo de producci\u00f3n del <strong>vino de Oporto<\/strong>, desde el <strong>cultivo y poda de la vid, la cosecha, la fermentaci\u00f3n y el envejecimiento<\/strong>. Tras conocer en detalle esta <strong>milagrosa transformaci\u00f3n del fruto en vino<\/strong>, finalizaremos la experiencia con una <strong>degustaci\u00f3n exclusiva<\/strong>, donde podremos apreciar la riqueza y complejidad de estos vinos tan apreciados en el mundo entero.<\/p>\n<p>Este d\u00eda nos sumerge en la tradici\u00f3n vin\u00edcola del Duero, brindando una experiencia inolvidable que combina <strong>historia, paisajes espectaculares y sabores \u00fanicos<\/strong> en el coraz\u00f3n de Portugal.<\/p>\n<p><a href=\"https:\/\/tours.com.pt\/es\/sugerencias-de-hoteles-en-el-valle-del-duero\/\" target=\"_blank\" rel=\"noopener\"><span class=\"s2\"><b><img class=\"emoji\" role=\"img\" draggable=\"false\" src=\"https:\/\/s.w.org\/images\/core\/emoji\/15.0.3\/svg\/1f6cc.svg\" alt=\"\ud83d\udecc\" \/> \u2013 Pernocta en Vale del Duero<\/b><\/span><\/a><\/p>"},{"title":"D\u00eda 4: Valle del Duero \u2013 Lamego \u2013 Viseu \u2013 Coimbra","content":"<p><img class=\"size-medium wp-image-15781 alignleft\" src=\"https:\/\/tours.com.pt\/wp-content\/uploads\/2024\/10\/Viseu-igreja-interior-300x167.jpg\" alt=\"\" width=\"300\" height=\"167\" \/><\/p>\n<p>En el <strong>cuarto d\u00eda<\/strong> de nuestro itinerario, comenzamos explorando <strong>Lamego<\/strong>, una ciudad con una fuerte tradici\u00f3n religiosa y cultural. Nuestra primera parada es el <strong>Santuario de Nuestra Se\u00f1ora de los Remedios<\/strong>, situado en la cima del <strong>Monte de Santo Est\u00eav\u00e3o<\/strong>. Construido en el siglo <strong>XVIII<\/strong>, este santuario es uno de los mejores ejemplos de <strong>arquitectura barroca en Portugal<\/strong>.<\/p>\n<p>Su <strong>escalinata monumental<\/strong>, que conecta el centro de la ciudad con la cumbre del monte, es un verdadero <strong>s\u00edmbolo de devoci\u00f3n a Nuestra Se\u00f1ora de los Remedios<\/strong>. Con sus <strong>686 escalones<\/strong>, decorados con <strong>azulejos, estatuas y fuentes<\/strong>, no solo es una obra maestra arquitect\u00f3nica, sino tambi\u00e9n un camino de fe recorrido por peregrinos desde hace siglos.<\/p>\n<p>Dejamos Lamego y continuamos hacia otra ciudad de gran importancia hist\u00f3rica y cultural: <strong>Viseu<\/strong>. Conocida por su esp\u00edritu portugu\u00e9s y por su patrimonio arquitect\u00f3nico y art\u00edstico, Viseu es una ciudad marcada por su <strong>arte sacro y arquitectura religiosa<\/strong>, visibles en sus <strong>iglesias, el Museo de Arte Sacro y su imponente Catedral<\/strong>.<\/p>\n<p>La <strong>Catedral de Viseu<\/strong>, uno de los edificios m\u00e1s emblem\u00e1ticos de la ciudad, es testigo de la importancia de esta regi\u00f3n como sede episcopal. Ubicada en el <strong>Adro da S\u00e9<\/strong>, uno de los lugares m\u00e1s representativos del casco hist\u00f3rico, la catedral est\u00e1 rodeada por otros <strong>importantes monumentos<\/strong>, como la <strong>Iglesia de la Misericordia, el pelourinho y el Paseo de los Can\u00f3nigos<\/strong>.<\/p>\n<p>Recorrer el centro de Viseu es viajar en el tiempo, donde el <strong>granito oscuro<\/strong>, caracter\u00edstico de la regi\u00f3n, crea un hermoso contraste con las <strong>fachadas blancas de las iglesias y edificios hist\u00f3ricos<\/strong>. Esta atm\u00f3sfera \u00fanica transporta a los visitantes a otra \u00e9poca, convirtiendo la visita a esta ciudad beir\u00e3 en una experiencia inolvidable.<\/p>\n<p><a href=\"https:\/\/tours.com.pt\/es\/sugerencias-de-hoteles-en-coimbra\/\" target=\"_blank\" rel=\"noopener\"><span class=\"s2\"><b><img class=\"emoji\" role=\"img\" draggable=\"false\" src=\"https:\/\/s.w.org\/images\/core\/emoji\/15.0.3\/svg\/1f6cc.svg\" alt=\"\ud83d\udecc\" \/> \u2013 Pernocta en Coimbra<\/b><\/span><\/a><\/p>"},{"title":"D\u00eda 5: Coimbra","content":"<p><img class=\"size-medium wp-image-15760 alignright\" src=\"https:\/\/tours.com.pt\/wp-content\/uploads\/2024\/10\/Biblioteca-Joanina-em-Coimbra-livros-300x167.jpeg\" alt=\"\" width=\"300\" height=\"167\" \/><\/p>\n<p>Hoy dedicamos nuestro d\u00eda a <strong>Coimbra<\/strong>, una ciudad emblem\u00e1tica que fue la <strong>primera capital de Portugal<\/strong> y que alberga una de las <strong>universidades m\u00e1s prestigiosas del mundo<\/strong>. Nuestra visita comienza en el <strong>Pa\u00e7o da Universidade<\/strong>, donde destaca la majestuosa <strong>Biblioteca Joanina<\/strong>, una de las <strong>bibliotecas barrocas m\u00e1s espectaculares de Europa<\/strong>.<\/p>\n<p>Construida entre <strong>1717 y 1728<\/strong>, sobre la antigua c\u00e1rcel del Palacio Real, la biblioteca cuenta con un <strong>techo ornamentado pintado por Ant\u00f3nio Ribeiro y Vicente Nunes<\/strong>, mientras que el retrato de <strong>Dom Jo\u00e3o V<\/strong>, al fondo de la sala, fue realizado por el artista italiano <strong>Domenico Dupra<\/strong>.<\/p>\n<p><strong>IMPORTANTE:<\/strong> Si la visita a la <strong>Biblioteca Joanina<\/strong> es imprescindible para usted, ind\u00edquelo <strong>en el momento de la reserva<\/strong>, ya que las entradas son <strong>numeradas y limitadas<\/strong>. Los boletos deben reservarse con antelaci\u00f3n y tienen un costo adicional de <strong>11,50\u20ac\/persona<\/strong>, que se cobrar\u00e1 al final del recorrido, independientemente de cualquier cancelaci\u00f3n o retraso.<\/p>\n<p>Tras disfrutar de la biblioteca, continuamos explorando la <strong>Universidad de Coimbra<\/strong>, visitando sitios hist\u00f3ricos como la <strong>Capilla de San Miguel<\/strong>, la <strong>Sala dos Capelos<\/strong>, donde se celebran ceremonias solemnes, y la <strong>Torre de la Universidad<\/strong>, conocida como la <strong>\"cabra\"<\/strong>, que ha regulado la vida estudiantil durante siglos.<\/p>\n<p>Descendiendo a la <strong>Baixa de Coimbra<\/strong>, recorremos su <strong>casco hist\u00f3rico<\/strong>, donde la ciudad se divide entre la <strong>\"Alta\"<\/strong>, tradicionalmente habitada por la <strong>nobleza, el clero y los estudiantes<\/strong>, y la <strong>\"Baixa\"<\/strong>, un distrito vibrante repleto de <strong>comercios, artesanos y barrios ribere\u00f1os<\/strong> junto al <strong>r\u00edo Mondego<\/strong>.<\/p>\n<p>Es el momento ideal para <strong>relajarse y disfrutar del encanto de la ciudad<\/strong>, paseando por <strong>callejones estrechos, rincones pintorescos y plazas llenas de historia<\/strong>, donde se encuentran <strong>cafeter\u00edas, pasteler\u00edas y restaurantes<\/strong>. La <strong>Baixa de Coimbra<\/strong>, adem\u00e1s de su gran riqueza cultural, es famosa por su <strong>gastronom\u00eda excepcional<\/strong>, manteni\u00e9ndose como el centro comercial de la ciudad durante siglos.<\/p>\n<p>Algunas recomendaciones incluyen la <strong>Catedral Rom\u00e1nica del siglo XII<\/strong>, el <strong>Arco da Almedina<\/strong> y la <strong>Iglesia de Santa Cruz<\/strong>, donde est\u00e1 enterrado el primer rey de Portugal, <strong>D. Afonso Henriques<\/strong>.<\/p>\n<p>Para los amantes de la buena comida, existe la posibilidad de <strong>almorzar en Mealhada<\/strong>, una localidad famosa por su <strong>cochinillo asado<\/strong>, uno de los platos m\u00e1s apreciados de la gastronom\u00eda portuguesa.<\/p>\n<p>Este d\u00eda en Coimbra nos brinda una <strong>experiencia inolvidable de historia, cultura y tradici\u00f3n portuguesa<\/strong>, convirti\u00e9ndose en un recorrido imprescindible.<\/p>\n<p><a href=\"https:\/\/tours.com.pt\/es\/sugerencias-de-hoteles-en-coimbra\/\" target=\"_blank\" rel=\"noopener\"><span class=\"s2\"><b><img class=\"emoji\" role=\"img\" draggable=\"false\" src=\"https:\/\/s.w.org\/images\/core\/emoji\/15.0.3\/svg\/1f6cc.svg\" alt=\"\ud83d\udecc\" \/> \u2013 Pernocta en Coimbra<\/b><\/span><\/a><\/p>"},{"title":"D\u00eda 6: Coimbra \u2013 F\u00e1tima \u2013 Tomar","content":"<p><img class=\"size-medium wp-image-1840 alignleft\" src=\"https:\/\/tours.com.pt\/wp-content\/uploads\/2024\/02\/fatima-1-300x180.jpg\" alt=\"\" width=\"300\" height=\"180\" \/><\/p>\n<p>Dejamos <strong>Co\u00edmbra<\/strong> y nos dirigimos a <strong>F\u00e1tima<\/strong>, uno de los <strong>santuarios marianos m\u00e1s importantes del mundo<\/strong>. En este lugar de profunda espiritualidad, visitamos las <strong>dos grandes bas\u00edlicas<\/strong>: la <strong>Bas\u00edlica de Nuestra Se\u00f1ora del Rosario<\/strong> y la <strong>Bas\u00edlica de la Sant\u00edsima Trinidad<\/strong>, adem\u00e1s de la <strong>Capilla de las Apariciones<\/strong>, el sitio donde <strong>Nuestra Se\u00f1ora se apareci\u00f3 a los tres pastorcitos<\/strong> en 1917.<\/p>\n<p>La <strong>Capilla de las Apariciones<\/strong> fue la primera construcci\u00f3n erigida despu\u00e9s de las visiones y sigue siendo el <strong>coraz\u00f3n espiritual del santuario<\/strong>, no por su tama\u00f1o, sino por su inmenso significado.<\/p>\n<p>Por un lado, encontramos la <strong>Bas\u00edlica de Nuestra Se\u00f1ora del Rosario<\/strong>, inaugurada en <strong>1928<\/strong>, con su arquitectura <strong>neobarroca<\/strong> y las tumbas de los tres pastorcitos: <strong>Francisco, Jacinta y, m\u00e1s recientemente, Sor Luc\u00eda<\/strong>, fallecida en 2005. En el extremo opuesto, se levanta la grandiosa <strong>Bas\u00edlica de la Sant\u00edsima Trinidad<\/strong>, inaugurada en <strong>2007<\/strong> y dise\u00f1ada por el arquitecto griego <strong>Alexandro Tombazis<\/strong>, con capacidad para <strong>m\u00e1s de 8,000 fieles<\/strong> y un \u00e1rea total de <strong>40,000 m\u00b2<\/strong>.<\/p>\n<p>Despu\u00e9s de esta conmovedora experiencia, viajamos a <strong>Tomar<\/strong>, una ciudad con un rico legado templario y hogar del <strong>Convento de Cristo<\/strong>, un <strong>Patrimonio de la Humanidad por la UNESCO<\/strong>. Este imponente monumento fue la <strong>sede de los Caballeros Templarios en Portugal<\/strong> y combina influencias arquitect\u00f3nicas <strong>medievales y renacentistas<\/strong>.<\/p>\n<p>Dentro del convento, admiramos la c\u00e9lebre <strong>Ventana Manuelina<\/strong>, una de las mejores representaciones del <strong>estilo manuelino portugu\u00e9s<\/strong>. El <strong>Castillo de Tomar<\/strong>, parte del complejo, ofrece <strong>vistas panor\u00e1micas impresionantes<\/strong> de la ciudad.<\/p>\n<p>Explorar el <strong>centro hist\u00f3rico de Tomar<\/strong> es una experiencia \u00fanica, con <strong>calles adoquinadas, plazas vibrantes y la Iglesia de San Juan Bautista<\/strong>. Para quienes visitan en julio, la <strong>Festa dos Tabuleiros<\/strong> convierte la ciudad en un <strong>espect\u00e1culo de color y tradici\u00f3n<\/strong>.<\/p>\n<p>Este d\u00eda es una perfecta combinaci\u00f3n de <strong>fe, historia y cultura<\/strong>, creando una experiencia inolvidable.<\/p>\n<p><a href=\"https:\/\/www.booking.com\/searchresults.es.html?aid=372873&amp;lang=es&amp;sid=c29be4468e13623e363ab322179c272d&amp;sb=1&amp;src=hotel&amp;src_elem=sb&amp;error_url=https%3A%2F%2Fwww.booking.com%2Fhotel%2Fpt%2Friversuites.en-us.html%3Faid%3D372873%26sid%3Dc29be4468e13623e363ab322179c272d%26dest_id%3D-2163275%3Bdest_type%3Dcity%3Bdist%3D0%3Bgroup_adults%3D2%3Broom1%3DA%252CA%3Bsb_price_type%3Dtotal%3Bsrfid%3D8eaf79c2c22db62e3193a99bfe30662daf8d8fd0X9%3Btype%3Dtotal%3Bucfs%3D1%26&amp;highlighted_hotels=447403&amp;hp_sbox=1&amp;ss=Tomar%2C+Centro+%2C+Portugal&amp;is_ski_area=0&amp;ssne=Coimbra&amp;ssne_untouched=Coimbra&amp;checkin_year=&amp;checkin_month=&amp;checkout_year=&amp;checkout_month=&amp;group_adults=2&amp;group_children=0&amp;no_rooms=1&amp;from_sf=1&amp;ss_raw=tomar&amp;ac_position=0&amp;ac_langcode=en&amp;ac_click_type=b&amp;ac_meta=GhA3YjRmNjYwNTBkNDQwYzQzIAAoATICZW46BXRvbWFyQABKAFAA&amp;dest_id=-2177563&amp;dest_type=city&amp;place_id_lat=39.6026&amp;place_id_lon=-8.41187&amp;search_pageview_id=921f5eff14c6028d&amp;search_selected=true&amp;soz=1&amp;lang_changed=1\" target=\"_blank\" rel=\"noopener\"><span class=\"s2\"><b><img class=\"emoji\" role=\"img\" draggable=\"false\" src=\"https:\/\/s.w.org\/images\/core\/emoji\/15.0.3\/svg\/1f6cc.svg\" alt=\"\ud83d\udecc\" \/> \u2013 Pernocta en Tomar<\/b><\/span><\/a><\/p>"},{"title":"D\u00eda 7: Tomar - Marv\u00e3o - \u00c9vora","content":"<p><img class=\"size-medium wp-image-15981 alignleft\" src=\"https:\/\/tours.com.pt\/wp-content\/uploads\/2024\/10\/MARVAO-300x169.jpg\" alt=\"\" width=\"300\" height=\"169\" \/><\/p>\n<p>Hoy dejamos <strong>Tomar<\/strong> y nos dirigimos a <strong>Marv\u00e3o<\/strong>, una villa medieval en la cima de una colina, que parece sacada de un cuento de hadas. Con sus <strong>paisajes impresionantes y su rica historia<\/strong>, Marv\u00e3o ofrece vistas panor\u00e1micas desde sus <strong>800 metros de altitud<\/strong>. Su ubicaci\u00f3n estrat\u00e9gica permit\u00eda el control del <strong>R\u00edo Sever<\/strong>, convirti\u00e9ndola en una regi\u00f3n altamente disputada entre civilizaciones del norte y del sur.<\/p>\n<p>Marv\u00e3o alberga una de las <strong>fortalezas m\u00e1s importantes de la historia de Portugal<\/strong>, el <strong>Castillo de Marv\u00e3o<\/strong>, clave en la <strong>conquista de Alc\u00e1cer do Sal a los moros<\/strong> por <strong>D. Afonso Henriques en 1158<\/strong>. Entre sus principales monumentos destacan el <strong>Convento de Nossa Senhora da Estrela<\/strong>, las <strong>ruinas romanas de Ammaia de Lusitania<\/strong> y el <strong>puente rom\u00e1nico medieval<\/strong>. Este lugar refleja la historia peninsular en una inmensidad paisaj\u00edstica que desdibuja la frontera entre <strong>Portugal y Espa\u00f1a<\/strong>.<\/p>\n<p>Continuamos hacia <strong>\u00c9vora<\/strong>, ciudad que alberg\u00f3 a monarcas portugueses y fue un importante centro art\u00edstico. Durante la <strong>Era de los Descubrimientos<\/strong>, \u00c9vora prosper\u00f3, reflej\u00e1ndose en la construcci\u00f3n de <strong>palacios aristocr\u00e1ticos<\/strong> y en la fundaci\u00f3n de la <strong>Universidad Jesuita<\/strong>.<\/p>\n<p>Uno de sus puntos m\u00e1s fascinantes es la <strong>Iglesia de San Francisco<\/strong>, que alberga la <strong>Capilla de los Huesos<\/strong>, recubierta con los <strong>cr\u00e1neos y huesos de 500 monjes<\/strong>. En su entrada se lee la frase: <strong>\"Nosotros, los huesos que aqu\u00ed estamos, por los vuestros esperamos.\"<\/strong><\/p>\n<p>Opcionalmente, podemos visitar una <strong>F\u00e1brica de Corcho<\/strong>, donde aprenderemos sobre la producci\u00f3n de este material sostenible, clave en la <strong>industria del vino, decoraci\u00f3n y deportes<\/strong>.<\/p>\n<p>Desde paisajes medievales hasta innovaciones ecol\u00f3gicas, este d\u00eda nos ofrece una visi\u00f3n \u00fanica de la historia y cultura de Portugal.<\/p>\n<p><a href=\"https:\/\/tours.com.pt\/es\/sugerencias-de-hoteles-en-evora\/\" target=\"_blank\" rel=\"noopener\"><span class=\"s2\"><b><img class=\"emoji\" role=\"img\" draggable=\"false\" src=\"https:\/\/s.w.org\/images\/core\/emoji\/15.0.3\/svg\/1f6cc.svg\" alt=\"\ud83d\udecc\" \/> \u2013 Pernocta en \u00c9vora<\/b><\/span><\/a><\/p>"},{"title":"D\u00eda 8: \u00c9vora - Monsaraz - Algarve","content":"<p>Hoy ser\u00e1 el d\u00eda para viajar hacia el <strong>sur de Portugal<\/strong>, atravesando <strong>hermosos paisajes verdes y<img class=\"size-medium wp-image-15900 alignright\" src=\"https:\/\/tours.com.pt\/wp-content\/uploads\/2024\/10\/vila-monsaraz-interior-300x167.jpg\" alt=\"\" width=\"300\" height=\"167\" \/> bosques mediterr\u00e1neos<\/strong>, donde destacan los <strong>olivos y alcornoques<\/strong>, dos de los recursos naturales m\u00e1s valiosos de la regi\u00f3n. Antes de llegar a nuestro destino final, visitaremos <strong>Monsaraz<\/strong>, una de las <strong>aldeas medievales mejor conservadas y m\u00e1s pintorescas<\/strong> de Portugal.<\/p>\n<p>Pasear por sus <strong>estrechas calles de piedra<\/strong>, rodeadas de <strong>casas encaladas de blanco<\/strong>, nos transporta a la \u00e9poca medieval, evocando tiempos de caballeros y castillos. Desde sus <strong>murallas<\/strong>, se pueden admirar vistas impresionantes de las <strong>inmensas llanuras doradas del Alentejo<\/strong> y el <strong>Embalse de Alqueva<\/strong>, el lago artificial m\u00e1s grande de Europa Occidental, que sirve de frontera natural entre <strong>Portugal y Espa\u00f1a<\/strong>.<\/p>\n<p>El <strong>Alentejo<\/strong> es una regi\u00f3n famosa no solo por sus paisajes, sino tambi\u00e9n por su <strong>gastronom\u00eda tradicional y vinos de alta calidad<\/strong>. Una parada en una <strong>bodega local<\/strong> nos permitir\u00e1 descubrir m\u00e1s sobre la <strong>tradici\u00f3n vin\u00edcola<\/strong> de esta tierra, con la opci\u00f3n de realizar una <strong>cata de vinos<\/strong> y degustar algunos de los mejores tintos y blancos de Portugal.<\/p>\n<p>Tras esta experiencia cultural y gastron\u00f3mica, continuaremos nuestro recorrido hacia el <strong>Algarve<\/strong>, donde recomendamos pasar la noche en <strong>Albufeira<\/strong>, una ciudad costera con un ambiente vibrante, playas espectaculares y una excelente oferta gastron\u00f3mica. Ser\u00e1 el lugar perfecto para relajarse y prepararse para las pr\u00f3ximas aventuras en nuestro <strong>Tour Privado de Doce D\u00edas en Portugal desde Oporto<\/strong>.<\/p>\n<p><a href=\"https:\/\/tours.com.pt\/es\/sugerencias-de-hoteles-en-albufeira\/\" target=\"_blank\" rel=\"noopener\"><span class=\"s2\"><b><img class=\"emoji\" role=\"img\" draggable=\"false\" src=\"https:\/\/s.w.org\/images\/core\/emoji\/15.0.3\/svg\/1f6cc.svg\" alt=\"\ud83d\udecc\" \/> \u2013 Pernocta en Albufeira<\/b><\/span><\/a><\/p>"},{"title":"D\u00eda 9: Algarve","content":"<p><img class=\"size-medium wp-image-15868 alignleft\" src=\"https:\/\/tours.com.pt\/wp-content\/uploads\/2024\/10\/Algarve-vista-1-300x200.jpg\" alt=\"\" width=\"300\" height=\"200\" \/><\/p>\n<p>Hoy visitaremos algunas de las <strong>ciudades m\u00e1s importantes del Algarve<\/strong>, comenzando por <strong>Tavira<\/strong>, una encantadora localidad que refleja influencias <strong>\u00e1rabes, medievales y renacentistas<\/strong>. Aqu\u00ed exploraremos el <strong>Ayuntamiento y el N\u00facleo Museol\u00f3gico Isl\u00e1mico<\/strong>, que alberga una <strong>colecci\u00f3n arqueol\u00f3gica del per\u00edodo isl\u00e1mico<\/strong>. Tambi\u00e9n visitaremos la <strong>Iglesia de la Misericordia<\/strong>, construida entre 1541 y 1551, considerada <strong>la mejor expresi\u00f3n del Renacimiento en el Algarve<\/strong>.<\/p>\n<p>Continuamos hacia <strong>Faro<\/strong>, la capital del Algarve, una ciudad que destaca por su <strong>gran riqueza patrimonial<\/strong>. Rodeada de <strong>antiguas murallas<\/strong>, Faro ha experimentado per\u00edodos de <strong>prosperidad y destrucci\u00f3n<\/strong>, siendo severamente afectada por el <strong>terremoto de 1755<\/strong>.<\/p>\n<p>Nuestra siguiente parada es <strong>Lagos<\/strong>, una ciudad con una historia dif\u00edcil. Aqu\u00ed visitaremos el <strong>mercado de esclavos<\/strong>, uno de los primeros de Europa, recordando un cap\u00edtulo oscuro de la historia portuguesa. A pesar de su pasado, Lagos es hoy un destino vibrante, famoso por su <strong>gastronom\u00eda y excelente marisco fresco<\/strong>. Si el clima lo permite, realizaremos un <strong>paseo en barco a las impresionantes cuevas de Ponta da Piedade<\/strong>, donde podremos admirar <strong>formaciones rocosas imponentes y aguas cristalinas<\/strong>.<\/p>\n<p>El d\u00eda concluir\u00e1 con una visita a la <strong>Fortaleza de Sagres<\/strong>, tambi\u00e9n conocida como <strong>Promontorium Sacrum<\/strong>, construida por orden del <strong>Infante Enrique el Navegante<\/strong>, el gran visionario de la <strong>Era de los Descubrimientos<\/strong>. Dentro de la fortaleza, encontraremos <strong>ca\u00f1ones, una torre del siglo XVI y la Iglesia de Nuestra Se\u00f1ora de Gracia<\/strong>. Uno de los elementos m\u00e1s llamativos es la <strong>Rosa de los Vientos<\/strong>, un <strong>gran reloj de sol<\/strong>, que algunos creen que data de la \u00e9poca del Infante y de su legendaria <strong>Escuela N\u00e1utica de Sagres<\/strong>, considerada la primera del mundo.<\/p>\n<p>Este d\u00eda en el <strong>Algarve<\/strong> nos llevar\u00e1 a trav\u00e9s del tiempo, descubriendo la <strong>herencia isl\u00e1mica, la historia mar\u00edtima y los impresionantes paisajes costeros<\/strong> de la regi\u00f3n.<\/p>\n<p>.<\/p>\n<p><a href=\"https:\/\/tours.com.pt\/es\/sugerencias-de-hoteles-en-albufeira\/\" target=\"_blank\" rel=\"noopener\"><span class=\"s2\"><b><img class=\"emoji\" role=\"img\" draggable=\"false\" src=\"https:\/\/s.w.org\/images\/core\/emoji\/15.0.3\/svg\/1f6cc.svg\" alt=\"\ud83d\udecc\" \/> \u2013 Pernocta en Albufeira<\/b><\/span><\/a><\/p>"},{"title":"D\u00eda 10: Algarve - Set\u00fabal - Azeit\u00e3o - Lisboa","content":"<p>Dejamos atr\u00e1s el <strong>Algarve<\/strong> y nos dirigimos hacia <strong>Lisboa<\/strong>, atravesando algunos de los paisajes m\u00e1s<img class=\"size-medium wp-image-1414 alignright\" src=\"https:\/\/tours.com.pt\/wp-content\/uploads\/2024\/02\/Azeitao_29-960x560-1-300x175.jpg\" alt=\"\" width=\"300\" height=\"175\" \/> impresionantes de Portugal. Nuestra primera parada es el <strong>Parque Natural del Suroeste Alentejano y Costa Vicentina<\/strong>, un tramo de costa <strong>pr\u00edstina y bien conservada<\/strong>, que se extiende a lo largo de <strong>m\u00e1s de 100 kil\u00f3metros<\/strong> desde <strong>Porto Covo<\/strong>, en la regi\u00f3n del <strong>Alentejo<\/strong>. Este para\u00edso natural ofrece <strong>acantilados escarpados, playas escondidas y vistas espectaculares del Atl\u00e1ntico<\/strong>, siendo una despedida perfecta del litoral antes de adentrarnos en el interior.<\/p>\n<p>Nuestra siguiente parada es el <strong>Parque Natural de la Arr\u00e1bida<\/strong>, donde los <strong>acantilados blancos de piedra caliza<\/strong>, el <strong>azul profundo del mar<\/strong> y el <strong>verde exuberante de la vegetaci\u00f3n<\/strong> crean un paisaje \u00fanico, que cambia con las <strong>estaciones del a\u00f1o<\/strong>. Aqu\u00ed encontramos algunas de las <strong>playas m\u00e1s hermosas de Portugal<\/strong>, como <strong>Figueirinha, Portinho da Arr\u00e1bida, Galapos y Galapinhos<\/strong>, elegida <strong>Mejor Playa de Europa en 2017<\/strong>.<\/p>\n<p>En <strong>Azeit\u00e3o<\/strong>, visitamos una <strong>f\u00e1brica de azulejos tradicionales<\/strong>, donde podemos admirar azulejos <strong>europeos, isl\u00e1micos y chinos<\/strong> de los siglos XV y XVI. En <strong>Set\u00fabal<\/strong>, el mar define la vida, con un puerto vibrante lleno de <strong>barcos de colores y pescadores resilientes<\/strong>.<\/p>\n<p>Finalmente, llegamos a Lisboa, llevando con nosotros la esencia de la costa, el Alentejo y el alma de Portugal.<\/p>\n<p><a href=\"https:\/\/tours.com.pt\/es\/sugerencias-de-hoteles-en-lisboa\/\" target=\"_blank\" rel=\"noopener\"><span class=\"s2\"><b><img class=\"emoji\" role=\"img\" draggable=\"false\" src=\"https:\/\/s.w.org\/images\/core\/emoji\/15.0.3\/svg\/1f6cc.svg\" alt=\"\ud83d\udecc\" \/> \u2013 Pernocta en Lisboa<\/b><\/span><\/a><\/p>"},{"title":"D\u00eda 11: Lisboa","content":"<p><img class=\"size-medium wp-image-786 alignleft\" src=\"https:\/\/tours.com.pt\/wp-content\/uploads\/2023\/12\/Bairros-de-Lisboa-Alfama-o-mais-tradicional-e-pitoresco-da-capital-@vleandro-24-scaled-1-300x225.jpg\" alt=\"\" width=\"300\" height=\"225\" \/><\/p>\n<p>Hoy nos dedicamos completamente a conocer <strong>Lisboa<\/strong>, una ciudad que fue casi totalmente destruida por el <strong>terremoto de 1755<\/strong>, el m\u00e1s fuerte registrado en Europa. Tras la cat\u00e1strofe, se dise\u00f1\u00f3 una nueva ciudad con <strong>las primeras construcciones antis\u00edsmicas<\/strong>, organizadas en un <strong>sistema de calles rectas y perpendiculares<\/strong> con <strong>Rua Augusta como eje central<\/strong>. Estas calles fueron nombradas en honor a los oficios de la \u00e9poca, destacando <strong>zapateros, orfebres y talabarteros<\/strong>.<\/p>\n<p>La <strong>Baixa de Lisboa<\/strong> es un reflejo de la <strong>capacidad de superaci\u00f3n de sus habitantes<\/strong>. Sus edificios monumentales simbolizan una <strong>nueva organizaci\u00f3n social<\/strong>, donde la <strong>clase mercantil y financiera<\/strong> gana protagonismo. Para comprobar la resistencia de estos edificios ante futuros terremotos, tropas militares <strong>marcharon dentro de ellos<\/strong>, en uno de los primeros ensayos de resistencia s\u00edsmica de la historia.<\/p>\n<p>En <strong>Bel\u00e9m<\/strong>, descubrimos el alma de los <strong>Descubrimientos Portugueses<\/strong>, con <strong>monumentos declarados Patrimonio Mundial por la UNESCO<\/strong>, que conmemoran la era de exploraci\u00f3n mar\u00edtima de Portugal. El <strong>Monasterio de los Jer\u00f3nimos<\/strong> y la <strong>Torre de Bel\u00e9m<\/strong>, ejemplos perfectos de la <strong>arquitectura manuelina<\/strong>, representan la grandeza de esta \u00e9poca. M\u00e1s moderno pero igualmente impresionante, el <strong>Monumento a los Descubrimientos<\/strong> y la <strong>Plaza del Imperio<\/strong> completan esta oda al glorioso pasado portugu\u00e9s.<\/p>\n<p>Todo esto se encuentra en un entorno privilegiado a orillas del <strong>r\u00edo Tajo<\/strong>, rodeado de <strong>espacios verdes, marinas, clubes de vela<\/strong> y una <strong>ciclov\u00eda panor\u00e1mica<\/strong>, donde la <strong>brisa marina se combina con la belleza del paisaje<\/strong>. Ninguna visita a Bel\u00e9m est\u00e1 completa sin probar los famosos <strong>Past\u00e9is de Bel\u00e9m<\/strong>, un secreto culinario transmitido de generaci\u00f3n en generaci\u00f3n que sigue cautivando a todo aquel que los prueba.<\/p>\n<p><a href=\"https:\/\/tours.com.pt\/es\/sugerencias-de-hoteles-en-lisboa\/\" target=\"_blank\" rel=\"noopener\"><span class=\"s2\"><b><img class=\"emoji\" role=\"img\" draggable=\"false\" src=\"https:\/\/s.w.org\/images\/core\/emoji\/15.0.3\/svg\/1f6cc.svg\" alt=\"\ud83d\udecc\" \/> \u2013 Pernocta en Lisboa<\/b><\/span><\/a><\/p>"},{"title":"D\u00eda 12: Sintra, Cascais e Estoril","content":"<p><img class=\"size-medium wp-image-1684\" src=\"https:\/\/tours.com.pt\/wp-content\/uploads\/2024\/02\/Palacio-da-Pena-300x202.jpg\" alt=\"\" width=\"300\" height=\"202\" \/><\/p>\n<p>Sintra, el <strong>para\u00edso de la aristocracia portuguesa<\/strong>, nos invita a <strong>recorrer sus callejuelas, descubrir tiendas de productos regionales y degustar sus dulces tradicionales<\/strong>. No podemos dejar de visitar la famosa <strong>Piriquita<\/strong>, donde nos esperan las deliciosas <strong>Queijadas de Sintra y Travesseiros<\/strong>.<\/p>\n<p>La <strong>elecci\u00f3n del palacio a visitar<\/strong> queda en manos del viajero, con recomendaciones del gu\u00eda seg\u00fan sus intereses. Entre las opciones se encuentra la <strong>Quinta da Regaleira<\/strong>, un <strong>palacio del siglo XIX<\/strong> rodeado de <strong>simbolismo mas\u00f3nico y jardines misteriosos<\/strong>, cuya arquitectura evoca los estilos <strong>g\u00f3tico y manuelino<\/strong>. Tambi\u00e9n podemos visitar el <strong>Castillo de los Moros<\/strong>, un testimonio de la <strong>presencia isl\u00e1mica en la regi\u00f3n<\/strong>, construido entre los siglos <strong>VIII y IX<\/strong>, y ampliado tras la <strong>Reconquista Cristiana<\/strong>. Para los amantes del romanticismo, el <strong>Palacio da Pena<\/strong> es la mejor opci\u00f3n, un verdadero <strong>castillo de cuento de hadas<\/strong>, s\u00edmbolo del <strong>romanticismo del siglo XIX<\/strong>, dise\u00f1ado por la imaginaci\u00f3n de <strong>D. Fernando de Sajonia-Coburgo-Gotha<\/strong>, esposo de <strong>D. Mar\u00eda II<\/strong>, quien transform\u00f3 este antiguo monasterio en un palacio extravagante.<\/p>\n<p>Desde Sintra, seguimos hacia el <strong>Cabo da Roca<\/strong>, descrito por <strong>Cam\u00f5es en \"Os Lus\u00edadas\"<\/strong> como <strong>\"donde la tierra termina y el mar comienza\"<\/strong>. Este imponente <strong>acantilado<\/strong>, el punto m\u00e1s occidental de Europa continental, es conocido como <strong>\"El Hocico de la Roca\"<\/strong> o, de manera m\u00e1s po\u00e9tica, como <strong>\"El Promontorio de la Luna\"<\/strong>. Ubicado en el <strong>Parque Natural de Sintra-Cascais<\/strong>, es el punto de partida ideal para rutas ecol\u00f3gicas por la <strong>Sierra de Sintra<\/strong>.<\/p>\n<p>A continuaci\u00f3n, visitamos <strong>Cascais<\/strong>, una antigua <strong>villa pesquera<\/strong> convertida en un <strong>exclusivo destino de playa y turismo<\/strong>, con calles encantadoras y un animado puerto deportivo. Justo al lado, encontramos <strong>Estoril<\/strong>, famoso por su <strong>casino, el m\u00e1s grande de Europa<\/strong>, y su historia vinculada al espionaje\u2014<strong>Ian Fleming escribi\u00f3 aqu\u00ed la primera novela de James Bond, \"Casino Royale\"<\/strong>, inspirado en la atm\u00f3sfera secreta de la <strong>Segunda Guerra Mundial<\/strong>.<\/p>\n<p>El regreso a Lisboa se realiza por la <strong>Carretera Marginal<\/strong>, una ruta costera con impresionantes vistas al Atl\u00e1ntico, cerrando as\u00ed un d\u00eda lleno de <strong>historia, misterio y belleza natural<\/strong>.<\/p>\n<p><a href=\"https:\/\/tours.com.pt\/sugestoes-de-hoteis-lisboa\/\" target=\"_blank\" rel=\"noopener\"><span class=\"s2\"><b><a href=\"https:\/\/tours.com.pt\/es\/sugerencias-de-hoteles-en-lisboa\/\" target=\"_blank\" rel=\"noopener\"><img class=\"emoji\" role=\"img\" draggable=\"false\" src=\"https:\/\/s.w.org\/images\/core\/emoji\/15.0.3\/svg\/1f6cc.svg\" alt=\"\ud83d\udecc\" \/> \u2013 Pernocta en Lisboa<\/a><\/b><\/span><\/a><\/p>"}],"faqs":[{"title":" \u00bfPuedo personalizar el itinerario?","content":"<p>\u00a1S\u00ed! Al ser un <strong>tour privado<\/strong>, podemos <strong>ajustar el itinerario<\/strong> seg\u00fan sus intereses. Por favor, consulte con nosotros cualquier cambio con antelaci\u00f3n.<\/p>"},{"title":" \u00bfEs un tour privado?","content":"<p>S\u00ed, este es un <strong>tour privado<\/strong>, lo que significa que solo participar\u00e1 su grupo, asegurando una experiencia personalizada.<\/p>"},{"title":"\u00bfTengo que pagar por adelantado?","content":"<div class=\"faq-content show\">\n<p>El pago se realizar\u00e1 de la siguiente manera: 20% al reservar y el saldo restante el d\u00eda del tour. Para los tours de varios d\u00edas, el saldo restante se pagar\u00e1 al final del primer d\u00eda.<\/p>\n<\/div>"},{"title":"\u00bfC\u00f3mo puedo reservar un tour?","content":"<div class=\"faq-content show\">\n<p class=\"p1\">\u00a1Reservar es muy sencillo! Solo tiene que elegir el tour deseado en nuestro sitio web, enviarnos un mensaje por WhatsApp o completar el formulario de reserva con sus datos y la fecha que prefiera. Luego, nos pondremos en contacto para confirmar la disponibilidad y finalizar su reserva.<\/p>\n<\/div>"},{"title":"\u00bfQu\u00e9 es \"Reserva Ahora, Paga Despu\u00e9s\"?","content":"<div class=\"faq-content show\">\n<p class=\"p1\">Con esta opci\u00f3n, puede asegurar su lugar en el tour sin necesidad de realizar el pago inmediato. Su reserva quedar\u00e1 confirmada y el pago podr\u00e1 realizarse m\u00e1s adelante, ofreci\u00e9ndole total flexibilidad. \u00a1Es la manera ideal de planificar sin preocupaciones!<\/p>\n<\/div>"},{"title":"\u00bfC\u00f3mo funciona la pol\u00edtica de cancelaci\u00f3n del tour?","content":"<div class=\"faq-content show\">\n<p class=\"p1\">Las reservas pueden cancelarse sin coste hasta 4 d\u00edas antes de la fecha del tour. Para cancelaciones realizadas con menos de 4 d\u00edas de antelaci\u00f3n, se aplicar\u00e1n nuestras pol\u00edticas de cancelaci\u00f3n, que pueden variar seg\u00fan el servicio. Por favor, consulte nuestros T\u00e9rminos y Condiciones para m\u00e1s detalles.<\/p>\n<\/div>"},{"title":"\u00bfRecibo un reembolso en caso de cancelaci\u00f3n?","content":"<div class=\"faq-content show\">\n<p class=\"p1\">S\u00ed, si cancela dentro del plazo establecido, tiene derecho a un reembolso total. Las cancelaciones realizadas con menos de 4 d\u00edas de antelaci\u00f3n est\u00e1n sujetas a nuestras pol\u00edticas de cancelaci\u00f3n, que pueden variar seg\u00fan el servicio. Consulte nuestros T\u00e9rminos y Condiciones para obtener m\u00e1s informaci\u00f3n.<\/p>\n<\/div>"},{"title":"\u00bfLas entradas a los monumentos est\u00e1n incluidas?","content":"<p>No, las <strong>entradas no est\u00e1n incluidas<\/strong> y deben comprarse por separado en cada sitio. Si desea visitar lugares espec\u00edficos, recomendamos reservar los boletos con antelaci\u00f3n.<\/p>"},{"title":"\u00bfIncluye recogida y regreso al hotel?","content":"<p>S\u00ed, la <strong>recogida y regreso al hotel<\/strong> est\u00e1n incluidas en Lisboa u otros lugares previamente acordados.<\/p>"},{"title":"\u00bfEl almuerzo est\u00e1 incluido?","content":"<p>No, las comidas <strong>no est\u00e1n incluidas<\/strong>, pero proporcionaremos recomendaciones de restaurantes locales aut\u00e9nticos.<\/p>"},{"title":"\u00bfCu\u00e1l es la pol\u00edtica de cancelaci\u00f3n?","content":"<p>Cancelaci\u00f3n gratuita hasta 96<strong>\u00a0horas antes del tour<\/strong>. Las cancelaciones de \u00faltima hora pueden tener cargos adicionales.<\/p>"},{"title":"\u00bfEs adecuado para ni\u00f1os o personas con movilidad reducida?","content":"<p>Recomendamos <strong>zapatos c\u00f3modos<\/strong>, ya que habr\u00e1 caminatas en superficies irregulares. Se sugiere vestir con modestia para visitar sitios religiosos.<\/p>"}],"is_featured":false,"trip_reviews":{"reviews":[],"average":0,"count":0},"featured_image":{"width":993,"height":662,"file":"2025\/01\/Porto.jpg","filesize":154570,"sizes":{"medium":{"file":"Porto-300x200.jpg","width":300,"height":200,"filesize":24818,"mime_type":"image\/jpeg","source_url":"https:\/\/tours.com.pt\/wp-content\/uploads\/2025\/01\/Porto-300x200.jpg"},"thumbnail":{"file":"Porto-150x150.jpg","width":150,"height":150,"filesize":10113,"mime_type":"image\/jpeg","source_url":"https:\/\/tours.com.pt\/wp-content\/uploads\/2025\/01\/Porto-150x150.jpg"},"medium_large":{"file":"Porto-768x512.jpg","width":768,"height":512,"filesize":133762,"mime_type":"image\/jpeg","source_url":"https:\/\/tours.com.pt\/wp-content\/uploads\/2025\/01\/Porto-768x512.jpg"},"trip-thumb-size":{"file":"Porto-376x212.jpg","width":376,"height":212,"filesize":35012,"mime_type":"image\/jpeg","source_url":"https:\/\/tours.com.pt\/wp-content\/uploads\/2025\/01\/Porto-376x212.jpg"},"destination-thumb-size":{"file":"Porto-600x662.jpg","width":600,"height":662,"filesize":143158,"mime_type":"image\/jpeg","source_url":"https:\/\/tours.com.pt\/wp-content\/uploads\/2025\/01\/Porto-600x662.jpg"},"destination-thumb-trip-size":{"file":"Porto-410x250.jpg","width":410,"height":250,"filesize":42719,"mime_type":"image\/jpeg","source_url":"https:\/\/tours.com.pt\/wp-content\/uploads\/2025\/01\/Porto-410x250.jpg"},"activities-thumb-size":{"file":"Porto-600x662.jpg","width":600,"height":662,"filesize":143158,"mime_type":"image\/jpeg","source_url":"https:\/\/tours.com.pt\/wp-content\/uploads\/2025\/01\/Porto-600x662.jpg"},"trip-single-size":{"file":"Porto-990x490.jpg","width":990,"height":490,"filesize":180927,"mime_type":"image\/jpeg","source_url":"https:\/\/tours.com.pt\/wp-content\/uploads\/2025\/01\/Porto-990x490.jpg"},"travel-muni-pro-slider":{"file":"Porto-993x600.jpg","width":993,"height":600,"filesize":206355,"mime_type":"image\/jpeg","source_url":"https:\/\/tours.com.pt\/wp-content\/uploads\/2025\/01\/Porto-993x600.jpg"},"travel-muni-pro-header-image-3":{"file":"Porto-960x650.jpg","width":960,"height":650,"filesize":196636,"mime_type":"image\/jpeg","source_url":"https:\/\/tours.com.pt\/wp-content\/uploads\/2025\/01\/Porto-960x650.jpg"},"travel-muni-pro-header-bg-img":{"file":"Porto-525x350.jpg","width":525,"height":350,"filesize":69162,"mime_type":"image\/jpeg","source_url":"https:\/\/tours.com.pt\/wp-content\/uploads\/2025\/01\/Porto-525x350.jpg"},"travel-muni-pro-schema":{"file":"Porto-90x60.jpg","width":90,"height":60,"filesize":2939,"mime_type":"image\/jpeg","source_url":"https:\/\/tours.com.pt\/wp-content\/uploads\/2025\/01\/Porto-90x60.jpg"},"travel-muni-pro-middle-square-thumb":{"file":"Porto-600x600.jpg","width":600,"height":600,"filesize":119676,"mime_type":"image\/jpeg","source_url":"https:\/\/tours.com.pt\/wp-content\/uploads\/2025\/01\/Porto-600x600.jpg"},"activity-thumb-size":{"file":"Porto-640x360.jpg","width":640,"height":360,"filesize":90880,"mime_type":"image\/jpeg","source_url":"https:\/\/tours.com.pt\/wp-content\/uploads\/2025\/01\/Porto-640x360.jpg"},"travel-muni-pro-full-blog":{"file":"Porto-610x343.jpg","width":610,"height":343,"filesize":84219,"mime_type":"image\/jpeg","source_url":"https:\/\/tours.com.pt\/wp-content\/uploads\/2025\/01\/Porto-610x343.jpg"},"travel-muni-pro-404":{"file":"Porto-800x534.jpg","width":800,"height":534,"filesize":144176,"mime_type":"image\/jpeg","source_url":"https:\/\/tours.com.pt\/wp-content\/uploads\/2025\/01\/Porto-800x534.jpg"},"megamenu-thumb-size":{"file":"Porto-594x373.jpg","width":594,"height":373,"filesize":83904,"mime_type":"image\/jpeg","source_url":"https:\/\/tours.com.pt\/wp-content\/uploads\/2025\/01\/Porto-594x373.jpg"},"travel-muni-pro-wte-tax-thumb":{"file":"Porto-594x400.jpg","width":594,"height":400,"filesize":86828,"mime_type":"image\/jpeg","source_url":"https:\/\/tours.com.pt\/wp-content\/uploads\/2025\/01\/Porto-594x400.jpg"},"travel-muni-pro-single-trip-banner":{"file":"Porto-993x500.jpg","width":993,"height":500,"filesize":193099,"mime_type":"image\/jpeg","source_url":"https:\/\/tours.com.pt\/wp-content\/uploads\/2025\/01\/Porto-993x500.jpg"},"cmplz_banner_image":{"file":"Porto-350x100.jpg","width":350,"height":100,"filesize":19047,"mime_type":"image\/jpeg","source_url":"https:\/\/tours.com.pt\/wp-content\/uploads\/2025\/01\/Porto-350x100.jpg"},"full":{"file":"Porto.jpg","width":993,"height":662,"source_url":"https:\/\/tours.com.pt\/wp-content\/uploads\/2025\/01\/Porto.jpg"}},"image_meta":{"aperture":"0","credit":"","camera":"","caption":"","created_timestamp":"0","copyright":"","focal_length":"0","iso":"0","shutter_speed":"0","title":"","orientation":"0","keywords":[]}},"_links":{"self":[{"href":"https:\/\/tours.com.pt\/es\/wp-json\/wp\/v2\/trip\/18987","targetHints":{"allow":["GET"]}}],"collection":[{"href":"https:\/\/tours.com.pt\/es\/wp-json\/wp\/v2\/trip"}],"about":[{"href":"https:\/\/tours.com.pt\/es\/wp-json\/wp\/v2\/types\/trip"}],"author":[{"embeddable":true,"href":"https:\/\/tours.com.pt\/es\/wp-json\/wp\/v2\/users\/2"}],"replies":[{"embeddable":true,"href":"https:\/\/tours.com.pt\/es\/wp-json\/wp\/v2\/comments?post=18987"}],"version-history":[{"count":1,"href":"https:\/\/tours.com.pt\/es\/wp-json\/wp\/v2\/trip\/18987\/revisions"}],"predecessor-version":[{"id":21040,"href":"https:\/\/tours.com.pt\/es\/wp-json\/wp\/v2\/trip\/18987\/revisions\/21040"}],"wp:featuredmedia":[{"embeddable":true,"href":"https:\/\/tours.com.pt\/es\/wp-json\/wp\/v2\/media\/18981"}],"wp:attachment":[{"href":"https:\/\/tours.com.pt\/es\/wp-json\/wp\/v2\/media?parent=18987"}],"wp:term":[{"taxonomy":"destination","embeddable":true,"href":"https:\/\/tours.com.pt\/es\/wp-json\/wp\/v2\/destination?post=18987"},{"taxonomy":"activities","embeddable":true,"href":"https:\/\/tours.com.pt\/es\/wp-json\/wp\/v2\/activities?post=18987"},{"taxonomy":"trip_types","embeddable":true,"href":"https:\/\/tours.com.pt\/es\/wp-json\/wp\/v2\/trip_types?post=18987"},{"taxonomy":"difficulty","embeddable":true,"href":"https:\/\/tours.com.pt\/es\/wp-json\/wp\/v2\/difficulty?post=18987"},{"taxonomy":"trip_tag","embeddable":true,"href":"https:\/\/tours.com.pt\/es\/wp-json\/wp\/v2\/trip_tag?post=18987"}],"curies":[{"name":"wp","href":"https:\/\/api.w.org\/{rel}","templated":true}]}}