




{"id":16923,"date":"2024-11-08T12:13:56","date_gmt":"2024-11-08T12:13:56","guid":{"rendered":"https:\/\/tours.com.pt\/trip\/roteiro-2-dias-no-porto-saindo-e-voltando-a-lisboa\/"},"modified":"2026-03-01T15:48:41","modified_gmt":"2026-03-01T15:48:41","slug":"ruta-2-dias-en-oporto-saliendo-y-regresando-a-lisboa","status":"publish","type":"trip","link":"https:\/\/tours.com.pt\/es\/trip\/ruta-2-dias-en-oporto-saliendo-y-regresando-a-lisboa\/","title":{"rendered":"Ruta 2 d\u00edas en Oporto saliendo y regresando a Lisboa"},"content":{"rendered":"\n<p class=\"has-text-align-left\">Descubre los encantos de Oporto en nuestra Ruta 2 d\u00edas en Oporto saliendo y regresando a Lisboa y sum\u00e9rgete en la historia, la cultura y los paisajes \u00fanicos de esta ciudad vibrante junto al r\u00edo Duero.<\/p>\n\n\n\n<p class=\"has-text-align-center\"><strong>Este tour privado tendr\u00e1 inicio y final en la ciudad de Lisboa; para cualquier duda, no dude en <a href=\"https:\/\/tours.com.pt\/es\/contacto\/\" target=\"_blank\" rel=\"noopener\" title=\"\">contactarnos<\/a>.<\/strong><\/p>\n\n\n\n<p style=\"font-size:27px;font-style:normal;font-weight:600\"><a href=\"https:\/\/emojiterra.com\/pt\/calendario-espiral\/\">\ud83d\uddd3\ufe0f<\/a>&nbsp;Precios:<\/p>\n\n\n\n<figure class=\"wp-block-table is-style-stripes\" style=\"font-size:19px;font-style:italic;font-weight:600\"><table class=\"has-black-color has-text-color has-background has-link-color has-fixed-layout\" style=\"background:linear-gradient(135deg,rgb(168,168,168) 0%,rgb(254,254,254) 100%)\"><thead><tr><th class=\"has-text-align-center\" data-align=\"center\">N\u00famero de Personas<\/th><th class=\"has-text-align-center\" data-align=\"center\">Precio<\/th><th class=\"has-text-align-center\" data-align=\"center\">Precio Persona<\/th><\/tr><\/thead><tbody><tr><td class=\"has-text-align-center\" data-align=\"center\">1 Persona<\/td><td class=\"has-text-align-center\" data-align=\"center\">777\u20ac<\/td><td class=\"has-text-align-center\" data-align=\"center\">&#8211;<\/td><\/tr><tr><td class=\"has-text-align-center\" data-align=\"center\">2 Personas<\/td><td class=\"has-text-align-center\" data-align=\"center\">840\u20ac<\/td><td class=\"has-text-align-center\" data-align=\"center\">420\u20ac por Persona<\/td><\/tr><tr><td class=\"has-text-align-center\" data-align=\"center\">3 Personas<\/td><td class=\"has-text-align-center\" data-align=\"center\">892\u20ac<\/td><td class=\"has-text-align-center\" data-align=\"center\">297\u20ac por Persona<\/td><\/tr><tr><td class=\"has-text-align-center\" data-align=\"center\">4 Personas<\/td><td class=\"has-text-align-center\" data-align=\"center\">934\u20ac<\/td><td class=\"has-text-align-center\" data-align=\"center\">233\u20ac por Persona<\/td><\/tr><tr><td class=\"has-text-align-center\" data-align=\"center\">5 Personas<\/td><td class=\"has-text-align-center\" data-align=\"center\">1010\u20ac<\/td><td class=\"has-text-align-center\" data-align=\"center\">202\u20ac por Persona<\/td><\/tr><tr><td class=\"has-text-align-center\" data-align=\"center\">6 Personas<\/td><td class=\"has-text-align-center\" data-align=\"center\">1075\u20ac<\/td><td class=\"has-text-align-center\" data-align=\"center\">179\u20ac por Persona<\/td><\/tr><tr><td class=\"has-text-align-center\" data-align=\"center\">7 Personas<\/td><td class=\"has-text-align-center\" data-align=\"center\">1290\u20ac<\/td><td class=\"has-text-align-center\" data-align=\"center\">184\u20ac por Persona<\/td><\/tr><tr><td class=\"has-text-align-center\" data-align=\"center\">8 Personas<\/td><td class=\"has-text-align-center\" data-align=\"center\">1397\u20ac<\/td><td class=\"has-text-align-center\" data-align=\"center\">174\u20ac por Persona<\/td><\/tr><\/tbody><\/table><\/figure>\n\n\n\n<hr class=\"wp-block-separator has-alpha-channel-opacity\"\/>\n\n\n\n<figure class=\"wp-block-image size-large\"><img decoding=\"async\" src=\"data:image\/gif;base64,R0lGODlhAQABAAAAACH5BAEKAAEALAAAAAABAAEAAAICTAEAOw==\" data-layzr=\"https:\/\/tours.com.pt\/wp-content\/uploads\/2023\/12\/bigstock-PORTO-PORTUGAL-CIRCA-JUN-112548023-1024x576.jpg\" alt=\"Ruta 2 d\u00edas en Oporto saliendo y regresando a Lisboa\" class=\"wp-image-585\"\/><\/figure>\n\n\n\n<hr class=\"wp-block-separator has-alpha-channel-opacity\"\/>\n\n\n\n<h4 class=\"wp-block-heading has-text-align-center\">Ruta 2 d\u00edas en Oporto saliendo y regresando a Lisboa<\/h4>\n\n\n\n<p><strong>Lisboa a F\u00e1tima y Coimbra<\/strong> empezamos nuesta ruta 2 d\u00edas en Oporto saliendo y regresando a Lisboa, con la salida de Lisboa por la ma\u00f1ana con destino a <strong>F\u00e1tima<\/strong>, donde podr\u00e1s visitar el <strong>Santuario de F\u00e1tima<\/strong>, la <strong>Capelinha de las Apariciones<\/strong> y la <strong>Bas\u00edlica de la Sant\u00edsima Trinidad<\/strong>. <br><br>Tras la visita a F\u00e1tima, el tour sigue hacia <strong><a href=\"https:\/\/es.wikipedia.org\/wiki\/Co%C3%ADmbra\" target=\"_blank\" rel=\"noopener\" title=\"\">Coimbra<\/a><\/strong>, una ciudad hist\u00f3rica con la <strong>Universidad de Coimbra<\/strong>, la <strong>Biblioteca Joanina<\/strong> y la <strong>S\u00e9 Vieja<\/strong>. Disfruta de un paseo por las encantadoras calles de Coimbra, una de las ciudades universitarias m\u00e1s antiguas de Europa. Despu\u00e9s del recorrido, el viaje contin\u00faa hacia Oporto, donde termina el d\u00eda.<\/p>\n\n\n\n<p class=\"has-text-align-left\"><strong>Oporto y Regreso a Lisboa<\/strong> Salida de Lisboa por la ma\u00f1ana hacia <strong>Oporto<\/strong>, donde tendr\u00e1s tiempo libre para explorar esta vibrante ciudad. Puedes pasear por el <strong>Centro Hist\u00f3rico<\/strong>, declarado Patrimonio de la Humanidad, y disfrutar de las impresionantes vistas del <strong>Puente Dom Lu\u00eds I<\/strong>. <br><br>Aprovecha para visitar las <strong>bodegas de vino de Oporto<\/strong>, donde aprender\u00e1s sobre la producci\u00f3n del famoso vino de Oporto y podr\u00e1s degustar algunos de los mejores vinos. Camina a lo largo del <strong>R\u00edo Duero<\/strong> y explora el distrito de <strong>Ribeira<\/strong>, uno de los barrios m\u00e1s emblem\u00e1ticos de la ciudad, con sus casas coloridas y calles estrechas. Por la tarde, el grupo se reunir\u00e1 nuevamente para regresar a <strong>Lisboa<\/strong>, con llegada por la noche.<\/p>\n","protected":false},"excerpt":{"rendered":"<p>Descubre los encantos de Oporto en nuestra Ruta 2 d\u00edas en Oporto saliendo y regresando a Lisboa y sum\u00e9rgete en la historia, la cultura y los paisajes \u00fanicos de esta ciudad vibrante junto al r\u00edo Duero. Este tour privado tendr\u00e1 inicio y final en la ciudad de Lisboa; para cualquier duda, no dude en contactarnos. &hellip; <\/p>\n","protected":false},"author":2,"featured_media":16916,"comment_status":"open","ping_status":"closed","template":"","destination":[354,378,454,447],"activities":[],"trip_types":[338],"difficulty":[],"trip_tag":[523,524,388,520],"class_list":["post-16923","trip","type-trip","status-publish","has-post-thumbnail","hentry","destination-coimbra-es","destination-fatima-es","destination-lisboa-es","destination-porto-es","trip_types-empezando-en-lisboa","trip_tag-coimbra-3-es","trip_tag-fatima-es","trip_tag-porto-es","trip_tag-tour-privado-es","latest_post"],"aioseo_notices":[],"packages_ids":[17286],"trip_extras":[],"cut_off_time":{"enabled":true,"duration":2,"duration_unit":"days"},"booked-seats":[],"code":"Ruta 2 d\u00edas en Oporto saliendo y regresando a Lisboa","price":0,"has_sale":false,"sale_price":0,"discount_percent":0,"currency":{"code":"EUR","symbol":"&euro;"},"duration":{"days":2,"nights":0,"duration_unit":"days","duration_type":"days"},"min_pax":"","max_pax":"","discount_value":0,"discount_label":"0% Off","primary_category":596,"available_times":{"type":"default","items":["2021-1-01","2021-2-01","2021-3-01","2021-4-01","2021-5-01","2021-6-01","2021-7-01","2021-8-01","2021-9-01","2021-10-01","2021-11-01","2021-12-01"]},"description":"","cost_includes":"Transporte privado de Lisboa a Oporto y viceversa\nConductor\/Gu\u00eda Privado durante el Tour en Portugu\u00e9s, Espa\u00f1ol e Ingl\u00e9s\nVisitas Guiadas a las principales atracciones de Oporto (Centro Hist\u00f3rico, Ribeira, Puente Dom Lu\u00eds I)\nParadas en lugares hist\u00f3ricos durante el trayecto, como F\u00e1tima y Coimbra\nRecogida y Devoluci\u00f3n en su Hotel\nTransporte Exclusivo, C\u00f3modo y Moderno\nAgua Embotellada Incluida\nWi-Fi a Bordo\nSeguro de Accidentes\nServicio de Atenci\u00f3n al Cliente 24\/7","cost_excludes":"Entradas a Monumentos\nComidas (Almuerzos y Cenas)\nVuelos hacia\/desde Portugal\nGastos Personales\nOtros Gastos No Mencionados","itineraries":[{"title":"D\u00eda 1: Lisboa - F\u00e1tima - Coimbra - Porto","content":"<p><strong><img class=\"size-medium wp-image-936 alignleft\" src=\"https:\/\/tours.com.pt\/wp-content\/uploads\/2023\/12\/nossa-senhora-de-fatima.jpg-300x180.webp\" alt=\"\" width=\"300\" height=\"180\" \/>Lisboa a F\u00e1tima y Coimbra<\/strong> Salida de Lisboa por la ma\u00f1ana con destino a <strong>F\u00e1tima<\/strong>, donde podr\u00e1s visitar el <strong>Santuario de F\u00e1tima<\/strong>, la <strong>Capelinha de las Apariciones<\/strong> y la <strong>Bas\u00edlica de la Sant\u00edsima Trinidad<\/strong>. Tras la visita a F\u00e1tima, el tour sigue hacia <strong>Coimbra<\/strong>, una ciudad hist\u00f3rica con la <strong>Universidad de Coimbra<\/strong>, la <strong>Biblioteca Joanina<\/strong> y la <strong>S\u00e9 Vieja<\/strong>. Disfruta de un paseo por las encantadoras calles de Coimbra, una de las ciudades universitarias m\u00e1s antiguas de Europa. Despu\u00e9s del recorrido, el viaje contin\u00faa hacia Oporto, donde termina el d\u00eda.<\/p>\n<p class=\"p1\"><span class=\"s1\"><a href=\"https:\/\/dev.tours.com.pt\/en\/hotel-suggestions-in-porto\/\">\ud83d\udecc<span class=\"s2\"><b> \u2013 Pernoctaci\u00f3n en Porto<\/b><\/span><\/a><\/span><\/p>"},{"title":"D\u00eda 2: Porto - Lisboa","content":"<p><strong><img class=\"size-medium wp-image-12241 alignleft\" src=\"https:\/\/tours.com.pt\/wp-content\/uploads\/2024\/04\/abc-hotel-porto-boavista-bannermosteiro-da-serra-do-pilar-1-300x169.jpg\" alt=\"\" width=\"300\" height=\"169\" \/>Oporto y Regreso a Lisboa<\/strong> Salida de Lisboa por la ma\u00f1ana hacia <strong>Oporto<\/strong>, donde tendr\u00e1s tiempo libre para explorar esta vibrante ciudad. Puedes pasear por el <strong>Centro Hist\u00f3rico<\/strong>, declarado Patrimonio de la Humanidad, y disfrutar de las impresionantes vistas del <strong>Puente Dom Lu\u00eds I<\/strong>. Aprovecha para visitar las <strong>bodegas de vino de Oporto<\/strong>, donde aprender\u00e1s sobre la producci\u00f3n del famoso vino de Oporto y podr\u00e1s degustar algunos de los mejores vinos. Camina a lo largo del <strong>R\u00edo Duero<\/strong> y explora el distrito de <strong>Ribeira<\/strong>, uno de los barrios m\u00e1s emblem\u00e1ticos de la ciudad, con sus casas coloridas y calles estrechas. Por la tarde, el grupo se reunir\u00e1 nuevamente para regresar a <strong>Lisboa<\/strong>, con llegada por la noche.<\/p>"}],"faqs":[{"title":"\u00bfQu\u00e9 incluye el tour? ","content":"<!-- wp:paragraph -->\n<p>El tour incluye transporte privado de Lisboa a Oporto y viceversa, gu\u00eda especializado, visitas a las principales atracciones de Oporto y paradas en lugares hist\u00f3ricos como F\u00e1tima y Coimbra<\/p>\n<!-- \/wp:paragraph -->"},{"title":"\u00bfQu\u00e9 no est\u00e1 incluido en el tour?","content":"<!-- wp:paragraph -->\n<p>El tour no incluye comidas y bebidas, entradas a otras atracciones no mencionadas, gastos personales.<\/p>\n<!-- \/wp:paragraph -->"},{"title":"Puedo personalizar el tour? ","content":"<!-- wp:paragraph -->\n<p>S\u00ed, ofrecemos tours personalizables. Si tienes preferencias espec\u00edficas, podemos ajustar el itinerario seg\u00fan tus necesidades.<\/p>\n<!-- \/wp:paragraph -->"},{"title":"\u00bfA qu\u00e9 hora comienza el tour?","content":"<!-- wp:paragraph -->\n<p>El tour comienza en Lisboa, con salida por la ma\u00f1ana. La hora exacta de salida ser\u00e1 confirmada despu\u00e9s de la reserva.<\/p>\n<!-- \/wp:paragraph -->"},{"title":"\u00bfC\u00f3mo puedo reservar el tour?","content":"<!-- wp:paragraph -->\n<p>Puedes reservar el tour en l\u00ednea a trav\u00e9s de nuestro sitio web o ponerte en contacto con nosotros para obtener m\u00e1s informaci\u00f3n.<\/p>\n<!-- \/wp:paragraph -->"},{"title":"\u00bfEs adecuado el tour para ni\u00f1os? ","content":"<!-- wp:paragraph -->\n<p>S\u00ed, el tour es adecuado para todas las edades. Si viajas con ni\u00f1os, podemos ajustar la experiencia para garantizar la comodidad de todos.<\/p>\n<!-- \/wp:paragraph -->"},{"title":"\u00bfC\u00f3mo puedo reservar un tour?","content":"<!-- wp:paragraph -->\n<p>\u00a1Reservar es muy sencillo! Solo tiene que elegir el tour deseado en nuestro sitio web, enviarnos un mensaje por WhatsApp o completar el formulario de reserva con sus datos y la fecha que prefiera. Luego, nos pondremos en contacto para confirmar la disponibilidad y finalizar su reserva.<\/p>\n<!-- \/wp:paragraph -->"},{"title":"\u00bfQu\u00e9 es \"Reserva Ahora, Paga Despu\u00e9s\"?","content":"<!-- wp:paragraph -->\n<p>Con esta opci\u00f3n, puede asegurar su lugar en el tour sin necesidad de realizar el pago inmediato. Su reserva quedar\u00e1 confirmada y el pago podr\u00e1 realizarse m\u00e1s adelante, ofreci\u00e9ndole total flexibilidad. \u00a1Es la manera ideal de planificar sin preocupaciones!<\/p>\n<!-- \/wp:paragraph -->"},{"title":"\u00bfC\u00f3mo funciona la pol\u00edtica de cancelaci\u00f3n del tour?","content":"<!-- wp:paragraph -->\n<p>Las reservas pueden cancelarse sin coste hasta 4 d\u00edas antes de la fecha del tour. Para cancelaciones realizadas con menos de 4 d\u00edas de antelaci\u00f3n, se aplicar\u00e1n nuestras pol\u00edticas de cancelaci\u00f3n, que pueden variar seg\u00fan el servicio. Por favor, consulte nuestros T\u00e9rminos y Condiciones para m\u00e1s detalles.<\/p>\n<!-- \/wp:paragraph -->"},{"title":"\u00bfRecibo un reembolso en caso de cancelaci\u00f3n?","content":"<!-- wp:paragraph -->\n<p>S\u00ed, si cancela dentro del plazo establecido, tiene derecho a un reembolso total. Las cancelaciones realizadas con menos de 4 d\u00edas de antelaci\u00f3n est\u00e1n sujetas a nuestras pol\u00edticas de cancelaci\u00f3n, que pueden variar seg\u00fan el servicio. Consulte nuestros T\u00e9rminos y Condiciones para obtener m\u00e1s informaci\u00f3n.<\/p>\n<!-- \/wp:paragraph -->"},{"title":"\u00bfC\u00f3mo puedo cambiar la fecha de mi reserva?","content":"<!-- wp:paragraph -->\n<p>P\u00f3ngase en contacto con nosotros lo antes posible. Haremos todo lo posible para cambiar la fecha de su reserva sin coste adicional, sujeto a disponibilidad.<\/p>\n<!-- \/wp:paragraph -->"}],"is_featured":false,"trip_reviews":{"reviews":[],"average":0,"count":0},"featured_image":{"width":1332,"height":868,"file":"2024\/11\/4B2C8CBF-5494-4C10-B3A8-E2F62FC5EF35.jpeg","filesize":126421,"sizes":{"medium":{"file":"4B2C8CBF-5494-4C10-B3A8-E2F62FC5EF35-300x195.jpeg","width":300,"height":195,"filesize":12963,"mime_type":"image\/jpeg","source_url":"https:\/\/tours.com.pt\/wp-content\/uploads\/2024\/11\/4B2C8CBF-5494-4C10-B3A8-E2F62FC5EF35-300x195.jpeg"},"large":{"file":"4B2C8CBF-5494-4C10-B3A8-E2F62FC5EF35-1024x667.jpeg","width":1024,"height":667,"filesize":100792,"mime_type":"image\/jpeg","source_url":"https:\/\/tours.com.pt\/wp-content\/uploads\/2024\/11\/4B2C8CBF-5494-4C10-B3A8-E2F62FC5EF35-1024x667.jpeg"},"thumbnail":{"file":"4B2C8CBF-5494-4C10-B3A8-E2F62FC5EF35-150x150.jpeg","width":150,"height":150,"filesize":6186,"mime_type":"image\/jpeg","source_url":"https:\/\/tours.com.pt\/wp-content\/uploads\/2024\/11\/4B2C8CBF-5494-4C10-B3A8-E2F62FC5EF35-150x150.jpeg"},"medium_large":{"file":"4B2C8CBF-5494-4C10-B3A8-E2F62FC5EF35-768x500.jpeg","width":768,"height":500,"filesize":61828,"mime_type":"image\/jpeg","source_url":"https:\/\/tours.com.pt\/wp-content\/uploads\/2024\/11\/4B2C8CBF-5494-4C10-B3A8-E2F62FC5EF35-768x500.jpeg"},"trip-thumb-size":{"file":"4B2C8CBF-5494-4C10-B3A8-E2F62FC5EF35-376x212.jpeg","width":376,"height":212,"filesize":16043,"mime_type":"image\/jpeg","source_url":"https:\/\/tours.com.pt\/wp-content\/uploads\/2024\/11\/4B2C8CBF-5494-4C10-B3A8-E2F62FC5EF35-376x212.jpeg"},"destination-thumb-size":{"file":"4B2C8CBF-5494-4C10-B3A8-E2F62FC5EF35-600x810.jpeg","width":600,"height":810,"filesize":71608,"mime_type":"image\/jpeg","source_url":"https:\/\/tours.com.pt\/wp-content\/uploads\/2024\/11\/4B2C8CBF-5494-4C10-B3A8-E2F62FC5EF35-600x810.jpeg"},"destination-thumb-trip-size":{"file":"4B2C8CBF-5494-4C10-B3A8-E2F62FC5EF35-410x250.jpeg","width":410,"height":250,"filesize":20149,"mime_type":"image\/jpeg","source_url":"https:\/\/tours.com.pt\/wp-content\/uploads\/2024\/11\/4B2C8CBF-5494-4C10-B3A8-E2F62FC5EF35-410x250.jpeg"},"activities-thumb-size":{"file":"4B2C8CBF-5494-4C10-B3A8-E2F62FC5EF35-600x810.jpeg","width":600,"height":810,"filesize":71608,"mime_type":"image\/jpeg","source_url":"https:\/\/tours.com.pt\/wp-content\/uploads\/2024\/11\/4B2C8CBF-5494-4C10-B3A8-E2F62FC5EF35-600x810.jpeg"},"trip-single-size":{"file":"4B2C8CBF-5494-4C10-B3A8-E2F62FC5EF35-990x490.jpeg","width":990,"height":490,"filesize":72345,"mime_type":"image\/jpeg","source_url":"https:\/\/tours.com.pt\/wp-content\/uploads\/2024\/11\/4B2C8CBF-5494-4C10-B3A8-E2F62FC5EF35-990x490.jpeg"},"travel-muni-pro-slider":{"file":"4B2C8CBF-5494-4C10-B3A8-E2F62FC5EF35-1332x600.jpeg","width":1332,"height":600,"filesize":114005,"mime_type":"image\/jpeg","source_url":"https:\/\/tours.com.pt\/wp-content\/uploads\/2024\/11\/4B2C8CBF-5494-4C10-B3A8-E2F62FC5EF35-1332x600.jpeg"},"travel-muni-pro-slider-layout-3":{"file":"4B2C8CBF-5494-4C10-B3A8-E2F62FC5EF35-1332x780.jpeg","width":1332,"height":780,"filesize":150706,"mime_type":"image\/jpeg","source_url":"https:\/\/tours.com.pt\/wp-content\/uploads\/2024\/11\/4B2C8CBF-5494-4C10-B3A8-E2F62FC5EF35-1332x780.jpeg"},"travel-muni-pro-header-image-3":{"file":"4B2C8CBF-5494-4C10-B3A8-E2F62FC5EF35-960x650.jpeg","width":960,"height":650,"filesize":93255,"mime_type":"image\/jpeg","source_url":"https:\/\/tours.com.pt\/wp-content\/uploads\/2024\/11\/4B2C8CBF-5494-4C10-B3A8-E2F62FC5EF35-960x650.jpeg"},"travel-muni-pro-header-bg-img":{"file":"4B2C8CBF-5494-4C10-B3A8-E2F62FC5EF35-537x350.jpeg","width":537,"height":350,"filesize":33593,"mime_type":"image\/jpeg","source_url":"https:\/\/tours.com.pt\/wp-content\/uploads\/2024\/11\/4B2C8CBF-5494-4C10-B3A8-E2F62FC5EF35-537x350.jpeg"},"travel-muni-pro-schema":{"file":"4B2C8CBF-5494-4C10-B3A8-E2F62FC5EF35-92x60.jpeg","width":92,"height":60,"filesize":2472,"mime_type":"image\/jpeg","source_url":"https:\/\/tours.com.pt\/wp-content\/uploads\/2024\/11\/4B2C8CBF-5494-4C10-B3A8-E2F62FC5EF35-92x60.jpeg"},"travel-muni-pro-middle-square-thumb":{"file":"4B2C8CBF-5494-4C10-B3A8-E2F62FC5EF35-600x600.jpeg","width":600,"height":600,"filesize":57346,"mime_type":"image\/jpeg","source_url":"https:\/\/tours.com.pt\/wp-content\/uploads\/2024\/11\/4B2C8CBF-5494-4C10-B3A8-E2F62FC5EF35-600x600.jpeg"},"activity-thumb-size":{"file":"4B2C8CBF-5494-4C10-B3A8-E2F62FC5EF35-640x360.jpeg","width":640,"height":360,"filesize":38741,"mime_type":"image\/jpeg","source_url":"https:\/\/tours.com.pt\/wp-content\/uploads\/2024\/11\/4B2C8CBF-5494-4C10-B3A8-E2F62FC5EF35-640x360.jpeg"},"travel-muni-pro-full-blog":{"file":"4B2C8CBF-5494-4C10-B3A8-E2F62FC5EF35-610x343.jpeg","width":610,"height":343,"filesize":35890,"mime_type":"image\/jpeg","source_url":"https:\/\/tours.com.pt\/wp-content\/uploads\/2024\/11\/4B2C8CBF-5494-4C10-B3A8-E2F62FC5EF35-610x343.jpeg"},"travel-muni-pro-404":{"file":"4B2C8CBF-5494-4C10-B3A8-E2F62FC5EF35-800x534.jpeg","width":800,"height":534,"filesize":67299,"mime_type":"image\/jpeg","source_url":"https:\/\/tours.com.pt\/wp-content\/uploads\/2024\/11\/4B2C8CBF-5494-4C10-B3A8-E2F62FC5EF35-800x534.jpeg"},"megamenu-thumb-size":{"file":"4B2C8CBF-5494-4C10-B3A8-E2F62FC5EF35-594x373.jpeg","width":594,"height":373,"filesize":38720,"mime_type":"image\/jpeg","source_url":"https:\/\/tours.com.pt\/wp-content\/uploads\/2024\/11\/4B2C8CBF-5494-4C10-B3A8-E2F62FC5EF35-594x373.jpeg"},"travel-muni-pro-wte-tax-thumb":{"file":"4B2C8CBF-5494-4C10-B3A8-E2F62FC5EF35-594x400.jpeg","width":594,"height":400,"filesize":40931,"mime_type":"image\/jpeg","source_url":"https:\/\/tours.com.pt\/wp-content\/uploads\/2024\/11\/4B2C8CBF-5494-4C10-B3A8-E2F62FC5EF35-594x400.jpeg"},"travel-muni-pro-single-trip-banner":{"file":"4B2C8CBF-5494-4C10-B3A8-E2F62FC5EF35-1332x500.jpeg","width":1332,"height":500,"filesize":87663,"mime_type":"image\/jpeg","source_url":"https:\/\/tours.com.pt\/wp-content\/uploads\/2024\/11\/4B2C8CBF-5494-4C10-B3A8-E2F62FC5EF35-1332x500.jpeg"},"full":{"file":"4B2C8CBF-5494-4C10-B3A8-E2F62FC5EF35.jpeg","width":1332,"height":868,"source_url":"https:\/\/tours.com.pt\/wp-content\/uploads\/2024\/11\/4B2C8CBF-5494-4C10-B3A8-E2F62FC5EF35.jpeg"}},"image_meta":{"aperture":"0","credit":"","camera":"","caption":"","created_timestamp":"0","copyright":"","focal_length":"0","iso":"0","shutter_speed":"0","title":"","orientation":"0","keywords":[]}},"_links":{"self":[{"href":"https:\/\/tours.com.pt\/es\/wp-json\/wp\/v2\/trip\/16923","targetHints":{"allow":["GET"]}}],"collection":[{"href":"https:\/\/tours.com.pt\/es\/wp-json\/wp\/v2\/trip"}],"about":[{"href":"https:\/\/tours.com.pt\/es\/wp-json\/wp\/v2\/types\/trip"}],"author":[{"embeddable":true,"href":"https:\/\/tours.com.pt\/es\/wp-json\/wp\/v2\/users\/2"}],"replies":[{"embeddable":true,"href":"https:\/\/tours.com.pt\/es\/wp-json\/wp\/v2\/comments?post=16923"}],"version-history":[{"count":1,"href":"https:\/\/tours.com.pt\/es\/wp-json\/wp\/v2\/trip\/16923\/revisions"}],"predecessor-version":[{"id":21069,"href":"https:\/\/tours.com.pt\/es\/wp-json\/wp\/v2\/trip\/16923\/revisions\/21069"}],"wp:featuredmedia":[{"embeddable":true,"href":"https:\/\/tours.com.pt\/es\/wp-json\/wp\/v2\/media\/16916"}],"wp:attachment":[{"href":"https:\/\/tours.com.pt\/es\/wp-json\/wp\/v2\/media?parent=16923"}],"wp:term":[{"taxonomy":"destination","embeddable":true,"href":"https:\/\/tours.com.pt\/es\/wp-json\/wp\/v2\/destination?post=16923"},{"taxonomy":"activities","embeddable":true,"href":"https:\/\/tours.com.pt\/es\/wp-json\/wp\/v2\/activities?post=16923"},{"taxonomy":"trip_types","embeddable":true,"href":"https:\/\/tours.com.pt\/es\/wp-json\/wp\/v2\/trip_types?post=16923"},{"taxonomy":"difficulty","embeddable":true,"href":"https:\/\/tours.com.pt\/es\/wp-json\/wp\/v2\/difficulty?post=16923"},{"taxonomy":"trip_tag","embeddable":true,"href":"https:\/\/tours.com.pt\/es\/wp-json\/wp\/v2\/trip_tag?post=16923"}],"curies":[{"name":"wp","href":"https:\/\/api.w.org\/{rel}","templated":true}]}}