




{"id":16420,"date":"2024-10-16T00:04:52","date_gmt":"2024-10-15T23:04:52","guid":{"rendered":"https:\/\/tours.com.pt\/trip\/roteiro-5-dias-portugal\/"},"modified":"2026-03-12T13:02:43","modified_gmt":"2026-03-12T13:02:43","slug":"ruta-de-5-dias-por-portugal","status":"publish","type":"trip","link":"https:\/\/tours.com.pt\/es\/trip\/ruta-de-5-dias-por-portugal\/","title":{"rendered":"Ruta de 5 d\u00edas por Portugal: Historia, Paisajes y Sabores"},"content":{"rendered":"\n<p class=\"has-text-align-left\">Ruta de 5 d\u00edas por Portugal, un itinerario perfecto para quienes desean disfrutar de cinco d\u00edas en Portugal, visitando algunas de las ciudades m\u00e1s emblem\u00e1ticas del centro y norte del pa\u00eds. Este recorrido puede comenzar en Lisboa o en Oporto, seg\u00fan su preferencia, sin alterar la experiencia.<\/p>\n\n\n\n<p class=\"has-text-align-left\">Visita Lisboa, Oporto, Coimbra, Sintra, F\u00e1tima, Braga y Guimar\u00e3es, con visitas exclusivas a bodegas y catas, adem\u00e1s de probar pasteles tradicionales y delicias locales.<\/p>\n\n\n\n<p class=\"has-text-align-center\">Este tour privado comenzar\u00e1 y terminar\u00e1 en la ciudad de Lisboa. Si tiene alguna pregunta, no dude en <a href=\"http:\/\/tours.com.pt\/es\/contacto\/\" target=\"_blank\" rel=\"noopener\" title=\"\"><strong>contactarnos<\/strong><\/a>.<\/p>\n\n\n\n<p style=\"font-size:27px;font-style:normal;font-weight:600\"><a href=\"https:\/\/emojiterra.com\/pt\/calendario-espiral\/\">\ud83d\uddd3\ufe0f<\/a>&nbsp;Precios:<\/p>\n\n\n\n<figure class=\"wp-block-table is-style-stripes\" style=\"font-size:19px;font-style:italic;font-weight:600\"><table class=\"has-black-color has-text-color has-background has-link-color has-fixed-layout\" style=\"background:linear-gradient(135deg,rgb(168,168,168) 0%,rgb(254,254,254) 100%)\"><thead><tr><th class=\"has-text-align-center\" data-align=\"center\">N\u00famero de Personas<\/th><th class=\"has-text-align-center\" data-align=\"center\">Precio<\/th><th class=\"has-text-align-center\" data-align=\"center\">Precio Persona<\/th><\/tr><\/thead><tbody><tr><td class=\"has-text-align-center\" data-align=\"center\">1 Persona<\/td><td class=\"has-text-align-center\" data-align=\"center\">1942\u20ac<\/td><td class=\"has-text-align-center\" data-align=\"center\">&#8211;<\/td><\/tr><tr><td class=\"has-text-align-center\" data-align=\"center\">2 Personas<\/td><td class=\"has-text-align-center\" data-align=\"center\">2079\u20ac<\/td><td class=\"has-text-align-center\" data-align=\"center\">1039\u20ac por Persona<\/td><\/tr><tr><td class=\"has-text-align-center\" data-align=\"center\">3 Personas<\/td><td class=\"has-text-align-center\" data-align=\"center\">2394\u20ac<\/td><td class=\"has-text-align-center\" data-align=\"center\">798\u20ac por Persona<\/td><\/tr><tr><td class=\"has-text-align-center\" data-align=\"center\">4 Personas<\/td><td class=\"has-text-align-center\" data-align=\"center\">2520\u20ac<\/td><td class=\"has-text-align-center\" data-align=\"center\">630\u20ac por Persona<\/td><\/tr><tr><td class=\"has-text-align-center\" data-align=\"center\">5 Personas<\/td><td class=\"has-text-align-center\" data-align=\"center\">2741\u20ac<\/td><td class=\"has-text-align-center\" data-align=\"center\">548\u20ac por Persona<\/td><\/tr><tr><td class=\"has-text-align-center\" data-align=\"center\">6 Personas<\/td><td class=\"has-text-align-center\" data-align=\"center\">2956\u20ac<\/td><td class=\"has-text-align-center\" data-align=\"center\">492\u20ac por Persona<\/td><\/tr><tr><td class=\"has-text-align-center\" data-align=\"center\">7 Personas<\/td><td class=\"has-text-align-center\" data-align=\"center\">3117\u20ac<\/td><td class=\"has-text-align-center\" data-align=\"center\">445\u20ac por Persona<\/td><\/tr><tr><td class=\"has-text-align-center\" data-align=\"center\">8 Personas<\/td><td class=\"has-text-align-center\" data-align=\"center\">3225\u20ac<\/td><td class=\"has-text-align-center\" data-align=\"center\">403\u20ac por Persona<\/td><\/tr><\/tbody><\/table><\/figure>\n\n\n\n<hr class=\"wp-block-separator has-alpha-channel-opacity\"\/>\n\n\n\n<figure class=\"wp-block-image size-large\"><img decoding=\"async\" src=\"data:image\/gif;base64,R0lGODlhAQABAAAAACH5BAEKAAEALAAAAAABAAEAAAICTAEAOw==\" data-layzr=\"https:\/\/tours.com.pt\/wp-content\/uploads\/2024\/10\/Jeronimos-fachada-1024x489.jpg\" alt=\"Ruta de 5 d\u00edas por Portugal: Historia, Paisajes y Sabores\" class=\"wp-image-15843\"\/><\/figure>\n\n\n\n<p>\u00a1Descubre nuestra Ruta de 5 d\u00edas por Portugal. Comienza en <strong>Lisboa<\/strong>, recorriendo el barrio de Alfama, la Torre de Bel\u00e9m y disfrutando los famosos pasteles de nata. En el segundo d\u00eda, visita <strong>Sintra<\/strong>, conocida por sus palacios m\u00e1gicos como el Palacio da Pena y el Castillo de los Moros.<br><br>Lisboa, conocida como la Ciudad de las Siete Colinas, se distingue por sus ic\u00f3nicos barrios como Castelo, Gra\u00e7a, Monte, Penha de Fran\u00e7a, S\u00e3o Pedro de Alc\u00e2ntara, Santa Catarina y Estrela. Con una poblaci\u00f3n de aproximadamente 600,000 habitantes, representa alrededor del 28% del total nacional. Esta vibrante capital es un mosaico de historia, cultura y tradici\u00f3n, donde cada colina ofrece vistas impresionantes y experiencias \u00fanicas.<\/p>\n\n\n\n<h4 class=\"wp-block-heading has-text-align-center\">Ruta de 5 d\u00edas por Portugal: Historia, Paisajes y Sabores<\/h4>\n\n\n\n<p>Luego, dir\u00edgete al norte para pasar dos d\u00edas en <strong>Oporto<\/strong>, donde podr\u00e1s explorar la Ribeira, la <a href=\"https:\/\/es.wikipedia.org\/wiki\/Librer%C3%ADa_Lello\" target=\"_blank\" rel=\"noopener\" title=\"\">Livraria Lello <\/a>y degustar los famosos vinos de Oporto en Vila Nova de Gaia. Para cerrar tu aventura, haz una excursi\u00f3n por el <strong>Valle del Duero<\/strong>, admirando sus paisajes \u00fanicos y probando vinos en una bodega local.<\/p>\n\n\n\n<p>Por su parte, Oporto, que originalmente se llamaba Cale y m\u00e1s tarde Portucale, es el lugar de origen del nombre Portugal. Su famoso vino, que data del siglo XVII, se populariz\u00f3 cuando los ingleses comenzaron a importar grandes cantidades de vino de la regi\u00f3n. <br><br>Para garantizar que el vino resistiera el viaje, los portugueses empezaron a a\u00f1adir alcohol a los barriles, lo que le otorg\u00f3 su caracter\u00edstico sabor dulce. Esta tradici\u00f3n vin\u00edcola ha perdurado, convirtiendo a Porto en un referente mundial en la producci\u00f3n de vino.<br><br>Este itinerario combina historia, naturaleza y gastronom\u00eda, ofreciendo una experiencia inolvidable en Portugal, <a href=\"https:\/\/tours.com.pt\/es\/contacto\/\" target=\"_blank\" rel=\"noopener\" title=\"\">saca tus dudas<\/a>.<\/p>\n\n\n\n<hr class=\"wp-block-separator has-alpha-channel-opacity\"\/>\n","protected":false},"excerpt":{"rendered":"<p>Ruta de 5 d\u00edas por Portugal, un itinerario perfecto para quienes desean disfrutar de cinco d\u00edas en Portugal, visitando algunas de las ciudades m\u00e1s emblem\u00e1ticas del centro y norte del pa\u00eds. Este recorrido puede comenzar en Lisboa o en Oporto, seg\u00fan su preferencia, sin alterar la experiencia. Visita Lisboa, Oporto, Coimbra, Sintra, F\u00e1tima, Braga y &hellip; <\/p>\n","protected":false},"author":9,"featured_media":15855,"comment_status":"open","ping_status":"closed","template":"","destination":[364,384,354,362,382,378,360,454,376,447,368],"activities":[],"trip_types":[338],"difficulty":[],"trip_tag":[428,347,388,386,520,407,415],"class_list":["post-16420","trip","type-trip","status-publish","has-post-thumbnail","hentry","destination-braga-es","destination-cascais-es","destination-coimbra-es","destination-douro-es","destination-estoril-es","destination-fatima-es","destination-guimaraes-es","destination-lisboa-es","destination-obidos-es","destination-porto-es","destination-sintra-es","trip_types-empezando-en-lisboa","trip_tag-fatima-3","trip_tag-lisboa-es","trip_tag-porto-es","trip_tag-tour-lisboa-es","trip_tag-tour-privado-es","trip_tag-tour-privado","trip_tag-tour-privado-2","latest_post"],"packages_ids":[16556],"trip_extras":[],"cut_off_time":{"enabled":true,"duration":2,"duration_unit":"days"},"booked-seats":[],"aioseo_notices":[],"code":"Ruta de 5 d\u00edas por Portugal","price":0,"has_sale":false,"sale_price":0,"discount_percent":0,"currency":{"code":"EUR","symbol":"&euro;"},"duration":{"days":5,"nights":4,"duration_unit":"days","duration_type":"days"},"min_pax":1,"max_pax":"","discount_value":0,"discount_label":"0% Off","primary_category":596,"available_times":{"type":"default","items":["2021-1-01","2021-2-01","2021-3-01","2021-4-01","2021-5-01","2021-6-01","2021-7-01","2021-8-01","2021-9-01","2021-10-01","2021-11-01","2021-12-01"]},"description":"<p>Descubre Portugal con nuestro itinerario de 5 d\u00edas, una traves\u00eda que captura la esencia de este hermoso pa\u00eds. Comienza en Lisboa, donde explorar\u00e1s el vibrante barrio de Alfama, visitar\u00e1s la majestuosa Torre de Bel\u00e9m y disfrutar\u00e1s de los famosos past\u00e9is de nata. Contin\u00faa hacia Sintra para maravillarte con el deslumbrante Palacio de Pena y la m\u00edstica Quinta da Regaleira. Visita el importante lugar de peregrinaci\u00f3n de F\u00e1tima y la hist\u00f3rica ciudad de Coimbra, hogar de la universidad m\u00e1s antigua de Portugal. Experimenta el encanto de Oporto, famosa por su vino de Oporto y el pintoresco distrito de la Ribeira.<\/p>","cost_includes":"Conductor\/Gu\u00eda Privado durante el Tour en Portugu\u00e9s, Espa\u00f1ol e Ingl\u00e9s\nRecogida y Devoluci\u00f3n en su Hotel\nTransporte Exclusivo, C\u00f3modo y Moderno\nAgua Embotellada Incluida\nWi-Fi a Bordo\nSeguro de Accidentes\nServicio de Atenci\u00f3n al Cliente 24\/7","cost_excludes":"Entradas a Monumentos\nComidas (Almuerzos y Cenas)\nVuelos hacia\/desde Portugal\nGastos Personales\nOtros Gastos No Mencionados\n","itineraries":[{"title":"D\u00eda 1: Lisboa","content":"<p><img class=\"size-medium wp-image-15846 alignright\" src=\"https:\/\/tours.com.pt\/wp-content\/uploads\/2024\/10\/lisboa-parque-eduardo-vii-300x167.jpg\" alt=\"\" width=\"300\" height=\"167\" \/><\/p>\n<p>Comenzando con la Lisboa moderna, nos dirigimos al Parque de las Naciones, el lugar donde Lisboa acogi\u00f3 la Expo 98, inspirada en la \u00e9poca gloriosa de los descubrimientos portugueses. Con una arquitectura audaz pero funcional, destaca la gran obra de Calatrava, el mismo arquitecto que dise\u00f1\u00f3 el Museo del Ma\u00f1ana en Brasil. Esta Lisboa moderna, donde el transporte p\u00fablico funciona eficientemente, mejor\u00f3 el acceso al centro de la ciudad. Adem\u00e1s, es sede de muchas oficinas de empresas nacionales e internacionales.<\/p>\n<p>En Alfama, exploramos la parte m\u00e1s antigua de Lisboa, con sus callejones y callejuelas. Esta antigua Medina \u00e1rabe fue transformada tras la reconquista cristiana en el siglo XII, cuando la civilizaci\u00f3n \u00e1rabe fue trasladada a otra colina, donde naci\u00f3 el barrio de Mouraria. Descubrir Alfama es sumergirse en la autenticidad de Portugal. El fado, la m\u00fasica m\u00e1s t\u00edpica y carism\u00e1tica de Portugal, naci\u00f3 en este barrio, con esa extra\u00f1a melancol\u00eda que los portugueses llaman \"saudade.\"<\/p>\n<p>Siguiendo el recorrido, llegamos al Castillo de San Jorge, uno de los pocos vestigios f\u00edsicos de la civilizaci\u00f3n \u00e1rabe en Portugal. Despu\u00e9s de la visita, nos dirigimos a la Baixa, pero no sin antes admirar la Catedral de Lisboa, de arquitectura rom\u00e1nica, construida en el siglo XII. Aqu\u00ed tambi\u00e9n naci\u00f3 San Antonio, el santo del matrimonio, que es de origen portugu\u00e9s.<\/p>\n<p>En la Baixa de Lisboa, el \u00e1rea m\u00e1s devastada por el gran terremoto de 1755, entendemos la importancia de la arquitectura pombalina. Los edificios aqu\u00ed fueron reconstruidos de manera completamente diferente, con calles y plazas amplias, dise\u00f1adas con t\u00e9cnicas de construcci\u00f3n antis\u00edsmicas del siglo XVIII. El Marqu\u00e9s de Pombal fue el estadista responsable de la reconstrucci\u00f3n de Lisboa y de los cambios econ\u00f3micos y sociales que surgieron tras el terremoto.<\/p>\n<p>Cruzando la Avenida da Liberdade, llegamos a la Plaza Marqu\u00eas de Pombal, donde nos detenemos junto al Parque Eduardo VII para entender los tratados entre Portugal e Inglaterra y la importancia de esta relaci\u00f3n para el futuro de Brasil. Tambi\u00e9n disfrutamos de una vista fant\u00e1stica del parque.<\/p>\n<p>Despu\u00e9s del almuerzo, continuamos hacia Bel\u00e9m, un aut\u00e9ntico libro abierto de la expansi\u00f3n mar\u00edtima portuguesa. Aqu\u00ed estaban los antiguos astilleros y puertos de Lisboa, desde donde partieron valientes exploradores portugueses en el siglo XV, descubriendo las rutas mar\u00edtimas hacia la India, \u00c1frica y Brasil. Para celebrar este glorioso pasado, visitamos tres monumentos importantes: la Torre de Bel\u00e9m, el Monasterio de los Jer\u00f3nimos y el Monumento a los Descubrimientos. La \u00faltima parada ser\u00e1 en la famosa f\u00e1brica de \"Past\u00e9is de Bel\u00e9m\", para degustar este fabuloso dulce que atrae a millones de personas cada a\u00f1o.<\/p>\n<p><strong><a href=\"https:\/\/tours.com.pt\/es\/sugerencias-de-hoteles-en-lisboa\/\" target=\"_blank\" rel=\"noopener\">\ud83d\udecc - Pernocta en Lisboa<\/a><\/strong><\/p>"},{"title":"D\u00eda 2: Sintra \u2013 Cascais \u2013 Estoril","content":"<p><img class=\"size-medium wp-image-15849 alignleft\" src=\"https:\/\/tours.com.pt\/wp-content\/uploads\/2024\/10\/Regaleira-sintra-interior-1-300x167.jpg\" alt=\"\" width=\"300\" height=\"167\" \/><\/p>\n<p>En el segundo d\u00eda de nuestro itinerario de 14 d\u00edas por Portugal, visitaremos Sintra. Comenzaremos por el Palacio de Queluz (visita opcional), donde la familia real portuguesa resid\u00eda durante la invasi\u00f3n francesa, lo que los \"oblig\u00f3\" a trasladar la capital a Brasil. Curiosamente, fue aqu\u00ed donde naci\u00f3 y muri\u00f3 Dom Pedro IV de Portugal, quien simult\u00e1neamente fue Dom Pedro I de Brasil. El estilo rococ\u00f3 del palacio se destaca, especialmente en sus jardines desiguales, h\u00e1bilmente disfrazados por una secuencia de terrazas y galer\u00edas con columnas toscanas, coronadas por una monumental escalinata. La decoraci\u00f3n, con estatuaria claramente inspirada en la mitolog\u00eda cl\u00e1sica y aleg\u00f3rica, conecta la belleza geom\u00e9trica de los setos de boj y los azulejos policromados con la piedra y el bronce de sus numerosas estatuas.<\/p>\n<p>Luego, disfrutaremos del centro de Sintra, con sus callejones llenos de tiendas de artesan\u00edas portuguesas, as\u00ed como los famosos Travesseiros de Sintra en la Pasteler\u00eda Piriquita. Tendr\u00e1s tiempo libre para disfrutar de este maravilloso lugar.<br \/>Sintra es un lugar con una gran concentraci\u00f3n de monumentos hist\u00f3ricos y atracciones tur\u00edsticas muy interesantes. Aqu\u00ed encontraremos m\u00e1s de 10 monumentos nacionales, incluidos palacios opulentos, antiguas ruinas y casas palaciegas decorativas esparcidas por las diferentes colinas de la regi\u00f3n, a las que se llega a menudo por senderos peatonales bastante desafiantes.<\/p>\n<p>Tu gu\u00eda te ayudar\u00e1 a decidir qu\u00e9 palacio visitar (sugerimos un m\u00e1ximo de dos), eligiendo entre:<\/p>\n<ul>\n<li>Palacio Nacional de Sintra<\/li>\n<li>Palacio da Pena<\/li>\n<li>Quinta da Regaleira<\/li>\n<li>Palacio de Monserrate<\/li>\n<li>Castillo de los Moros<\/li>\n<\/ul>\n<p>Continuamos por la siempre bella Sierra de Sintra en direcci\u00f3n a Cascais, pasando por Colares, donde haremos una parada obligatoria en el Cabo da Roca (el punto m\u00e1s occidental de Europa continental). \"Donde la tierra termina y el mar comienza\", en palabras de Lu\u00eds de Cam\u00f5es en <em>Os Lus\u00edadas<\/em> (Canto VIII). El imponente faro, de 165 metros de altura y construido en 1772, y el \"poder\" del Oc\u00e9ano Atl\u00e1ntico revelan uno de los lugares m\u00e1s emblem\u00e1ticos de Portugal, de gran importancia durante el per\u00edodo de la expansi\u00f3n mar\u00edtima.<\/p>\n<p>Al llegar a la villa de Cascais, con su hermosa bah\u00eda, que hoy es un lugar muy agradable para vivir o para pasar unas peque\u00f1as vacaciones, ver\u00e1s peque\u00f1os barcos de pescadores dispersos por la bah\u00eda. Tendr\u00e1s tiempo libre para explorar esta peque\u00f1a villa, tan famosa que atrae a miles de visitantes cada a\u00f1o.<br \/>Entre la bah\u00eda de Cascais y la Sierra de Sintra, Cascais fue durante el siglo XIX el lugar elegido por la familia real portuguesa para vacacionar, lo que atrajo a toda la nobleza. En Largo de Cam\u00f5es, en el centro hist\u00f3rico, encontrar\u00e1s muchas tiendas y restaurantes.<\/p>\n<p>Estoril, un centro de espionaje durante la Segunda Guerra Mundial, fue hogar de Ian Fleming, el famoso autor de las novelas de James Bond. Aqu\u00ed podr\u00e1s admirar las numerosas propiedades, as\u00ed como el Casino de Estoril, considerado el m\u00e1s grande de Europa.<\/p>\n<p><strong><a href=\"https:\/\/tours.com.pt\/es\/sugerencias-de-hoteles-en-lisboa\/\" target=\"_blank\" rel=\"noopener\">\ud83d\udecc - Pernocta en Lisboa<\/a><\/strong><\/p>"},{"title":"D\u00eda 3: Lisboa - F\u00e1tima \u2013 Coimbra - Oporto","content":"<p><img class=\"size-medium wp-image-15840 alignleft\" src=\"https:\/\/tours.com.pt\/wp-content\/uploads\/2024\/10\/exterior-universidade-de-coimbra-300x167.jpg\" alt=\"\" width=\"300\" height=\"167\" \/><\/p>\n<p>Saliendo de Lisboa, llegamos a F\u00e1tima, considerado por muchos como uno de los santuarios marianos m\u00e1s importantes del mundo. Aqu\u00ed rendiremos homenaje a Nuestra Se\u00f1ora en Cova da Iria con la visita a las dos bas\u00edlicas: Nuestra Se\u00f1ora del Rosario y la Sant\u00edsima Trinidad, y, por supuesto, a la m\u00e1s antigua, la Capilla de las Apariciones.<br \/>La Capilla de las Apariciones, la primera en construirse poco despu\u00e9s de las apariciones de Nuestra Se\u00f1ora, est\u00e1 ubicada en el centro del Santuario y es un lugar imperdible, no por su grandeza, sino por su significado. Es esencial visitarla.<br \/>En un extremo se encuentra la Bas\u00edlica de Nuestra Se\u00f1ora del Rosario, construida en 1928 con una arquitectura neobarroca. Aqu\u00ed encontrar\u00e1s las tumbas de los tres pastorcitos (Francisco y Jacinta), y ahora tambi\u00e9n la tumba de la Hermana Luc\u00eda, fallecida en 2005. En el otro extremo se alza la imponente Bas\u00edlica de la Sant\u00edsima Trinidad, construida en 2007 con m\u00e1s de 8,000 asientos y 40,000 m\u00b2 de \u00e1rea, dise\u00f1ada por el arquitecto griego Alexandros Tombazis.<\/p>\n<p>En Coimbra, visitaremos el Palacio de la Universidad, donde la Biblioteca Joanina ocupa un lugar destacado dentro de la Universidad. La construcci\u00f3n de la Biblioteca Joanina comenz\u00f3 en 1717, sobre la antigua prisi\u00f3n del Palacio Real, para albergar la biblioteca universitaria de Coimbra, y se complet\u00f3 en 1728. Su techo y frescos fueron ejecutados por el ilustre Maestro Ant\u00f3nio Ribeiro y Vicente Nunes, y el retrato de Dom Jo\u00e3o V al fondo de la sala fue hecho por el artista italiano Domenico Dupra.<\/p>\n<p><strong>IMPORTANTE<\/strong> \u2013 Si la visita al interior de la Universidad es imprescindible para ti durante tu viaje a Coimbra, inf\u00f3rmanos al hacer la reserva de tu itinerario de 5 d\u00edas por Portugal para que podamos reservar las entradas (no incluidas en el precio del tour), ya que las visitas a la Biblioteca Joanina son numeradas, y sin una reserva, ser\u00e1 pr\u00e1cticamente imposible realizar la visita en ese momento. Una vez hecha la reserva, se cobrar\u00e1 al cliente el importe (11,5 \u20ac\/persona) al final del recorrido, incluso si no se realiza la visita debido a la cancelaci\u00f3n o retraso del cliente.<\/p>\n<p>Despu\u00e9s de apreciar la biblioteca, continuaremos explorando la Universidad de Coimbra y visitaremos otros lugares interesantes, como la Capilla de S\u00e3o Miguel, la \u201cSala de los Capelos,\u201d la Torre \u201ccabra\u201d y otros. A pesar de haberse construido como parte del proyecto real de reforma de los estudios universitarios (influenciada por la difusi\u00f3n de las corrientes iluministas en Portugal), la Biblioteca Joanina es reconocida como una de las bibliotecas barrocas m\u00e1s originales y espectaculares de Europa.<\/p>\n<p>Todav\u00eda en Coimbra, visitaremos la Baixa de Coimbra o Centro Hist\u00f3rico, la zona central de la ciudad. La distinci\u00f3n entre la \"Alta\", donde viv\u00edan la nobleza, el clero y m\u00e1s tarde los estudiantes, y la \"Baixa\", dominada por el comercio, la artesan\u00eda y los barrios ribere\u00f1os, define la ciudad.<br \/>Esta regi\u00f3n es ideal para relajarse y perderse en las encantadoras calles, estrechos callejones, bellas plazas y numerosos caf\u00e9s, pasteler\u00edas y restaurantes. La Baixa de Coimbra es rica en cultura y con una gastronom\u00eda inolvidable. Esta \u00e1rea ha sido el centro comercial de la ciudad durante cientos, si no miles, de a\u00f1os, manteniendo su atm\u00f3sfera aut\u00e9ntica y su personalidad \u00fanica.<br \/>Una visita sugerida incluir\u00eda la Catedral rom\u00e1nica del siglo XII, el Arco de Almedina y la Iglesia de Santa Cruz, donde est\u00e1 enterrado el primer rey de Portugal, Afonso Henriques (Afonso I).<\/p>\n<p><a href=\"https:\/\/tours.com.pt\/en\/hotel-suggestions-in-porto\/\" target=\"_blank\" rel=\"noopener\"><span class=\"s2\"><b>\ud83d\udecc - Pernoctaci\u00f3n en Porto<\/b><\/span><\/a><\/p>"},{"title":"D\u00eda 4: Oporto","content":"<p><img class=\"size-medium wp-image-15831 alignright\" src=\"https:\/\/tours.com.pt\/wp-content\/uploads\/2024\/10\/baixa-do-porto-vista-panoramica-300x167.jpg\" alt=\"\" width=\"300\" height=\"167\" \/>El cuarto d\u00eda de nuestro itinerario de 5 d\u00edas por Portugal, visitamos la fant\u00e1stica ciudad de Porto, la segunda ciudad m\u00e1s grande de Portugal. Comenzaremos nuestro recorrido en la Casa da M\u00fasica, un monumental anfiteatro con arquitectura moderna y funcional, en direcci\u00f3n a Matosinhos con su puerto y Foz, donde vive la clase media-alta de la regi\u00f3n de Porto.<br \/>Ya en el centro de Porto, por la avenida de los Aliados, encontramos el edificio m\u00e1s emblem\u00e1tico: el ayuntamiento, as\u00ed como la estatua de Dom Pedro I de Brasil, demostrando su amor por la ciudad, ya que aqu\u00ed dej\u00f3 su coraz\u00f3n.<br \/>Visitaremos la hermosa estaci\u00f3n de S\u00e3o Bento, donde los 20,000 azulejos de Jorge Cola\u00e7o nos llevar\u00e1n en un viaje por la historia portuguesa y las tradiciones del Duero y Mi\u00f1o, un verdadero libro abierto que nos mostrar\u00e1 la vida de la ciudad.<br \/>La calle m\u00e1s concurrida de la ciudad, la Rua de Santa Catarina, est\u00e1 llena de comercios nacionales e internacionales. Una de las mayores atracciones es el Caf\u00e9 Majestic, un lujoso caf\u00e9 que cuenta la historia de Porto en los a\u00f1os 20, con intrigas pol\u00edticas y debates de ideas, reflejando la \"Belle \u00c9poque\" de Porto, llena de escritores y artistas.<br \/>A continuaci\u00f3n, nuestro recorrido nos llevar\u00e1 a visitar una de las librer\u00edas m\u00e1s famosas y bellas del mundo, la Librer\u00eda Lello, raz\u00f3n por la cual una de las pel\u00edculas del famoso Harry Potter se inspir\u00f3 en esta librer\u00eda extremadamente encantadora con su interior parecido a la madera. Despu\u00e9s, visitaremos la Catedral de Porto con su fant\u00e1stica vista de la ciudad, el Palacio de la Bolsa, la Iglesia de S\u00e3o Francisco, entre otros.<br \/>Luego cruzaremos el Puente de D. Luis, hacia Gaia, donde visitaremos una de las bodegas de vino de Porto, para entender todo el proceso de producci\u00f3n de este vino \u00fanico. Muy cerca se encuentra el Monasterio de la Serra do Pilar, con una vista impresionante de la ciudad de Porto y la desembocadura del r\u00edo Duero.<\/p>\n<p><a href=\"https:\/\/tours.com.pt\/en\/hotel-suggestions-in-porto\/\" target=\"_blank\" rel=\"noopener\"><span class=\"s2\"><b>\ud83d\udecc - Pernoctaci\u00f3n en Porto<\/b><\/span><\/a><\/p>"},{"title":"D\u00eda 5: En este d\u00eda ofrecemos dos opciones, de las cuales puedes elegir una:","content":"<div class=\"timeline__item__icon__text\"><strong>Opci\u00f3n 1 \u2013 Tour al Valle del Duero<\/strong><\/div>\n<p><strong><img class=\"size-medium wp-image-15837 alignleft\" src=\"https:\/\/tours.com.pt\/wp-content\/uploads\/2024\/10\/douro-montanhas-vale-do-douro-300x167.jpg\" alt=\"\" width=\"300\" height=\"167\" \/><\/strong><strong>Valle del Duero<\/strong> \u2013 Saliendo de nuestro hotel en Oporto, nuestra primera parada ser\u00e1 Amarante, donde podremos rezar al famoso santo casamentero, San Gonzalo de Amarante, y admirar la iglesia y convento que llevan su nombre. Tambi\u00e9n veremos el puente del siglo XVIII que conecta las orillas del r\u00edo T\u00e1mega, el mayor afluente del Duero.<br \/>Seguiremos hacia Vila Real, m\u00e1s concretamente hasta la parroquia de Mateus, donde podremos admirar uno de los palacios barrocos m\u00e1s bellos de Portugal, con sus jardines e historia. Aqu\u00ed se origin\u00f3 el famoso vino Mateus Ros\u00e9.<br \/>Nuestro itinerario contin\u00faa hacia el Alto Duero Vinhateiro, donde disfrutaremos de una vista espectacular desde el Mirador de Casal de Loivos y visitaremos la estaci\u00f3n de tren de Pinh\u00e3o, donde 24 paneles de azulejos muestran el arduo trabajo en la producci\u00f3n del preciado vino. Esta regi\u00f3n fue declarada Patrimonio de la Humanidad por la UNESCO en 2001.<br \/>El punto culminante de nuestro viaje al Valle del Duero ser\u00e1 la visita a una quinta, donde aprenderemos todo el proceso, desde el cultivo, la poda, la vendimia, hasta el tan esperado producto final, el vino. Despu\u00e9s de tanto conocimiento, finalmente tendremos la oportunidad de probarlo.<br \/><strong>Opci\u00f3n 2 \u2013 Tour Braga y Guimar\u00e3es<\/strong><\/p>\n<p><strong><img class=\"size-medium wp-image-15834 alignleft\" src=\"https:\/\/tours.com.pt\/wp-content\/uploads\/2024\/10\/bom-jesus-braga-jardim-300x167.jpg\" alt=\"\" width=\"300\" height=\"167\" \/><\/strong><strong>Braga y Guimar\u00e3es<\/strong> \u2013 En esta opci\u00f3n, comenzamos el d\u00eda visitando Guimar\u00e3es, Patrimonio de la Humanidad desde 2001, situada en la colina sagrada donde una estatua de Dom Afonso Henriques vigila.<br \/>Aqu\u00ed descubriremos los secretos de su castillo y la fundaci\u00f3n de Portugal, la Iglesia de San Miguel y el Palacio de los Duques de Braganza. Caminaremos por sus calles, que parecen sacadas de un cuento medieval, con hermosas plazas como la de S\u00e3o Tiago, Toural y Oliveira. Tambi\u00e9n tendremos la oportunidad de probar un pastel de Santa Clara.<br \/>Despu\u00e9s del almuerzo, nos dirigiremos a Braga, una ciudad moderna que a\u00fan conserva rastros de la presencia romana. Visitaremos su Catedral, donde se guarda la cruz utilizada en la primera misa rezada en Brasil, admiraremos los magn\u00edficos \u00f3rganos de tubos y visitaremos el coro alto y las capillas mortuorias de algunos arzobispos bracarenses, donde se encuentran los sepulcros de los padres del primer rey de Portugal (D. Afonso Henriques).<br \/>El Parque del Bom Jesus, rodeado de exuberante vegetaci\u00f3n, fue construido entre los siglos XVIII y XIX, combinando estilos arquitect\u00f3nicos barroco, rococ\u00f3 y neocl\u00e1sico, y cuenta con diversas capillas del V\u00eda Crucis y una monumental escalera adornada con estatuas y fuentes simb\u00f3licas.<br \/>\u00bfTe imaginas ser transportado por un funicular movido por agua utilizando contrapesos? El m\u00e1s antiguo del mundo, sin haber conocido nunca un accidente, funciona con un tanque de agua en la cabina superior que se llena para que, a trav\u00e9s de la diferencia de peso, la otra cabina suba la pendiente, vaciando el agua cuando llega al fondo.<br \/>Nuestra visita no estar\u00e1 completa sin ver algunas otras atracciones de la ciudad, como el Palacio Episcopal con sus jardines de Santa B\u00e1rbara, la Iglesia de la Santa Cruz y, finalmente, la Pra\u00e7a da Rep\u00fablica, donde se siente el pulso vibrante de la ciudad.<br \/>Al final del d\u00eda, volvemos a Lisboa o Porto.<\/p>\n<div class=\"share-buttons\" data-urlshare=\"https:\/\/tours.com.pt\/tours\/tour-privado-de-lisboa\/\" data-imageshare=\"https:\/\/tours.com.pt\/wp-content\/uploads\/2015\/07\/Lisboa.jpg\">\n<div class=\"share-buttons__item share-buttons__item--facebook\" data-btntype=\"facebook\">\u00a0<\/div>\n<\/div>"}],"faqs":[{"title":"\u00bfPuedo hacer cambios en el tour?","content":"<p>S\u00ed, puedes hacer cambios sin costo adicional siempre que estos cambios no alteren la duraci\u00f3n o distancia del tour.<\/p>"},{"title":"\u00bfC\u00f3mo puedo reservar un tour?","content":"<p class=\"p1\">\u00a1Reservar es muy sencillo! Solo tiene que elegir el tour deseado en nuestro sitio web, enviarnos un mensaje por WhatsApp o completar el formulario de reserva con sus datos y la fecha que prefiera. Luego, nos pondremos en contacto para confirmar la disponibilidad y finalizar su reserva.<\/p>"},{"title":"\u00bfQu\u00e9 es \"Reserva Ahora, Paga Despu\u00e9s\"?","content":"<p class=\"p1\">Con esta opci\u00f3n, puede asegurar su lugar en el tour sin necesidad de realizar el pago inmediato. Su reserva quedar\u00e1 confirmada y el pago podr\u00e1 realizarse m\u00e1s adelante, ofreci\u00e9ndole total flexibilidad. \u00a1Es la manera ideal de planificar sin preocupaciones!<\/p>"},{"title":"\u00bfTengo que pagar por adelantado?","content":"<p>El pago se realizar\u00e1 de la siguiente manera: 20% al reservar y el saldo restante el d\u00eda del tour. Para los tours de varios d\u00edas, el saldo restante se pagar\u00e1 al final del primer d\u00eda.<\/p>"},{"title":"\u00bfC\u00f3mo funciona la pol\u00edtica de cancelaci\u00f3n del tour?","content":"<p class=\"p1\">Las reservas pueden cancelarse sin coste hasta 4 d\u00edas antes de la fecha del tour. Para cancelaciones realizadas con menos de 4 d\u00edas de antelaci\u00f3n, se aplicar\u00e1n nuestras pol\u00edticas de cancelaci\u00f3n, que pueden variar seg\u00fan el servicio. Por favor, consulte nuestros T\u00e9rminos y Condiciones para m\u00e1s detalles.<\/p>"},{"title":"\u00bfRecibo un reembolso en caso de cancelaci\u00f3n?","content":"<p class=\"p1\">S\u00ed, si cancela dentro del plazo establecido, tiene derecho a un reembolso total. Las cancelaciones realizadas con menos de 4 d\u00edas de antelaci\u00f3n est\u00e1n sujetas a nuestras pol\u00edticas de cancelaci\u00f3n, que pueden variar seg\u00fan el servicio. Consulte nuestros T\u00e9rminos y Condiciones para obtener m\u00e1s informaci\u00f3n.<\/p>"},{"title":"\u00bfC\u00f3mo puedo cambiar la fecha de mi reserva?","content":"<p class=\"p1\">P\u00f3ngase en contacto con nosotros lo antes posible. Haremos todo lo posible para cambiar la fecha de su reserva sin coste adicional, sujeto a disponibilidad.<\/p>"},{"title":"\u00bfHay sillas para ni\u00f1os disponibles?","content":"<p>Disponemos de sillas para ni\u00f1os de varias edades.<\/p>"},{"title":"\u00bfPueden comprar los boletos por nosotros?","content":"<p>Podemos comprar los boletos en tu nombre; sin embargo, este servicio tiene un costo administrativo de 5 Euros por boleto y la compra no es reembolsable.<\/p>"},{"title":"\u00bfNos recoger\u00e1n en nuestro hotel?","content":"<p>S\u00ed, el inicio de cada tour ser\u00e1 en tu hotel o apartamento.<\/p>"},{"title":"\u00bfHay m\u00e1s gente en nuestro tour?","content":"<p>No, todos nuestros tours son privados.<\/p>"},{"title":"\u00bfEl gu\u00eda nos acompa\u00f1a durante las visitas?","content":"<p>El gu\u00eda te acompa\u00f1ar\u00e1 durante las visitas cuando pueda estacionar el veh\u00edculo de forma segura y cuando no haya pertenencias personales dentro del veh\u00edculo.<\/p>"},{"title":"\u00bfCu\u00e1l es la duraci\u00f3n del tour?","content":"<p>El tour dura aproximadamente 8 horas.<\/p>"},{"title":"\u00bfQu\u00e9 tipo de veh\u00edculo utilizan?","content":"<p>Todos nuestros veh\u00edculos son Mercedes y est\u00e1n en perfectas condiciones.<\/p>"}],"is_featured":false,"trip_reviews":{"reviews":[],"average":0,"count":0},"featured_image":{"width":1100,"height":600,"file":"2024\/10\/ribeira-a-porto.jpg","filesize":285685,"sizes":{"medium":{"file":"ribeira-a-porto-300x164.jpg","width":300,"height":164,"filesize":19138,"mime_type":"image\/jpeg","source_url":"https:\/\/tours.com.pt\/wp-content\/uploads\/2024\/10\/ribeira-a-porto-300x164.jpg"},"large":{"file":"ribeira-a-porto-1024x559.jpg","width":1024,"height":559,"filesize":183506,"mime_type":"image\/jpeg","source_url":"https:\/\/tours.com.pt\/wp-content\/uploads\/2024\/10\/ribeira-a-porto-1024x559.jpg"},"thumbnail":{"file":"ribeira-a-porto-150x150.jpg","width":150,"height":150,"filesize":9366,"mime_type":"image\/jpeg","source_url":"https:\/\/tours.com.pt\/wp-content\/uploads\/2024\/10\/ribeira-a-porto-150x150.jpg"},"medium_large":{"file":"ribeira-a-porto-768x419.jpg","width":768,"height":419,"filesize":108954,"mime_type":"image\/jpeg","source_url":"https:\/\/tours.com.pt\/wp-content\/uploads\/2024\/10\/ribeira-a-porto-768x419.jpg"},"trip-thumb-size":{"file":"ribeira-a-porto-376x212.jpg","width":376,"height":212,"filesize":29426,"mime_type":"image\/jpeg","source_url":"https:\/\/tours.com.pt\/wp-content\/uploads\/2024\/10\/ribeira-a-porto-376x212.jpg"},"destination-thumb-size":{"file":"ribeira-a-porto-600x600.jpg","width":600,"height":600,"filesize":138404,"mime_type":"image\/jpeg","source_url":"https:\/\/tours.com.pt\/wp-content\/uploads\/2024\/10\/ribeira-a-porto-600x600.jpg"},"destination-thumb-trip-size":{"file":"ribeira-a-porto-410x250.jpg","width":410,"height":250,"filesize":37450,"mime_type":"image\/jpeg","source_url":"https:\/\/tours.com.pt\/wp-content\/uploads\/2024\/10\/ribeira-a-porto-410x250.jpg"},"activities-thumb-size":{"file":"ribeira-a-porto-600x600.jpg","width":600,"height":600,"filesize":138404,"mime_type":"image\/jpeg","source_url":"https:\/\/tours.com.pt\/wp-content\/uploads\/2024\/10\/ribeira-a-porto-600x600.jpg"},"trip-single-size":{"file":"ribeira-a-porto-990x490.jpg","width":990,"height":490,"filesize":161470,"mime_type":"image\/jpeg","source_url":"https:\/\/tours.com.pt\/wp-content\/uploads\/2024\/10\/ribeira-a-porto-990x490.jpg"},"travel-muni-pro-header-image-3":{"file":"ribeira-a-porto-960x600.jpg","width":960,"height":600,"filesize":217449,"mime_type":"image\/jpeg","source_url":"https:\/\/tours.com.pt\/wp-content\/uploads\/2024\/10\/ribeira-a-porto-960x600.jpg"},"travel-muni-pro-header-bg-img":{"file":"ribeira-a-porto-642x350.jpg","width":642,"height":350,"filesize":77752,"mime_type":"image\/jpeg","source_url":"https:\/\/tours.com.pt\/wp-content\/uploads\/2024\/10\/ribeira-a-porto-642x350.jpg"},"travel-muni-pro-schema":{"file":"ribeira-a-porto-110x60.jpg","width":110,"height":60,"filesize":3427,"mime_type":"image\/jpeg","source_url":"https:\/\/tours.com.pt\/wp-content\/uploads\/2024\/10\/ribeira-a-porto-110x60.jpg"},"travel-muni-pro-middle-square-thumb":{"file":"ribeira-a-porto-600x600.jpg","width":600,"height":600,"filesize":138404,"mime_type":"image\/jpeg","source_url":"https:\/\/tours.com.pt\/wp-content\/uploads\/2024\/10\/ribeira-a-porto-600x600.jpg"},"activity-thumb-size":{"file":"ribeira-a-porto-640x360.jpg","width":640,"height":360,"filesize":79247,"mime_type":"image\/jpeg","source_url":"https:\/\/tours.com.pt\/wp-content\/uploads\/2024\/10\/ribeira-a-porto-640x360.jpg"},"travel-muni-pro-full-blog":{"file":"ribeira-a-porto-610x343.jpg","width":610,"height":343,"filesize":72643,"mime_type":"image\/jpeg","source_url":"https:\/\/tours.com.pt\/wp-content\/uploads\/2024\/10\/ribeira-a-porto-610x343.jpg"},"travel-muni-pro-404":{"file":"ribeira-a-porto-800x534.jpg","width":800,"height":534,"filesize":139258,"mime_type":"image\/jpeg","source_url":"https:\/\/tours.com.pt\/wp-content\/uploads\/2024\/10\/ribeira-a-porto-800x534.jpg"},"megamenu-thumb-size":{"file":"ribeira-a-porto-594x373.jpg","width":594,"height":373,"filesize":76346,"mime_type":"image\/jpeg","source_url":"https:\/\/tours.com.pt\/wp-content\/uploads\/2024\/10\/ribeira-a-porto-594x373.jpg"},"travel-muni-pro-wte-tax-thumb":{"file":"ribeira-a-porto-594x400.jpg","width":594,"height":400,"filesize":82348,"mime_type":"image\/jpeg","source_url":"https:\/\/tours.com.pt\/wp-content\/uploads\/2024\/10\/ribeira-a-porto-594x400.jpg"},"travel-muni-pro-single-trip-banner":{"file":"ribeira-a-porto-1100x500.jpg","width":1100,"height":500,"filesize":218380,"mime_type":"image\/jpeg","source_url":"https:\/\/tours.com.pt\/wp-content\/uploads\/2024\/10\/ribeira-a-porto-1100x500.jpg"},"full":{"file":"ribeira-a-porto.jpg","width":1100,"height":600,"source_url":"https:\/\/tours.com.pt\/wp-content\/uploads\/2024\/10\/ribeira-a-porto.jpg"}},"image_meta":{"aperture":"0","credit":"","camera":"","caption":"","created_timestamp":"0","copyright":"","focal_length":"0","iso":"0","shutter_speed":"0","title":"","orientation":"0","keywords":[]}},"_links":{"self":[{"href":"https:\/\/tours.com.pt\/es\/wp-json\/wp\/v2\/trip\/16420","targetHints":{"allow":["GET"]}}],"collection":[{"href":"https:\/\/tours.com.pt\/es\/wp-json\/wp\/v2\/trip"}],"about":[{"href":"https:\/\/tours.com.pt\/es\/wp-json\/wp\/v2\/types\/trip"}],"author":[{"embeddable":true,"href":"https:\/\/tours.com.pt\/es\/wp-json\/wp\/v2\/users\/9"}],"replies":[{"embeddable":true,"href":"https:\/\/tours.com.pt\/es\/wp-json\/wp\/v2\/comments?post=16420"}],"version-history":[{"count":1,"href":"https:\/\/tours.com.pt\/es\/wp-json\/wp\/v2\/trip\/16420\/revisions"}],"predecessor-version":[{"id":21140,"href":"https:\/\/tours.com.pt\/es\/wp-json\/wp\/v2\/trip\/16420\/revisions\/21140"}],"wp:featuredmedia":[{"embeddable":true,"href":"https:\/\/tours.com.pt\/es\/wp-json\/wp\/v2\/media\/15855"}],"wp:attachment":[{"href":"https:\/\/tours.com.pt\/es\/wp-json\/wp\/v2\/media?parent=16420"}],"wp:term":[{"taxonomy":"destination","embeddable":true,"href":"https:\/\/tours.com.pt\/es\/wp-json\/wp\/v2\/destination?post=16420"},{"taxonomy":"activities","embeddable":true,"href":"https:\/\/tours.com.pt\/es\/wp-json\/wp\/v2\/activities?post=16420"},{"taxonomy":"trip_types","embeddable":true,"href":"https:\/\/tours.com.pt\/es\/wp-json\/wp\/v2\/trip_types?post=16420"},{"taxonomy":"difficulty","embeddable":true,"href":"https:\/\/tours.com.pt\/es\/wp-json\/wp\/v2\/difficulty?post=16420"},{"taxonomy":"trip_tag","embeddable":true,"href":"https:\/\/tours.com.pt\/es\/wp-json\/wp\/v2\/trip_tag?post=16420"}],"curies":[{"name":"wp","href":"https:\/\/api.w.org\/{rel}","templated":true}]}}