




{"id":16404,"date":"2024-10-16T04:24:39","date_gmt":"2024-10-16T03:24:39","guid":{"rendered":"https:\/\/tours.com.pt\/trip\/roteiro-portugal-espanha\/"},"modified":"2026-03-03T10:45:52","modified_gmt":"2026-03-03T10:45:52","slug":"ruta-portugal-espana","status":"publish","type":"trip","link":"https:\/\/tours.com.pt\/es\/trip\/ruta-portugal-espana\/","title":{"rendered":"Descubre la Mejor Ruta Portugal Espa\u00f1a: Cultura y Gastronom\u00eda"},"content":{"rendered":"\n<h3 class=\"wp-block-heading has-text-align-left\"><strong>Explora Portugal y Espa\u00f1a con Walkborder<\/strong><\/h3>\n\n\n\n<p class=\"has-text-align-left\">\u00a1Descubre la mejor Ruta Portugal Espa\u00f1a con Walkborder! Estos dos pa\u00edses vecinos, ricos en cultura, historia y gastronom\u00eda, ofrecen una experiencia \u00fanica. En un solo viaje, tendr\u00e1s la oportunidad de explorar el encanto portugu\u00e9s y la energ\u00eda vibrante espa\u00f1ola. \u00a1Vamos a descubrir qu\u00e9 hace que este paseo sea tan especial!<\/p>\n\n\n\n<p class=\"has-text-align-center\">Este tour privado de varios d\u00edas comenzar\u00e1 y terminar\u00e1 en la ciudad de Lisboa. Si tienes alguna pregunta, no dudes en <a href=\"https:\/\/tours.com.pt\/es\/contacto\/\" target=\"_blank\" rel=\"noopener\" title=\"\"><strong>contactarnos<\/strong><\/a>.<\/p>\n\n\n\n<p style=\"font-size:27px;font-style:normal;font-weight:600\"><a href=\"https:\/\/emojiterra.com\/pt\/calendario-espiral\/\">\ud83d\uddd3\ufe0f<\/a>&nbsp;Precios:<\/p>\n\n\n\n<figure class=\"wp-block-table is-style-stripes\" style=\"font-size:19px;font-style:italic;font-weight:600\"><table class=\"has-black-color has-text-color has-background has-link-color has-fixed-layout\" style=\"background:linear-gradient(135deg,rgb(168,168,168) 0%,rgb(254,254,254) 100%)\"><thead><tr><th class=\"has-text-align-center\" data-align=\"center\">N\u00famero de Personas<\/th><th class=\"has-text-align-center\" data-align=\"center\">Precio<\/th><th class=\"has-text-align-center\" data-align=\"center\">Precio Persona<\/th><\/tr><\/thead><tbody><tr><td class=\"has-text-align-center\" data-align=\"center\">1 Persona<\/td><td class=\"has-text-align-center\" data-align=\"center\">3885\u20ac<\/td><td class=\"has-text-align-center\" data-align=\"center\">&#8211;<\/td><\/tr><tr><td class=\"has-text-align-center\" data-align=\"center\">2 Personas<\/td><td class=\"has-text-align-center\" data-align=\"center\">4095\u20ac<\/td><td class=\"has-text-align-center\" data-align=\"center\">2047\u20ac por Persona<\/td><\/tr><tr><td class=\"has-text-align-center\" data-align=\"center\">3 Personas<\/td><td class=\"has-text-align-center\" data-align=\"center\">4357\u20ac<\/td><td class=\"has-text-align-center\" data-align=\"center\">1452\u20ac por Persona<\/td><\/tr><tr><td class=\"has-text-align-center\" data-align=\"center\">4 Personas<\/td><td class=\"has-text-align-center\" data-align=\"center\">4515\u20ac<\/td><td class=\"has-text-align-center\" data-align=\"center\">1128\u20ac por Persona<\/td><\/tr><tr><td class=\"has-text-align-center\" data-align=\"center\">5 Personas<\/td><td class=\"has-text-align-center\" data-align=\"center\">4730\u20ac<\/td><td class=\"has-text-align-center\" data-align=\"center\">946\u20ac por Persona<\/td><\/tr><tr><td class=\"has-text-align-center\" data-align=\"center\">6 Personas<\/td><td class=\"has-text-align-center\" data-align=\"center\">4998\u20ac<\/td><td class=\"has-text-align-center\" data-align=\"center\">775\u20ac por Persona<\/td><\/tr><tr><td class=\"has-text-align-center\" data-align=\"center\">7 Personas<\/td><td class=\"has-text-align-center\" data-align=\"center\">5267\u20ac<\/td><td class=\"has-text-align-center\" data-align=\"center\">833\u20ac por Persona<\/td><\/tr><tr><td class=\"has-text-align-center\" data-align=\"center\">8 Personas<\/td><td class=\"has-text-align-center\" data-align=\"center\">5536\u20ac<\/td><td class=\"has-text-align-center\" data-align=\"center\">692\u20ac por Persona<\/td><\/tr><\/tbody><\/table><\/figure>\n\n\n\n<hr class=\"wp-block-separator has-alpha-channel-opacity\"\/>\n\n\n\n<figure class=\"wp-block-image size-full is-resized\"><img decoding=\"async\" src=\"data:image\/gif;base64,R0lGODlhAQABAAAAACH5BAEKAAEALAAAAAABAAEAAAICTAEAOw==\" data-layzr=\"https:\/\/tours.com.pt\/wp-content\/uploads\/2024\/10\/imagem-panoramica-de-sevilha.webp\" alt=\"Ruta Portugal Espa\u00f1a\" class=\"wp-image-16335\" style=\"width:838px;height:auto\"\/><\/figure>\n\n\n\n<hr class=\"wp-block-separator has-alpha-channel-opacity\"\/>\n\n\n\n<h3 class=\"wp-block-heading\">Ruta Portugal Espa\u00f1a: <strong>Cultura Rica y Similitudes \u00danicas<\/strong><\/h3>\n\n\n\n<p>Portugal y Espa\u00f1a comparten siglos de historia entrelazada. A pesar de sus diferencias, tienen muchas conexiones culturales. Por ejemplo:<\/p>\n\n\n\n<ul class=\"wp-block-list\">\n<li><strong>Religi\u00f3n y Festividades:<\/strong> Ambos tienen profundas ra\u00edces cristianas. Las celebraciones de la <a href=\"https:\/\/es.wikipedia.org\/wiki\/Semana_Santa\" target=\"_blank\" rel=\"noopener\" title=\"\">Semana Santa<\/a> son impresionantes, tanto en Sevilla (Espa\u00f1a) como en Braga (Portugal).<\/li>\n\n\n\n<li><strong>Arquitectura Imponente:<\/strong> Mientras Portugal destaca con sus azulejos (baldosas) y el <a href=\"https:\/\/es.wikipedia.org\/wiki\/Estilo_manuelino\" target=\"_blank\" rel=\"noopener\" title=\"\">estilo manuelino<\/a>, Espa\u00f1a encanta con su <a href=\"https:\/\/es.wikipedia.org\/wiki\/Arquitectura_g%C3%B3tica\" target=\"_blank\" rel=\"noopener\" title=\"\">arquitectura g\u00f3tica<\/a> y las obras modernistas de <a href=\"https:\/\/pt.wikipedia.org\/wiki\/Antoni_Gaud%C3%AD\" target=\"_blank\" rel=\"noopener\" title=\"\">Gaud\u00ed<\/a>.<\/li>\n\n\n\n<li><strong>M\u00fasica Apasionante:<\/strong> El <a href=\"https:\/\/es.wikipedia.org\/wiki\/Fado\" target=\"_blank\" rel=\"noopener\" title=\"\">fado<\/a> portugu\u00e9s emociona con su melancol\u00eda, mientras que el <a href=\"https:\/\/es.wikipedia.org\/wiki\/Flamenco\" target=\"_blank\" rel=\"noopener\" title=\"\">flamenco<\/a> espa\u00f1ol transmite energ\u00eda y pasi\u00f3n.<\/li>\n<\/ul>\n\n\n\n<p>No importa lo que prefieras, siempre habr\u00e1 algo que te cautive.<\/p>\n\n\n\n<h3 class=\"wp-block-heading\">Ruta Portugal Espa\u00f1a: <strong>Sabores Irresistibles: Gastronom\u00eda Ib\u00e9rica<\/strong><\/h3>\n\n\n\n<p>\u00a1Prep\u00e1rate para una explosi\u00f3n de sabores! Portugal y Espa\u00f1a ofrecen platos deliciosos y \u00fanicos, pero comparten un amor por los ingredientes frescos y simples.<\/p>\n\n\n\n<ul class=\"wp-block-list\">\n<li><strong>Similitudes:<\/strong> Ambos utilizan mucho aceite de oliva y son maestros en la preparaci\u00f3n de mariscos.<\/li>\n\n\n\n<li><strong>Platos para Probar:<\/strong>\n<ul class=\"wp-block-list\">\n<li><strong>En Portugal:<\/strong> Bacalao (bacalhau), Cozido \u00e0 Portuguesa y, por supuesto, los Pasteles de Bel\u00e9m.<\/li>\n\n\n\n<li><strong>En Espa\u00f1a:<\/strong> Paella, Tapas, Tortilla Espa\u00f1ola y el famoso Jam\u00f3n Ib\u00e9rico.<\/li>\n<\/ul>\n<\/li>\n<\/ul>\n\n\n\n<p>Y no olvidemos los vinos. Saborea el Vino de Oporto en Portugal y la Sangr\u00eda en Espa\u00f1a.<\/p>\n\n\n\n<h3 class=\"wp-block-heading\"><strong>Diferencias Sorprendentes<\/strong><\/h3>\n\n\n\n<p>Aunque son vecinos, Portugal y Espa\u00f1a tienen personalidades muy diferentes. Portugal es m\u00e1s tranquilo, con calles adoquinadas y una atm\u00f3sfera nost\u00e1lgica. Por otro lado, Espa\u00f1a es vibrante y llena de energ\u00eda, especialmente por la noche, con sus animadas fiestas y un estilo de vida intenso.<\/p>\n\n\n\n<p>\u00a1Esta mezcla de contrastes hace que el viaje sea a\u00fan m\u00e1s fascinante!<\/p>\n","protected":false},"excerpt":{"rendered":"<p>Explora Portugal y Espa\u00f1a con Walkborder \u00a1Descubre la mejor Ruta Portugal Espa\u00f1a con Walkborder! Estos dos pa\u00edses vecinos, ricos en cultura, historia y gastronom\u00eda, ofrecen una experiencia \u00fanica. En un solo viaje, tendr\u00e1s la oportunidad de explorar el encanto portugu\u00e9s y la energ\u00eda vibrante espa\u00f1ola. \u00a1Vamos a descubrir qu\u00e9 hace que este paseo sea tan &hellip; <\/p>\n","protected":false},"author":9,"featured_media":16352,"comment_status":"open","ping_status":"closed","template":"","destination":[352,384,354,382,380,472,474,378,360,454,471,447,368,366],"activities":[],"trip_types":[76,338],"difficulty":[],"trip_tag":[347,388,386,415,520],"class_list":["post-16404","trip","type-trip","status-publish","has-post-thumbnail","hentry","destination-aveiro-es","destination-cascais-es","destination-coimbra-es","destination-estoril-es","destination-evora-es","destination-faro","destination-faro-es","destination-fatima-es","destination-guimaraes-es","destination-lisboa-es","destination-nazare-es","destination-porto-es","destination-sintra-es","destination-tomar-es","trip_types-comecando-no-porto","trip_types-empezando-en-lisboa","trip_tag-lisboa-es","trip_tag-porto-es","trip_tag-tour-lisboa-es","trip_tag-tour-privado-2","trip_tag-tour-privado-es","latest_post"],"packages_ids":[16454],"trip_extras":[],"cut_off_time":{"enabled":true,"duration":2,"duration_unit":"days"},"booked-seats":[],"aioseo_notices":[],"code":"Itinerario de la Ruta Portugal-Espa\u00f1a","price":0,"has_sale":false,"sale_price":0,"discount_percent":0,"currency":{"code":"EUR","symbol":"&euro;"},"duration":{"days":10,"nights":0,"duration_unit":"days","duration_type":"days"},"min_pax":1,"max_pax":"","discount_value":0,"discount_label":"0% Off","primary_category":596,"available_times":{"type":"default","items":["2021-1-01","2021-2-01","2021-3-01","2021-4-01","2021-5-01","2021-6-01","2021-7-01","2021-8-01","2021-9-01","2021-10-01","2021-11-01","2021-12-01"]},"description":"<p>La Ruta Portugal-Espa\u00f1a es un itinerario extremadamente completo para quienes desean conocer Portugal y Espa\u00f1a. Es una ruta que comienza y termina en Portugal, con una duraci\u00f3n de aproximadamente 10 d\u00edas, visitando varias ciudades como Lisboa, Sintra, Oporto, Aveiro, Santiago de Compostela y Sevilla. D\u00edas de diversi\u00f3n y descubrimientos en estos dos pa\u00edses que tanto tienen en com\u00fan, \u00a1o quiz\u00e1s no!<\/p>","cost_includes":"En el octavo d\u00eda: Visita a la F\u00e1brica de Corcho.\nEn el octavo d\u00eda: Visita a una Bodega en \u00c9vora con una Degustaci\u00f3n de Vinos Exclusiva.\nConductor\/Gu\u00eda Privado durante el tour en portugu\u00e9s, espa\u00f1ol e ingl\u00e9s.\nRecogida y regreso al hotel donde se hospede.\nTransporte exclusivo, c\u00f3modo y moderno.\nVisitas Guiadas\nAgua embotellada incluida.\nWi-Fi a bordo.\nCobertura de seguro de accidentes.\nServicio de atenci\u00f3n al cliente 24\/7.","cost_excludes":"Entradas a Monumentos\nComidas (Almuerzos y Cenas)\nVuelos hacia\/desde Portugal\nGastos Personales\nOtros Gastos No Mencionados","itineraries":[{"title":"D\u00eda 1: Lisboa","content":"<p><img class=\"size-medium wp-image-16047 alignright\" src=\"https:\/\/tours.com.pt\/wp-content\/uploads\/2024\/10\/lisboa-mosteiro-dos-jeronimos-dia-300x167.jpg\" alt=\"\" width=\"300\" height=\"167\" \/><\/p>\n<p>D\u00eda entero dedicado a la ciudad de Lisboa, esta ciudad que llor\u00f3 la partida de sus hijos en busca del nuevo mundo, creando esta m\u00fasica melanc\u00f3lica que es el Fado. Comenzamos el d\u00eda visitando la nueva Lisboa, el Parque de las Naciones, un \u00e9xito en t\u00e9rminos de rehabilitaci\u00f3n de las ciudades modernas. Esta \u00e1rea, que hasta 1998 estaba bastante degradada, se convirti\u00f3 en uno de los lugares m\u00e1s agradables para vivir en Lisboa despu\u00e9s del nacimiento de la Expo 98 (Exposici\u00f3n Mundial en 1998). Si tienes ni\u00f1os, el Oceanario es una excelente opci\u00f3n. Luego, visitaremos la verdadera ciudad, los barrios hist\u00f3ricos como Alfama, Barrio Alto y Chiado, recorri\u00e9ndolos seg\u00fan sus gustos y curiosidades. Tampoco olvidaremos Bel\u00e9m, donde haremos un viaje en el tiempo al siglo XVI para comprender todo el proceso de la expansi\u00f3n mar\u00edtima portuguesa. Para coronar el d\u00eda, en lugar de una cereza, disfrutaremos de un Pastel de Bel\u00e9m.<\/p>\n<p><strong><a href=\"https:\/\/tours.com.pt\/es\/sugerencias-de-hoteles-en-lisboa\/\" target=\"_blank\" rel=\"noopener\">\ud83d\udecc \u2013 Pernoctaci\u00f3n en Lisboa<\/a><\/strong><\/p>"},{"title":"D\u00eda 2: Sintra, Cascais y Estoril","content":"<p><img class=\"size-medium wp-image-16065 alignleft\" src=\"https:\/\/tours.com.pt\/wp-content\/uploads\/2024\/10\/Praia-de-Santa-Marta-em-Cascais-Portugal-vista-de-dia-300x167.jpg\" alt=\"\" width=\"300\" height=\"167\" \/><\/p>\n<article class=\"w-full text-token-text-primary focus-visible:outline-2 focus-visible:outline-offset-[-4px]\" dir=\"auto\" data-testid=\"conversation-turn-17\" data-scroll-anchor=\"true\">\n<div class=\"m-auto text-base py-[18px] px-3 md:px-4 w-full md:px-5 lg:px-4 xl:px-5\">\n<div class=\"mx-auto flex flex-1 gap-4 text-base md:gap-5 lg:gap-6 md:max-w-3xl lg:max-w-[40rem] xl:max-w-[48rem]\">\n<div class=\"group\/conversation-turn relative flex w-full min-w-0 flex-col agent-turn\">\n<div class=\"flex-col gap-1 md:gap-3\">\n<div class=\"flex max-w-full flex-col flex-grow\">\n<div class=\"min-h-8 text-message flex w-full flex-col items-end gap-2 whitespace-normal break-words [.text-message+&amp;]:mt-5\" dir=\"auto\" data-message-author-role=\"assistant\" data-message-id=\"407c57d4-03b0-4715-94de-6ad7ef106d74\" data-message-model-slug=\"gpt-4o\">\n<div class=\"flex w-full flex-col gap-1 empty:hidden first:pt-[3px]\">\n<div class=\"markdown prose w-full break-words dark:prose-invert light\">\n<p>Pasaremos el d\u00eda en Sintra, una villa que ha encantado a visitantes durante siglos, desde personas an\u00f3nimas hasta figuras hist\u00f3ricas como Lord Byron. En el camino, visitaremos el Palacio de Queluz, donde vivi\u00f3 y muri\u00f3 Don Pedro I de Brasil. En Sintra, pruebe los famosos Travesseiros y Queijadas de Piriquita, y elija hasta dos lugares para explorar, como el Palacio de Pena, Quinta da Regaleira, el Castillo de los Moros, entre otros. El almuerzo podr\u00e1 ser en esta regi\u00f3n o ya en Cascais, dependiendo del tiempo en Sintra. Luego, continuamos hacia Cabo da Roca, donde admiraremos el punto m\u00e1s occidental de Europa, y hacia Guincho, con sus bellas dunas de arena. Terminaremos con tiempo libre en Cascais y una breve parada en Estoril y su famoso casino.<\/p>\n<p><strong><a href=\"https:\/\/tours.com.pt\/es\/sugerencias-de-hoteles-en-lisboa\/\" target=\"_blank\" rel=\"noopener\">\ud83d\udecc \u2013 Pernoctaci\u00f3n en Lisboa<\/a><\/strong><\/p>\n<\/div>\n<\/div>\n<\/div>\n<\/div>\n<\/div>\n<\/div>\n<\/div>\n<\/div>\n<\/article>"},{"title":"D\u00eda 3: Lisboa \u2013 F\u00e1tima \u2013 Aveiro \u2013 Porto","content":"<p><img class=\"size-medium wp-image-16044 alignright\" src=\"https:\/\/tours.com.pt\/wp-content\/uploads\/2024\/10\/lateral-santuario-de-fatima-vista-300x167.jpg\" alt=\"\" width=\"300\" height=\"167\" \/><\/p>\n<p>En nuestra ruta por Portugal y Espa\u00f1a, dejamos Lisboa y nos dirigimos a F\u00e1tima, con una parada en el Santuario de Nuestra Se\u00f1ora de F\u00e1tima. Aqu\u00ed podr\u00e1 asistir a una misa y visitar la Capilla de las Apariciones, un lugar de gran importancia espiritual. En el santuario tambi\u00e9n se encuentran la Bas\u00edlica de Nuestra Se\u00f1ora del Rosario, que alberga las tumbas de los tres pastorcitos y de la Hermana Luc\u00eda, y la imponente Bas\u00edlica de la Sant\u00edsima Trinidad. Luego, seguimos hacia Aveiro, conocida como la \"Venecia Portuguesa\". Disfrute de los restaurantes locales, famosos por el bacalao, explore los edificios de estilo Art Nouveau y visite el mercado de Aveiro, dise\u00f1ado por Gustave Eiffel. No se pierda de probar los famosos \"ovos moles\" y dar un paseo en barco moliceiro antes de conocer las salinas, que mantienen viva la tradici\u00f3n de la producci\u00f3n de sal.<\/p>\n<p><strong><a href=\"https:\/\/tours.com.pt\/en\/hotel-suggestions-in-porto\/\" target=\"_blank\" rel=\"noopener\">\ud83d\udecc \u2013 Pernoctaci\u00f3n en Porto<\/a><\/strong><\/p>"},{"title":"D\u00eda 4: Porto","content":"<p style=\"text-align: left;\"><img class=\"wp-image-15999 alignleft\" src=\"https:\/\/tours.com.pt\/wp-content\/uploads\/2024\/10\/porto-catedral-vista-exterior-300x167.jpg\" alt=\"\" width=\"281\" height=\"156\" \/>Este ser\u00e1 un d\u00eda m\u00e1s tranquilo, dedicado a la ciudad de Porto. Exploraremos la Torre de los Cl\u00e9rigos, los hermosos azulejos de la estaci\u00f3n de S\u00e3o Bento y la encantadora Ribeira, que \"coquetea\" con Gaia en la margen opuesta del r\u00edo, adem\u00e1s de la estatua de Don Pedro. Tambi\u00e9n visitaremos la Librer\u00eda Lello, que inspir\u00f3 a J.K. Rowling durante su estancia en la ciudad, donde naci\u00f3 la idea de Harry Potter.<br \/>El almuerzo ser\u00e1 de su elecci\u00f3n, con platos t\u00edpicos como las \"tripas\" y la ic\u00f3nica Francesinha, un s\u00e1ndwich emblem\u00e1tico. Por la tarde, visitaremos una bodega de vino de Porto para una degustaci\u00f3n, y terminaremos el d\u00eda con una vista espectacular de Porto desde el Monasterio de Serra do Pilar.<\/p>\n<p style=\"text-align: left;\"><a href=\"https:\/\/tours.com.pt\/es\/sugerencias-de-hoteles-en-oporto\/\" target=\"_blank\" rel=\"noopener\"><strong>\ud83d\udecc \u2013 Pernoctaci\u00f3n en Porto<\/strong><\/a><\/p>"},{"title":"D\u00eda 5: Porto \u2013 Vigo \u2013 Santiago de Compostela","content":"<p><img class=\"size-medium wp-image-16059 alignleft\" src=\"https:\/\/tours.com.pt\/wp-content\/uploads\/2024\/10\/museu-santiago-compostela-300x167.jpg\" alt=\"\" width=\"300\" height=\"167\" \/><\/p>\n<p>Este d\u00eda volvemos a la carretera, saliendo de Porto hacia los Caminos de Santiago. Haremos una breve parada en Vigo, donde podr\u00e1 explorar y, si lo desea, almorzar. La Rua da Pescader\u00eda es una excelente opci\u00f3n, famosa por sus ostreiras que abren las ostras frescas de la r\u00eda de Vigo, servidas tradicionalmente con lim\u00f3n y acompa\u00f1adas de un vino Albari\u00f1o. Luego seguimos hacia Santiago de Compostela, con su atm\u00f3sfera serena, rica en historia y cultura. Pasearemos por sus calles medievales, llenas de m\u00fasica, arte y estudiantes universitarios, adem\u00e1s de los numerosos peregrinos que comparten sus jornadas. La visita a la Catedral de Santiago de Compostela es imprescindible, ya que, seg\u00fan la tradici\u00f3n, alberga la tumba del ap\u00f3stol Santiago el Mayor, patr\u00f3n de Espa\u00f1a y uno de los principales destinos de peregrinaci\u00f3n cristiana en Europa desde la Edad Media.<\/p>\n<p><strong><a href=\"https:\/\/www.booking.com\/searchresults.es.html?aid=372873&amp;lang=es&amp;sid=ad968f4969281022ca523eb01e07aa52&amp;sb=1&amp;src=hotel&amp;src_elem=sb&amp;error_url=https%3A%2F%2Fwww.booking.com%2Fhotel%2Fpt%2Friversuites.es.html%3Faid%3D372873%26sid%3Dad968f4969281022ca523eb01e07aa52%26dest_id%3D-2163275%3Bdest_type%3Dcity%3Bdist%3D0%3Bgroup_adults%3D1%3Bgroup_children%3D0%3Bno_rooms%3D1%3Broom1%3DA%252CA%3Bsb_price_type%3Dtotal%3Bsrfid%3D8eaf79c2c22db62e3193a99bfe30662daf8d8fd0X9%3Btype%3Dtotal%3Bucfs%3D1%26&amp;highlighted_hotels=447403&amp;hp_sbox=1&amp;ss=Santiago+de+Compostela%2C+Galicia%2C+Espa%C3%B1a&amp;is_ski_area=&amp;ssne=Co%C3%ADmbra&amp;ssne_untouched=Co%C3%ADmbra&amp;checkin_year=2024&amp;checkin_month=10&amp;checkin_monthday=28&amp;checkout_year=2024&amp;checkout_month=10&amp;checkout_monthday=29&amp;group_adults=2&amp;group_children=0&amp;no_rooms=1&amp;from_sf=1&amp;ss_raw=santiago+c&amp;ac_position=0&amp;ac_langcode=es&amp;ac_click_type=b&amp;ac_meta=GhBiYjc1NDE0NGEyZDEwMzA0IAAoATICZXM6CnNhbnRpYWdvIGNAAEoAUAA%3D&amp;dest_id=-402059&amp;dest_type=city&amp;iata=SCQ&amp;place_id_lat=42.8805&amp;place_id_lon=-8.54514&amp;search_pageview_id=bb754144a2d10304&amp;search_selected=true&amp;search_pageview_id=bb754144a2d10304&amp;ac_suggestion_list_length=5&amp;ac_suggestion_theme_list_length=0\" target=\"_blank\" rel=\"noopener\">\ud83d\udecc \u2013 Pernoctaci\u00f3n en Santiago de Compostela<\/a><\/strong><\/p>"},{"title":"D\u00eda 6: Santiago de Compostela \u2013 Guimar\u00e3es \u2013 Coimbra","content":"<p><img class=\"size-medium wp-image-16038 alignleft\" src=\"https:\/\/tours.com.pt\/wp-content\/uploads\/2024\/10\/castelo-guimaraes-vista-frente-300x167.jpg\" alt=\"\" width=\"300\" height=\"167\" \/><\/p>\n<p>Partiendo de Santiago de Compostela, nos dirigimos a Guimar\u00e3es, el \"berce de Portugal\". Aqu\u00ed exploramos su centro hist\u00f3rico, destacando el Castillo de Guimar\u00e3es y el Pa\u00e7o de los Duques de Braganza, que marcan el inicio de la monarqu\u00eda portuguesa. Continuamos hacia Co\u00edmbra, con una parada en Mealhada, famosa por su delicioso lech\u00f3n asado. En Co\u00edmbra, visitamos la universidad m\u00e1s antigua de Portugal, incluyendo la impresionante Biblioteca Joanina, la Capilla de San Miguel y la Sala dos Capelos. Un d\u00eda rico en historia y cultura, revelando los encantos de dos ciudades portuguesas emblem\u00e1ticas.<\/p>\n<p><strong><a href=\"https:\/\/tours.com.pt\/es\/sugerencias-de-hoteles-en-coimbra\/\" target=\"_blank\" rel=\"noopener\">\ud83d\udecc \u2013 Pernoctaci\u00f3n en Co\u00edmbra<\/a><\/strong><\/p>"},{"title":"D\u00eda 7: Coimbra \u2013 Tomar \u2013 Arraiolos \u2013 \u00c9vora","content":"<p><img class=\"size-medium wp-image-15889 alignleft\" src=\"https:\/\/tours.com.pt\/wp-content\/uploads\/2024\/10\/castelo-de-arraiolos-credito-victor-carvalho-910x607-1-300x200.jpg\" alt=\"\" width=\"300\" height=\"200\" \/><\/p>\n<p>En el s\u00e9ptimo d\u00eda de nuestra ruta por Portugal y Espa\u00f1a, el primer destino ser\u00e1 Tomar, una ciudad que acogi\u00f3 a los Templarios y, m\u00e1s tarde, a la Orden de Cristo tras el exterminio de los Templarios promovido por la Iglesia y el rey Felipe IV de Francia. La visita al Convento de Cristo es esencial para comprender el papel de los Templarios en la formaci\u00f3n de Portugal y de la Orden de Cristo en la expansi\u00f3n mar\u00edtima. Luego visitaremos la Iglesia de Santa Mar\u00eda do Olival, sede de los Templarios en el pa\u00eds y un monumento g\u00f3tico que alberga la tumba de Gualdim Pais.<br \/>Continuaremos hacia Arraiolos, famosa por su tradici\u00f3n en la producci\u00f3n de alfombras, con posible almuerzo en la villa, antes de llegar a \u00c9vora.<\/p>\n<p><strong><a href=\"https:\/\/tours.com.pt\/es\/sugerencias-de-hoteles-en-evora\/\" target=\"_blank\" rel=\"noopener\">\ud83d\udecc \u2013 Pernoctaci\u00f3n en \u00c9vora<\/a><\/strong><\/p>"},{"title":"D\u00eda 8: \u00c9vora","content":"<p><img class=\"size-medium wp-image-16111 alignright\" src=\"https:\/\/tours.com.pt\/wp-content\/uploads\/2024\/10\/templo-romano-em-evora-2-300x167.jpg\" alt=\"\" width=\"300\" height=\"167\" \/><\/p>\n<p>Este d\u00eda lo dedicaremos a explorar los encantos de \u00c9vora y sus alrededores. Comenzamos con una visita a una f\u00e1brica de corcho a pocos kil\u00f3metros de la ciudad, donde aprenderemos sobre todo el proceso, desde el alcornoque, el \u00e1rbol que produce el corcho, hasta la extracci\u00f3n y producci\u00f3n del material. Luego, exploraremos los principales puntos de inter\u00e9s de la ciudad medieval, incluyendo el Templo de Diana, la Catedral, la Iglesia de San Francisco y la curiosa Capilla de los Huesos, cuyas paredes est\u00e1n revestidas con huesos humanos, con la famosa inscripci\u00f3n en la entrada: \"Nosotros, los huesos que aqu\u00ed estamos, por los vuestros esperamos\". \u00a1Fascinante, verdad?<br \/><strong data-start=\"66\" data-end=\"79\">Opcional:<\/strong> Terminamos el d\u00eda visitando una bodega en Alentejo, regi\u00f3n conocida por sus vinos \u00fanicos, donde degustaremos blancos, rosados y tintos, aprovechando el clima c\u00e1lido que asegura la maduraci\u00f3n perfecta de las uvas.<\/p>\n<p><strong><a href=\"https:\/\/tours.com.pt\/es\/sugerencias-de-hoteles-en-evora\/\" target=\"_blank\" rel=\"noopener\">\ud83d\udecc \u2013 Pernoctaci\u00f3n en \u00c9vora<\/a><\/strong><\/p>"},{"title":"D\u00eda 9: \u00c9vora \u2013 Sevilla","content":"<p><img class=\"size-medium wp-image-16056 alignleft\" src=\"https:\/\/tours.com.pt\/wp-content\/uploads\/2024\/10\/Metropol-parasol-centro-sevilha-300x167.jpg\" alt=\"\" width=\"300\" height=\"167\" \/><\/p>\n<p>Hoy viajamos a Sevilla, la capital de Andaluc\u00eda. Comenzamos con una visita al Parque Mar\u00eda Luisa y su deslumbrante Pabell\u00f3n de Espa\u00f1a. Seguimos hacia la famosa F\u00e1brica de Tabacos, escenario de la \u00f3pera \"Carmen\" de Georges Bizet, que hoy alberga la universidad. Tambi\u00e9n visitaremos la Torre del Oro, el r\u00edo Guadalquivir, la Plaza de Toros de la Maestranza y el encantador barrio de Santa Cruz, todos ellos lugares imprescindibles de la ciudad. Sevilla floreci\u00f3 con el descubrimiento de las Am\u00e9ricas, viviendo su \"siglo de oro\" con las riquezas que llegaban del nuevo continente, lo que result\u00f3 en la construcci\u00f3n de monumentos como la Catedral y la Casa de Pilatos. Durante la Contrarreforma, la ciudad se convirti\u00f3 en un centro religioso, con 45 monasterios de frailes y 25 de monjas en 1671, un escenario fuertemente representado durante la Semana Santa. En los tiempos modernos, Sevilla fue sede de dos grandes exposiciones internacionales, en 1929 y 1992, reforzando su importancia cultural.<\/p>\n<p><a href=\"https:\/\/www.booking.com\/searchresults.es.html?aid=372873&amp;lang=es&amp;sid=ad968f4969281022ca523eb01e07aa52&amp;sb=1&amp;src=hotel&amp;src_elem=sb&amp;error_url=https%3A%2F%2Fwww.booking.com%2Fhotel%2Fpt%2Friversuites.es.html%3Faid%3D372873%26sid%3Dad968f4969281022ca523eb01e07aa52%26dest_id%3D-2163275%3Bdest_type%3Dcity%3Bdist%3D0%3Bgroup_adults%3D1%3Bgroup_children%3D0%3Bno_rooms%3D1%3Broom1%3DA%252CA%3Bsb_price_type%3Dtotal%3Bsrfid%3D8eaf79c2c22db62e3193a99bfe30662daf8d8fd0X9%3Btype%3Dtotal%3Bucfs%3D1%26&amp;highlighted_hotels=447403&amp;hp_sbox=1&amp;ss=Sevilla%2C+Andaluc%C3%ADa%2C+Espa%C3%B1a&amp;is_ski_area=&amp;ssne=Co%C3%ADmbra&amp;ssne_untouched=Co%C3%ADmbra&amp;checkin_year=2024&amp;checkin_month=10&amp;checkin_monthday=28&amp;checkout_year=2024&amp;checkout_month=10&amp;checkout_monthday=29&amp;group_adults=2&amp;group_children=0&amp;no_rooms=1&amp;from_sf=1&amp;ss_raw=sev&amp;ac_position=0&amp;ac_langcode=es&amp;ac_click_type=b&amp;ac_meta=GhBiYjc1NDE0NGEyZDEwMzA0IAAoATICZXM6A3NldkAASgBQAA%3D%3D&amp;dest_id=-402849&amp;dest_type=city&amp;iata=SVQ&amp;place_id_lat=37.388634&amp;place_id_lon=-5.9955525&amp;search_pageview_id=bb754144a2d10304&amp;search_selected=true&amp;search_pageview_id=bb754144a2d10304&amp;ac_suggestion_list_length=5&amp;ac_suggestion_theme_list_length=0\" target=\"_blank\" rel=\"noopener\"><strong>\ud83d\udecc \u2013 Pernoctaci\u00f3n en Sevilla<\/strong><\/a><\/p>"},{"title":"D\u00eda 10: Sevilla \u2013 Faro \u2013 Lisboa","content":"<p><img class=\"size-medium wp-image-16050 alignleft\" src=\"https:\/\/tours.com.pt\/wp-content\/uploads\/2024\/10\/lisboa-praca-chiado-bairro-alto-1-300x167.jpg\" alt=\"\" width=\"300\" height=\"167\" \/><\/p>\n<p>En el \u00faltimo d\u00eda de nuestra ruta Portugal-Espa\u00f1a, regresaremos a Lisboa, pero antes visitaremos Faro, una ciudad importante con uno de los patrimonios hist\u00f3ricos y culturales m\u00e1s relevantes del Algarve. Faro tiene evidencias de ocupaci\u00f3n humana desde el Paleol\u00edtico y prosper\u00f3 durante la ocupaci\u00f3n romana, que dio lugar a la ciudad moderna. Explore sus tiendas, caf\u00e9s, bares y restaurantes, as\u00ed como sus monumentos y museos de gran inter\u00e9s. La ciudad tambi\u00e9n cuenta con hermosos edificios antiguos, principalmente del siglo XVIII y XIX, a pesar de haber sido saqueada e incendiada por los ingleses en el siglo XVI y gravemente da\u00f1ada por el gran terremoto de 1755.<br \/>Llegada a Lisboa.<\/p>"}],"faqs":[{"title":"\u00bfPuedo hacer cambios en el tour?","content":"<p>S\u00ed, puedes hacer cambios sin costo adicional siempre que estos cambios no alteren la duraci\u00f3n o distancia del tour.<\/p>"},{"title":"\u00bfC\u00f3mo puedo reservar un tour?","content":"<!-- wp:paragraph -->\n<p>\u00a1Reservar es muy sencillo! Solo tiene que elegir el tour deseado en nuestro sitio web, enviarnos un mensaje por WhatsApp o completar el formulario de reserva con sus datos y la fecha que prefiera. Luego, nos pondremos en contacto para confirmar la disponibilidad y finalizar su reserva.<\/p>\n<!-- \/wp:paragraph -->"},{"title":"\u00bfTengo que pagar por adelantado?","content":"<p>El pago se realizar\u00e1 de la siguiente manera: 20% al reservar y el saldo restante el d\u00eda del tour. Para los tours de varios d\u00edas, el saldo restante se pagar\u00e1 al final del primer d\u00eda.<\/p>"},{"title":"\u00bfQu\u00e9 es \"Reserva Ahora, Paga Despu\u00e9s\"?","content":"<!-- wp:paragraph -->\n<p>Con esta opci\u00f3n, puede asegurar su lugar en el tour sin necesidad de realizar el pago inmediato. Su reserva quedar\u00e1 confirmada y el pago podr\u00e1 realizarse m\u00e1s adelante, ofreci\u00e9ndole total flexibilidad. \u00a1Es la manera ideal de planificar sin preocupaciones!<\/p>\n<!-- \/wp:paragraph -->"},{"title":"\u00bfC\u00f3mo funciona la pol\u00edtica de cancelaci\u00f3n del tour?","content":"<!-- wp:paragraph -->\n<p>Las reservas pueden cancelarse sin coste hasta 4 d\u00edas antes de la fecha del tour. Para cancelaciones realizadas con menos de 4 d\u00edas de antelaci\u00f3n, se aplicar\u00e1n nuestras pol\u00edticas de cancelaci\u00f3n, que pueden variar seg\u00fan el servicio. Por favor, consulte nuestros T\u00e9rminos y Condiciones para m\u00e1s detalles.<\/p>\n<!-- \/wp:paragraph -->"},{"title":" \u00bfC\u00f3mo puedo cambiar la fecha de mi reserva?","content":"<!-- wp:paragraph -->\n<p>P\u00f3ngase en contacto con nosotros lo antes posible. Haremos todo lo posible para cambiar la fecha de su reserva sin coste adicional, sujeto a disponibilidad.<\/p>\n<!-- \/wp:paragraph -->"},{"title":"\u00bfHay sillas para ni\u00f1os disponibles?","content":"<p>Disponemos de sillas para ni\u00f1os de varias edades.<\/p>"},{"title":"\u00bfRecibo un reembolso en caso de cancelaci\u00f3n?","content":"<!-- wp:paragraph -->\n<p>S\u00ed, si cancela dentro del plazo establecido, tiene derecho a un reembolso total. Las cancelaciones realizadas con menos de 4 d\u00edas de antelaci\u00f3n est\u00e1n sujetas a nuestras pol\u00edticas de cancelaci\u00f3n, que pueden variar seg\u00fan el servicio. Consulte nuestros T\u00e9rminos y Condiciones para obtener m\u00e1s informaci\u00f3n.<\/p>\n<!-- \/wp:paragraph -->"},{"title":"\u00bfPueden comprar los boletos por nosotros?","content":"<p>Podemos comprar los boletos en tu nombre; sin embargo, este servicio tiene un costo administrativo de 5 Euros por boleto y la compra no es reembolsable.<\/p>"},{"title":"\u00bfNos recoger\u00e1n en nuestro hotel?","content":"<p>S\u00ed, el inicio de cada tour ser\u00e1 en tu hotel o apartamento.<\/p>"},{"title":"\u00bfHay m\u00e1s gente en nuestro tour?","content":"<p>No, todos nuestros tours son privados.<\/p>"},{"title":"\u00bfEl gu\u00eda nos acompa\u00f1a durante las visitas?","content":"<p>El gu\u00eda te acompa\u00f1ar\u00e1 durante las visitas cuando pueda estacionar el veh\u00edculo de forma segura y cuando no haya pertenencias personales dentro del veh\u00edculo.<\/p>"},{"title":"\u00bfCu\u00e1l es la duraci\u00f3n del tour?","content":"<p>El tour dura aproximadamente 8 horas.<\/p>"},{"title":"\u00bfQu\u00e9 tipo de veh\u00edculo utilizan?","content":"<p>Todos nuestros veh\u00edculos son Mercedes y est\u00e1n en perfectas condiciones.<\/p>"}],"is_featured":false,"trip_reviews":{"reviews":[],"average":0,"count":0},"featured_image":{"width":1980,"height":614,"file":"2024\/10\/panoramasantiagocompostela.jpg","filesize":188603,"sizes":{"medium":{"file":"panoramasantiagocompostela-300x93.jpg","width":300,"height":93,"filesize":9140,"mime_type":"image\/jpeg","source_url":"https:\/\/tours.com.pt\/wp-content\/uploads\/2024\/10\/panoramasantiagocompostela-300x93.jpg"},"large":{"file":"panoramasantiagocompostela-1024x318.jpg","width":1024,"height":318,"filesize":73117,"mime_type":"image\/jpeg","source_url":"https:\/\/tours.com.pt\/wp-content\/uploads\/2024\/10\/panoramasantiagocompostela-1024x318.jpg"},"thumbnail":{"file":"panoramasantiagocompostela-150x150.jpg","width":150,"height":150,"filesize":7242,"mime_type":"image\/jpeg","source_url":"https:\/\/tours.com.pt\/wp-content\/uploads\/2024\/10\/panoramasantiagocompostela-150x150.jpg"},"medium_large":{"file":"panoramasantiagocompostela-768x238.jpg","width":768,"height":238,"filesize":44512,"mime_type":"image\/jpeg","source_url":"https:\/\/tours.com.pt\/wp-content\/uploads\/2024\/10\/panoramasantiagocompostela-768x238.jpg"},"trip-thumb-size":{"file":"panoramasantiagocompostela-376x212.jpg","width":376,"height":212,"filesize":20991,"mime_type":"image\/jpeg","source_url":"https:\/\/tours.com.pt\/wp-content\/uploads\/2024\/10\/panoramasantiagocompostela-376x212.jpg"},"destination-thumb-size":{"file":"panoramasantiagocompostela-600x614.jpg","width":600,"height":614,"filesize":77097,"mime_type":"image\/jpeg","source_url":"https:\/\/tours.com.pt\/wp-content\/uploads\/2024\/10\/panoramasantiagocompostela-600x614.jpg"},"destination-thumb-trip-size":{"file":"panoramasantiagocompostela-410x250.jpg","width":410,"height":250,"filesize":25835,"mime_type":"image\/jpeg","source_url":"https:\/\/tours.com.pt\/wp-content\/uploads\/2024\/10\/panoramasantiagocompostela-410x250.jpg"},"activities-thumb-size":{"file":"panoramasantiagocompostela-600x614.jpg","width":600,"height":614,"filesize":77097,"mime_type":"image\/jpeg","source_url":"https:\/\/tours.com.pt\/wp-content\/uploads\/2024\/10\/panoramasantiagocompostela-600x614.jpg"},"trip-single-size":{"file":"panoramasantiagocompostela-990x490.jpg","width":990,"height":490,"filesize":96596,"mime_type":"image\/jpeg","source_url":"https:\/\/tours.com.pt\/wp-content\/uploads\/2024\/10\/panoramasantiagocompostela-990x490.jpg"},"1536x1536":{"file":"panoramasantiagocompostela-1536x476.jpg","width":1536,"height":476,"filesize":144935,"mime_type":"image\/jpeg","source_url":"https:\/\/tours.com.pt\/wp-content\/uploads\/2024\/10\/panoramasantiagocompostela-1536x476.jpg"},"travel-muni-pro-slider":{"file":"panoramasantiagocompostela-1920x600.jpg","width":1920,"height":600,"filesize":207059,"mime_type":"image\/jpeg","source_url":"https:\/\/tours.com.pt\/wp-content\/uploads\/2024\/10\/panoramasantiagocompostela-1920x600.jpg"},"travel-muni-pro-slider-layout-3":{"file":"panoramasantiagocompostela-1920x614.jpg","width":1920,"height":614,"filesize":233636,"mime_type":"image\/jpeg","source_url":"https:\/\/tours.com.pt\/wp-content\/uploads\/2024\/10\/panoramasantiagocompostela-1920x614.jpg"},"travel-muni-pro-header-image-3":{"file":"panoramasantiagocompostela-960x614.jpg","width":960,"height":614,"filesize":118603,"mime_type":"image\/jpeg","source_url":"https:\/\/tours.com.pt\/wp-content\/uploads\/2024\/10\/panoramasantiagocompostela-960x614.jpg"},"travel-muni-pro-header-bg-img":{"file":"panoramasantiagocompostela-1129x350.jpg","width":1129,"height":350,"filesize":86197,"mime_type":"image\/jpeg","source_url":"https:\/\/tours.com.pt\/wp-content\/uploads\/2024\/10\/panoramasantiagocompostela-1129x350.jpg"},"travel-muni-pro-schema":{"file":"panoramasantiagocompostela-193x60.jpg","width":193,"height":60,"filesize":4652,"mime_type":"image\/jpeg","source_url":"https:\/\/tours.com.pt\/wp-content\/uploads\/2024\/10\/panoramasantiagocompostela-193x60.jpg"},"travel-muni-pro-middle-square-thumb":{"file":"panoramasantiagocompostela-600x600.jpg","width":600,"height":600,"filesize":68289,"mime_type":"image\/jpeg","source_url":"https:\/\/tours.com.pt\/wp-content\/uploads\/2024\/10\/panoramasantiagocompostela-600x600.jpg"},"activity-thumb-size":{"file":"panoramasantiagocompostela-640x360.jpg","width":640,"height":360,"filesize":50661,"mime_type":"image\/jpeg","source_url":"https:\/\/tours.com.pt\/wp-content\/uploads\/2024\/10\/panoramasantiagocompostela-640x360.jpg"},"travel-muni-pro-full-blog":{"file":"panoramasantiagocompostela-610x343.jpg","width":610,"height":343,"filesize":47363,"mime_type":"image\/jpeg","source_url":"https:\/\/tours.com.pt\/wp-content\/uploads\/2024\/10\/panoramasantiagocompostela-610x343.jpg"},"travel-muni-pro-404":{"file":"panoramasantiagocompostela-800x534.jpg","width":800,"height":534,"filesize":82866,"mime_type":"image\/jpeg","source_url":"https:\/\/tours.com.pt\/wp-content\/uploads\/2024\/10\/panoramasantiagocompostela-800x534.jpg"},"megamenu-thumb-size":{"file":"panoramasantiagocompostela-594x373.jpg","width":594,"height":373,"filesize":49119,"mime_type":"image\/jpeg","source_url":"https:\/\/tours.com.pt\/wp-content\/uploads\/2024\/10\/panoramasantiagocompostela-594x373.jpg"},"travel-muni-pro-wte-tax-thumb":{"file":"panoramasantiagocompostela-594x400.jpg","width":594,"height":400,"filesize":51167,"mime_type":"image\/jpeg","source_url":"https:\/\/tours.com.pt\/wp-content\/uploads\/2024\/10\/panoramasantiagocompostela-594x400.jpg"},"travel-muni-pro-single-trip-banner":{"file":"panoramasantiagocompostela-1920x500.jpg","width":1920,"height":500,"filesize":174327,"mime_type":"image\/jpeg","source_url":"https:\/\/tours.com.pt\/wp-content\/uploads\/2024\/10\/panoramasantiagocompostela-1920x500.jpg"},"full":{"file":"panoramasantiagocompostela.jpg","width":1980,"height":614,"source_url":"https:\/\/tours.com.pt\/wp-content\/uploads\/2024\/10\/panoramasantiagocompostela.jpg"}},"image_meta":{"aperture":"0","credit":"","camera":"","caption":"","created_timestamp":"0","copyright":"","focal_length":"0","iso":"0","shutter_speed":"0","title":"","orientation":"0","keywords":[]}},"_links":{"self":[{"href":"https:\/\/tours.com.pt\/es\/wp-json\/wp\/v2\/trip\/16404","targetHints":{"allow":["GET"]}}],"collection":[{"href":"https:\/\/tours.com.pt\/es\/wp-json\/wp\/v2\/trip"}],"about":[{"href":"https:\/\/tours.com.pt\/es\/wp-json\/wp\/v2\/types\/trip"}],"author":[{"embeddable":true,"href":"https:\/\/tours.com.pt\/es\/wp-json\/wp\/v2\/users\/9"}],"replies":[{"embeddable":true,"href":"https:\/\/tours.com.pt\/es\/wp-json\/wp\/v2\/comments?post=16404"}],"version-history":[{"count":1,"href":"https:\/\/tours.com.pt\/es\/wp-json\/wp\/v2\/trip\/16404\/revisions"}],"predecessor-version":[{"id":21087,"href":"https:\/\/tours.com.pt\/es\/wp-json\/wp\/v2\/trip\/16404\/revisions\/21087"}],"wp:featuredmedia":[{"embeddable":true,"href":"https:\/\/tours.com.pt\/es\/wp-json\/wp\/v2\/media\/16352"}],"wp:attachment":[{"href":"https:\/\/tours.com.pt\/es\/wp-json\/wp\/v2\/media?parent=16404"}],"wp:term":[{"taxonomy":"destination","embeddable":true,"href":"https:\/\/tours.com.pt\/es\/wp-json\/wp\/v2\/destination?post=16404"},{"taxonomy":"activities","embeddable":true,"href":"https:\/\/tours.com.pt\/es\/wp-json\/wp\/v2\/activities?post=16404"},{"taxonomy":"trip_types","embeddable":true,"href":"https:\/\/tours.com.pt\/es\/wp-json\/wp\/v2\/trip_types?post=16404"},{"taxonomy":"difficulty","embeddable":true,"href":"https:\/\/tours.com.pt\/es\/wp-json\/wp\/v2\/difficulty?post=16404"},{"taxonomy":"trip_tag","embeddable":true,"href":"https:\/\/tours.com.pt\/es\/wp-json\/wp\/v2\/trip_tag?post=16404"}],"curies":[{"name":"wp","href":"https:\/\/api.w.org\/{rel}","templated":true}]}}