




{"id":16382,"date":"2024-10-16T03:33:21","date_gmt":"2024-10-16T02:33:21","guid":{"rendered":"https:\/\/tours.com.pt\/trip\/rota-judaica-em-portugal\/"},"modified":"2026-03-04T14:35:01","modified_gmt":"2026-03-04T14:35:01","slug":"ruta-judia-en-portugal","status":"publish","type":"trip","link":"https:\/\/tours.com.pt\/es\/trip\/ruta-judia-en-portugal\/","title":{"rendered":"Ruta Jud\u00eda en Portugal: La Herencia Jud\u00eda en Portugal"},"content":{"rendered":"\n<p>Portugal, conocido por su rica historia y diversidad cultural, tambi\u00e9n tiene una herencia jud\u00eda que se remonta a siglos atr\u00e1s. La <strong>Ruta Jud\u00eda en Portugal<\/strong> es un fascinante viaje que permite explorar los vestigios de esta herencia, a trav\u00e9s de sitios hist\u00f3ricos, sinagogas y antiguos barrios. A lo largo de los a\u00f1os, la comunidad jud\u00eda en Portugal ha jugado un papel importante en el desarrollo cultural, econ\u00f3mico y social del pa\u00eds.<\/p>\n\n\n\n<p class=\"has-text-align-center\">Este tour privado de varios d\u00edas comenzar\u00e1 y terminar\u00e1 en la ciudad de Lisboa. Si tienes alguna pregunta, no dudes en&nbsp;<a href=\"https:\/\/tours.com.pt\/es\/contacto\/\" target=\"_blank\" rel=\"noreferrer noopener\"><strong>contactarnos<\/strong><\/a>.<\/p>\n\n\n\n<p style=\"font-size:27px;font-style:normal;font-weight:600\"><a href=\"https:\/\/emojiterra.com\/pt\/calendario-espiral\/\">\ud83d\uddd3\ufe0f<\/a>&nbsp;Precios:<\/p>\n\n\n\n<figure class=\"wp-block-table is-style-stripes\" style=\"font-size:19px;font-style:italic;font-weight:600\"><table class=\"has-black-color has-text-color has-background has-link-color has-fixed-layout\" style=\"background:linear-gradient(135deg,rgb(168,168,168) 0%,rgb(254,254,254) 100%)\"><thead><tr><th class=\"has-text-align-center\" data-align=\"center\">N\u00famero de Personas<\/th><th class=\"has-text-align-center\" data-align=\"center\">Precio<\/th><th class=\"has-text-align-center\" data-align=\"center\">Precio Persona<\/th><\/tr><\/thead><tbody><tr><td class=\"has-text-align-center\" data-align=\"center\">1 Persona<\/td><td class=\"has-text-align-center\" data-align=\"center\">2152\u20ac<\/td><td class=\"has-text-align-center\" data-align=\"center\">&#8211;<\/td><\/tr><tr><td class=\"has-text-align-center\" data-align=\"center\">2 Personas<\/td><td class=\"has-text-align-center\" data-align=\"center\">2415\u20ac<\/td><td class=\"has-text-align-center\" data-align=\"center\">1207\u20ac por Persona<\/td><\/tr><tr><td class=\"has-text-align-center\" data-align=\"center\">3 Personas<\/td><td class=\"has-text-align-center\" data-align=\"center\">2572\u20ac<\/td><td class=\"has-text-align-center\" data-align=\"center\">857\u20ac por Persona<\/td><\/tr><tr><td class=\"has-text-align-center\" data-align=\"center\">4 Personas<\/td><td class=\"has-text-align-center\" data-align=\"center\">2835\u20ac<\/td><td class=\"has-text-align-center\" data-align=\"center\">708\u20ac por Persona<\/td><\/tr><tr><td class=\"has-text-align-center\" data-align=\"center\">5 Personas<\/td><td class=\"has-text-align-center\" data-align=\"center\">3010\u20ac<\/td><td class=\"has-text-align-center\" data-align=\"center\">602\u20ac por Persona<\/td><\/tr><tr><td class=\"has-text-align-center\" data-align=\"center\">6 Personas<\/td><td class=\"has-text-align-center\" data-align=\"center\">3171\u20ac<\/td><td class=\"has-text-align-center\" data-align=\"center\">528\u20ac por Persona<\/td><\/tr><tr><td class=\"has-text-align-center\" data-align=\"center\">7 Personas<\/td><td class=\"has-text-align-center\" data-align=\"center\">3440\u20ac<\/td><td class=\"has-text-align-center\" data-align=\"center\">491\u20ac por Persona<\/td><\/tr><tr><td class=\"has-text-align-center\" data-align=\"center\">8 Personas<\/td><td class=\"has-text-align-center\" data-align=\"center\">3601\u20ac<\/td><td class=\"has-text-align-center\" data-align=\"center\">450\u20ac por Persona<\/td><\/tr><\/tbody><\/table><\/figure>\n\n\n\n<hr class=\"wp-block-separator has-alpha-channel-opacity\"\/>\n\n\n\n<figure class=\"wp-block-image size-full is-resized\"><img decoding=\"async\" src=\"data:image\/gif;base64,R0lGODlhAQABAAAAACH5BAEKAAEALAAAAAABAAEAAAICTAEAOw==\" data-layzr=\"https:\/\/tours.com.pt\/wp-content\/uploads\/2024\/10\/Rota-Judaica-em-Portugal-scaled.jpg\" alt=\"Ruta Jud\u00eda en Portugal \" class=\"wp-image-15984\" style=\"width:841px;height:auto\"\/><\/figure>\n\n\n\n<hr class=\"wp-block-separator has-alpha-channel-opacity\"\/>\n\n\n\n<p>La presencia de los jud\u00edos en Portugal data de la \u00e9poca romana, pero fue durante la Edad Media cuando se establecieron de forma m\u00e1s visible, especialmente en ciudades como <strong>Lisboa<\/strong>, <strong>Oporto<\/strong>, <strong>Co\u00edmbra<\/strong> y <strong>\u00c9vora<\/strong>. Durante los siglos XIII y XIV, los jud\u00edos en Portugal fueron una parte activa de la sociedad, contribuyendo al comercio, la medicina y la educaci\u00f3n. El <strong>Reino de Portugal<\/strong> era un lugar de relativa tolerancia religiosa, y muchos jud\u00edos vivieron pac\u00edficamente junto a cristianos y musulmanes.<\/p>\n\n\n\n<p>Sin embargo, la historia de los jud\u00edos en Portugal dio un giro dram\u00e1tico durante el reinado de <strong>Dom Manuel I<\/strong>, en el siglo XV. En 1496, el rey emiti\u00f3 un decreto que obligaba a todos los jud\u00edos a convertirse al cristianismo o a abandonar el pa\u00eds. Este evento marc\u00f3 el inicio de la <a href=\"https:\/\/es.wikipedia.org\/wiki\/Inquisici%C3%B3n_portuguesa\" target=\"_blank\" rel=\"noopener\" title=\"\"><strong>Inquisici\u00f3n Portuguesa<\/strong>,<\/a> que persigui\u00f3 y oblig\u00f3 a muchos jud\u00edos a practicar su fe en secreto. La conversi\u00f3n forzada de los jud\u00edos dio lugar a la creaci\u00f3n de una nueva clase, los <strong>marranos<\/strong>, jud\u00edos que se convirtieron al cristianismo pero que continuaron practicando sus costumbres en secreto.<\/p>\n\n\n\n<h4 class=\"wp-block-heading has-text-align-center\">Ruta Jud\u00eda en Portugal:La Herencia Jud\u00eda en Portugal<\/h4>\n\n\n\n<p>La Ruta Jud\u00eda en Portugal incluye varias sinagogas y sitios hist\u00f3ricos que representan la rica herencia jud\u00eda del pa\u00eds. Una de las sinagogas m\u00e1s importantes que a\u00fan est\u00e1 de pie es la <strong>Sinagoga de Belmonte<\/strong>, situada en la ciudad de Belmonte, uno de los pocos lugares en Portugal donde los jud\u00edos pudieron seguir practicando su fe en secreto durante la Inquisici\u00f3n.<\/p>\n\n\n\n<p>En <strong>Tomar<\/strong>, la <strong>Sinagoga de Tomar<\/strong>, construida en el siglo XV, es una de las m\u00e1s antiguas del pa\u00eds. Aunque la sinagoga fue abandonada durante la Inquisici\u00f3n, representa uno de los primeros edificios jud\u00edos en Portugal. Hoy, parte de la sinagoga sirve como museo dedicado a la historia jud\u00eda, y el edificio es un sitio de memoria.<\/p>\n\n\n\n<p>La <strong>Ruta Jud\u00eda de Portugal<\/strong> es, sin duda, una de las formas m\u00e1s fascinantes de explorar el rico entramado cultural del pa\u00eds. A trav\u00e9s de sus monumentos hist\u00f3ricos, sus tradiciones musicales y sus historias de resistencia, el legado jud\u00edo sigue siendo una parte esencial de la identidad portuguesa, reflejando una historia de perseverancia, fe y resistencia a lo largo de los siglos. Visitar estos lugares no es solo un viaje en el tiempo, sino tambi\u00e9n una oportunidad para comprender mejor la rica diversidad cultural que Portugal tiene para ofrecer.<\/p>\n","protected":false},"excerpt":{"rendered":"<p>Portugal, conocido por su rica historia y diversidad cultural, tambi\u00e9n tiene una herencia jud\u00eda que se remonta a siglos atr\u00e1s. La Ruta Jud\u00eda en Portugal es un fascinante viaje que permite explorar los vestigios de esta herencia, a trav\u00e9s de sitios hist\u00f3ricos, sinagogas y antiguos barrios. A lo largo de los a\u00f1os, la comunidad jud\u00eda &hellip; <\/p>\n","protected":false},"author":9,"featured_media":15983,"comment_status":"open","ping_status":"closed","template":"","destination":[352,512,362,454,471,376,447,374,366],"activities":[],"trip_types":[338],"difficulty":[],"trip_tag":[483,523,347,388,520],"class_list":["post-16382","trip","type-trip","status-publish","has-post-thumbnail","hentry","destination-aveiro-es","destination-belmonte-es","destination-douro-es","destination-lisboa-es","destination-nazare-es","destination-obidos-es","destination-porto-es","destination-serra-da-estrela-es","destination-tomar-es","trip_types-empezando-en-lisboa","trip_tag-coimbra-2","trip_tag-coimbra-3-es","trip_tag-lisboa-es","trip_tag-porto-es","trip_tag-tour-privado-es","latest_post"],"aioseo_notices":[],"packages_ids":[16467],"trip_extras":[],"cut_off_time":{"enabled":true,"duration":2,"duration_unit":"days"},"booked-seats":[],"code":"Ruta Jud\u00eda en Portugal","price":0,"has_sale":false,"sale_price":0,"discount_percent":0,"currency":{"code":"EUR","symbol":"&euro;"},"duration":{"days":6,"nights":6,"duration_unit":"days","duration_type":"days"},"min_pax":"","max_pax":"","discount_value":0,"discount_label":"0% Off","primary_category":596,"available_times":{"type":"default","items":["2021-1-01","2021-2-01","2021-3-01","2021-4-01","2021-5-01","2021-6-01","2021-7-01","2021-8-01","2021-9-01","2021-10-01","2021-11-01","2021-12-01"]},"description":"","cost_includes":"Conductor\/Gu\u00eda Privado durante el Tour en Portugu\u00e9s, Espa\u00f1ol e Ingl\u00e9s\nRecogida y Devoluci\u00f3n en su Hotel\nTransporte Exclusivo, C\u00f3modo y Moderno\nVisitas Guiadas\nAgua Embotellada Incluida\nWi-Fi a Bordo\nSeguro de Accidentes\nServicio de Atenci\u00f3n al Cliente 24\/7","cost_excludes":"Entradas a Monumentos\nComidas (Almuerzos y Cenas)\nVuelos hacia\/desde Portugal\nGastos Personales\nOtros Gastos No Mencionados","itineraries":[{"title":"D\u00eda 1 - Lisboa","content":"<p><img class=\"wp-image-16052 size-medium alignright\" src=\"https:\/\/tours.com.pt\/wp-content\/uploads\/2024\/10\/lisboa-praca-chiado-bairro-alto-1-300x167.jpg\" alt=\"\" width=\"300\" height=\"167\" \/><\/p>\n<p data-wp-editing=\"1\">Comenzamos en Lisboa, explorando la antigua juder\u00eda en Alfama, la parte m\u00e1s antigua de la ciudad, repleta de callejuelas que reflejan la herencia \u00e1rabe. El Fado, la m\u00fasica t\u00edpica de Portugal, naci\u00f3 en este barrio cargado de saudade. Luego nos dirigimos al Castillo de San Jorge, un vestigio de la civilizaci\u00f3n \u00e1rabe, y despu\u00e9s visitamos la Catedral de Lisboa, de arquitectura rom\u00e1nica, donde tambi\u00e9n est\u00e1 el lugar de nacimiento de Santo Antonio. En la Baixa, entendemos la importancia de la arquitectura Pombalina, que surgi\u00f3 tras el terremoto de 1755, con nuevas construcciones dise\u00f1adas para resistir futuros desastres. Cruzamos la Avenida de la Libertad hasta la Plaza Marqu\u00e9s de Pombal y el Parque Eduardo VII, donde apreciamos la vista y discutimos la relaci\u00f3n hist\u00f3rica entre Portugal e Inglaterra. Tras el almuerzo, nos dirigimos a Bel\u00e9m, un lugar emblem\u00e1tico de la era de los Descubrimientos, donde visitaremos la Torre de Bel\u00e9m, el Monasterio de los Jer\u00f3nimos y el Padr\u00e3o dos Descobrimentos, finalizando con una degustaci\u00f3n de los famosos pasteles de Bel\u00e9m. Adem\u00e1s, podemos programar una visita a la Sinagoga de Lisboa.<\/p>\n<p><a href=\"https:\/\/tours.com.pt\/es\/sugerencias-de-hoteles-en-lisboa\/\" target=\"_blank\" rel=\"noopener\"><img class=\"emoji\" role=\"img\" draggable=\"false\" src=\"https:\/\/s.w.org\/images\/core\/emoji\/15.0.3\/svg\/1f6cc.svg\" alt=\"\ud83d\udecc\" \/><strong> \u2013 Alojamiento en Lisboa<\/strong><\/a><\/p>"},{"title":"D\u00eda 2 - Lisboa \u2013 Tomar \u2013 Castelo Branco \u2013 Covilh\u00e3","content":"<p><img class=\"wp-image-1835 size-medium alignleft\" src=\"https:\/\/tours.com.pt\/wp-content\/uploads\/2024\/02\/tomar-christopher-john-pratt-xCJcyQ4BhQ0-unsplash-scaled-1-300x169.webp\" alt=\"Tour F\u00e1tima e Tomar\" width=\"300\" height=\"169\" \/><\/p>\n<p>Saliendo de Lisboa, vamos a Tomar para visitar la antigua Sinagoga, construida entre 1430 y 1460, la m\u00e1s antigua de Portugal. Luego conocemos el Convento de Cristo, que comenz\u00f3 como un castillo templario, representando la arquitectura militar medieval. Despu\u00e9s, en Castelo Branco, la Casa de la Memoria Jud\u00eda destaca la presencia jud\u00eda en la regi\u00f3n y figuras hist\u00f3ricas como Amato Lusitano. Finalmente, llegamos a Covilh\u00e3, donde la influencia de los jud\u00edos portugueses es notable, incluyendo a P\u00earo da Covilh\u00e3, quien ayud\u00f3 a trazar rutas hacia la India.<\/p>\n<p><img class=\"emoji\" role=\"img\" draggable=\"false\" src=\"https:\/\/s.w.org\/images\/core\/emoji\/15.0.3\/svg\/1f6cc.svg\" alt=\"\ud83d\udecc\" \/><strong> \u2013 Alojamiento en Covilh\u00e3<\/strong><\/p>"},{"title":"D\u00eda 3 - Covilh\u00e3 \u2013 Belmonte \u2013 Guarda","content":"<p><img class=\"wp-image-15998 size-medium alignright\" src=\"https:\/\/tours.com.pt\/wp-content\/uploads\/2024\/10\/monumento-guarda-entrada-300x167.jpg\" alt=\"\" width=\"300\" height=\"167\" \/><\/p>\n<p>Comenzamos el d\u00eda en Belmonte, una villa con una importante herencia jud\u00eda. Aunque no se conoce mucho sobre la presencia inicial de los jud\u00edos en la regi\u00f3n, su impacto en la historia es innegable, evidenciado por los vestigios dejados. En 1910, al destruir la Iglesia de San Francisco, se encontr\u00f3 una piedra de la primera sinagoga de Belmonte, datada de 1297. Esto indica que la comunidad jud\u00eda era significativa, justificando la necesidad de un lugar de culto. Visitaremos la Sinagoga y el Museo Jud\u00edo. Luego continuamos nuestra ruta hacia Guarda, donde la comunidad jud\u00eda fue una de las m\u00e1s importantes y antiguas del pa\u00eds.<\/p>\n<p><img class=\"emoji\" role=\"img\" draggable=\"false\" src=\"https:\/\/s.w.org\/images\/core\/emoji\/15.0.3\/svg\/1f6cc.svg\" alt=\"\ud83d\udecc\" \/><strong> \u2013 Alojamiento en Guarda<\/strong><\/p>"},{"title":"D\u00eda 4 - Guarda - Lamego \u2013 Valle del Duero \u2013 Amarante \u2013 Porto","content":"<p><img class=\"size-medium wp-image-15855 alignleft\" src=\"https:\/\/tours.com.pt\/wp-content\/uploads\/2024\/10\/ribeira-a-porto-300x164.jpg\" alt=\"\" width=\"300\" height=\"164\" \/><\/p>\n<p>Comenzamos el d\u00eda en Lamego, donde la comunidad jud\u00eda se estableci\u00f3 entre el castillo y la Iglesia de Santa Mar\u00eda de Almacave desde el siglo XIV. En el siglo siguiente, hab\u00eda dos barrios jud\u00edos. Nos dirigimos al Valle del Duero, famoso por el vino de Porto. Visitaremos el Mirador de Casal de Loivos para disfrutar de vistas deslumbrantes y la estaci\u00f3n de Pinh\u00e3o, conocida por sus paneles de azulejos que retratan la producci\u00f3n de vino. La regi\u00f3n es Patrimonio de la Humanidad desde 2001. Finalmente, conoceremos una bodega para entender el proceso de producci\u00f3n del vino, desde el cultivo hasta la degustaci\u00f3n.<\/p>\n<p><a href=\"https:\/\/tours.com.pt\/es\/sugerencias-de-hoteles-en-oporto\/\" target=\"_blank\" rel=\"noopener\"><img class=\"emoji\" role=\"img\" draggable=\"false\" src=\"https:\/\/s.w.org\/images\/core\/emoji\/15.0.3\/svg\/1f6cc.svg\" alt=\"\ud83d\udecc\" \/><strong> \u2013 Alojamiento en Porto<\/strong><\/a><\/p>"},{"title":"D\u00eda 5 - Porto","content":"<p><img class=\"wp-image-16001 size-medium alignleft\" src=\"https:\/\/tours.com.pt\/wp-content\/uploads\/2024\/10\/porto-catedral-vista-exterior-300x167.jpg\" alt=\"\" width=\"300\" height=\"167\" \/><\/p>\n<p>D\u00eda en la ciudad de Porto, que desde el inicio de la nacionalidad portuguesa tuvo diversas juder\u00edas. En 1386, D. Jo\u00e3o I orden\u00f3 concentrar a los jud\u00edos en el barrio de Olival, dentro de las murallas medievales. Comenzamos nuestro recorrido por la Casa da M\u00fasica, un anfiteatro de arquitectura moderna, y nos dirigimos a Matosinhos y Foz, donde vive la clase media-alta. Un lugar importante es el Museo del Holocausto, el \u00fanico de su tipo en Portugal y Espa\u00f1a, que relata la historia de muchos jud\u00edos en la ciudad. En la Baixa de Porto, visitamos la Avenida de los Aliados, con el ayuntamiento y la estatua de Dom Pedro I, y la hermosa Estaci\u00f3n de San Benito, famosa por sus azulejos que cuentan la historia de Portugal. La concurrida Rua de Santa Catarina alberga el Caf\u00e9 Majestic, un ic\u00f3nico caf\u00e9 de la \u00e9poca de la \u201cBelle \u00c9poque\u201d. Tambi\u00e9n visitaremos la Librer\u00eda Lello, famosa por su belleza y por inspirar a Harry Potter, seguida de la Catedral de Porto y el Palacio de la Bolsa. Tras cruzar el Puente de D. Luis, llegamos a Gaia, donde visitaremos una bodega de vino de Porto y el Monasterio de la Serra do Pilar, que ofrece vistas deslumbrantes de la ciudad y de la desembocadura del r\u00edo Duero. Tambi\u00e9n existe la opci\u00f3n, mediante reserva, de visitar la Sinagoga de Porto.<\/p>\n<p><a href=\"https:\/\/tours.com.pt\/es\/sugerencias-de-hoteles-en-oporto\/\" target=\"_blank\" rel=\"noopener\"><img class=\"emoji\" role=\"img\" draggable=\"false\" src=\"https:\/\/s.w.org\/images\/core\/emoji\/15.0.3\/svg\/1f6cc.svg\" alt=\"\ud83d\udecc\" \/><strong> \u2013 Alojamiento en Porto<\/strong><\/a><\/p>"},{"title":"D\u00eda 6 - Porto \u2013 Aveiro \u2013 Nazar\u00e9 \u2013 \u00d3bidos \u2013 Lisboa","content":"<p><img class=\"wp-image-15992 size-medium alignleft\" src=\"https:\/\/tours.com.pt\/wp-content\/uploads\/2024\/10\/famosa-ria-de-aveiro-300x167.jpeg\" alt=\"\" width=\"300\" height=\"167\" \/><\/p>\n<p>Saliendo de Porto, seguimos hacia Aveiro, conocida como la \u201cVenezia Portuguesa\u201d, famosa por sus canales que antiguamente transportaban sal. Exploramos el centro hist\u00f3rico, repleto de edificios de estilo Art Nouveau, incluido el mercado dise\u00f1ado por Gustavo Eiffel. Tendremos tiempo para probar los tradicionales \u201covos moles\u201d y, si se desea, hacer un paseo en barco moliceiro. Luego, llegamos a Nazar\u00e9, donde podemos ver el secado de pescado en la playa y a las mujeres de las \u201csiete faldas\u201d. Nazar\u00e9 es famosa por sus olas gigantes, especialmente tras el r\u00e9cord mundial establecido en 2013 por el surfista McNamara. Finalmente, visitamos \u00d3bidos, clasificada como Patrimonio Mundial por la UNESCO, donde exploramos sus estrechas calles encaladas. La villa, que fue un regalo de D. Dinis a D. Isabel, tiene una rica historia vinculada a los Templarios y a la Casa de las Reinas.<br \/><a href=\"https:\/\/tours.com.pt\/es\/sugerencias-de-hoteles-en-lisboa\/\" target=\"_blank\" rel=\"noopener\"><img class=\"emoji\" role=\"img\" draggable=\"false\" src=\"https:\/\/s.w.org\/images\/core\/emoji\/15.0.3\/svg\/1f6cc.svg\" alt=\"\ud83d\udecc\" \/><strong> \u2013 Alojamiento en Lisboa<\/strong><\/a><\/p>"}],"faqs":[{"title":" \u00bfPuedo hacer cambios en el tour?","content":"<!-- wp:paragraph -->\n<p>S\u00ed, puedes hacer cambios sin costo adicional siempre que estos cambios no alteren la duraci\u00f3n o distancia del tour.<\/p>\n<!-- \/wp:paragraph -->"},{"title":"\u00bfC\u00f3mo puedo reservar un tour?","content":"<!-- wp:paragraph -->\n<p>\u00a1Reservar es muy sencillo! Solo tiene que elegir el tour deseado en nuestro sitio web, enviarnos un mensaje por WhatsApp o completar el formulario de reserva con sus datos y la fecha que prefiera. Luego, nos pondremos en contacto para confirmar la disponibilidad y finalizar su reserva.<\/p>\n<!-- \/wp:paragraph -->"},{"title":" \u00bfTengo que pagar por adelantado?","content":"<!-- wp:paragraph -->\n<p>El pago se realizar\u00e1 de la siguiente manera: 20% al reservar y el saldo restante el d\u00eda del tour. Para los tours de varios d\u00edas, el saldo restante se pagar\u00e1 al final del primer d\u00eda.<\/p>\n<!-- \/wp:paragraph -->"},{"title":"\u00bfQu\u00e9 es \"Reserva Ahora, Paga Despu\u00e9s\"?","content":"<!-- wp:paragraph -->\n<p>Con esta opci\u00f3n, puede asegurar su lugar en el tour sin necesidad de realizar el pago inmediato. Su reserva quedar\u00e1 confirmada y el pago podr\u00e1 realizarse m\u00e1s adelante, ofreci\u00e9ndole total flexibilidad. \u00a1Es la manera ideal de planificar sin preocupaciones!<\/p>\n<!-- \/wp:paragraph -->"},{"title":"\u00bfC\u00f3mo funciona la pol\u00edtica de cancelaci\u00f3n del tour?","content":"<!-- wp:paragraph -->\n<p>Las reservas pueden cancelarse sin coste hasta 4 d\u00edas antes de la fecha del tour. Para cancelaciones realizadas con menos de 4 d\u00edas de antelaci\u00f3n, se aplicar\u00e1n nuestras pol\u00edticas de cancelaci\u00f3n, que pueden variar seg\u00fan el servicio. Por favor, consulte nuestros T\u00e9rminos y Condiciones para m\u00e1s detalles.<\/p>\n<!-- \/wp:paragraph -->"},{"title":"\u00bfRecibo un reembolso en caso de cancelaci\u00f3n?","content":"<!-- wp:paragraph -->\n<p>S\u00ed, si cancela dentro del plazo establecido, tiene derecho a un reembolso total. Las cancelaciones realizadas con menos de 4 d\u00edas de antelaci\u00f3n est\u00e1n sujetas a nuestras pol\u00edticas de cancelaci\u00f3n, que pueden variar seg\u00fan el servicio. Consulte nuestros T\u00e9rminos y Condiciones para obtener m\u00e1s informaci\u00f3n.<\/p>\n<!-- \/wp:paragraph -->"},{"title":" \u00bfC\u00f3mo puedo cambiar la fecha de mi reserva?","content":"<!-- wp:paragraph -->\n<p>P\u00f3ngase en contacto con nosotros lo antes posible. Haremos todo lo posible para cambiar la fecha de su reserva sin coste adicional, sujeto a disponibilidad.<\/p>\n<!-- \/wp:paragraph -->"},{"title":" \u00bfHay sillas para ni\u00f1os disponibles?","content":"<!-- wp:paragraph -->\n<p>Disponemos de sillas para ni\u00f1os de varias edades.<\/p>\n<!-- \/wp:paragraph -->"},{"title":" \u00bfPueden comprar los boletos por nosotros?","content":"<!-- wp:paragraph -->\n<p>Podemos comprar los boletos en tu nombre; sin embargo, este servicio tiene un costo administrativo de 5 Euros por boleto y la compra no es reembolsable.<\/p>\n<!-- \/wp:paragraph -->"},{"title":" \u00bfNos recoger\u00e1n en nuestro hotel?","content":"<!-- wp:paragraph -->\n<p>S\u00ed, el inicio de cada tour ser\u00e1 en tu hotel o apartamento.<\/p>\n<!-- \/wp:paragraph -->"},{"title":" \u00bfHay m\u00e1s gente en nuestro tour?","content":"<!-- wp:paragraph -->\n<p>No, todos nuestros tours son privados.<\/p>\n<!-- \/wp:paragraph -->"},{"title":" \u00bfEl gu\u00eda nos acompa\u00f1a durante las visitas?","content":"<!-- wp:paragraph -->\n<p>El gu\u00eda te acompa\u00f1ar\u00e1 durante las visitas cuando pueda estacionar el veh\u00edculo de forma segura y cuando no haya pertenencias personales dentro del veh\u00edculo.<\/p>\n<!-- \/wp:paragraph -->"},{"title":" \u00bfQu\u00e9 tipo de veh\u00edculo utilizan?","content":"<!-- wp:paragraph -->\n<p>Todos nuestros veh\u00edculos son Mercedes y est\u00e1n en perfectas condiciones.<\/p>\n<!-- \/wp:paragraph -->"}],"is_featured":false,"trip_reviews":{"reviews":[],"average":0,"count":0},"featured_image":{"width":1920,"height":1080,"file":"2024\/10\/MARVAO.jpg","filesize":495465,"sizes":{"medium":{"file":"MARVAO-300x169.jpg","width":300,"height":169,"filesize":15829,"mime_type":"image\/jpeg","source_url":"https:\/\/tours.com.pt\/wp-content\/uploads\/2024\/10\/MARVAO-300x169.jpg"},"large":{"file":"MARVAO-1024x576.jpg","width":1024,"height":576,"filesize":164263,"mime_type":"image\/jpeg","source_url":"https:\/\/tours.com.pt\/wp-content\/uploads\/2024\/10\/MARVAO-1024x576.jpg"},"thumbnail":{"file":"MARVAO-150x150.jpg","width":150,"height":150,"filesize":7361,"mime_type":"image\/jpeg","source_url":"https:\/\/tours.com.pt\/wp-content\/uploads\/2024\/10\/MARVAO-150x150.jpg"},"medium_large":{"file":"MARVAO-768x432.jpg","width":768,"height":432,"filesize":94930,"mime_type":"image\/jpeg","source_url":"https:\/\/tours.com.pt\/wp-content\/uploads\/2024\/10\/MARVAO-768x432.jpg"},"trip-thumb-size":{"file":"MARVAO-376x212.jpg","width":376,"height":212,"filesize":24021,"mime_type":"image\/jpeg","source_url":"https:\/\/tours.com.pt\/wp-content\/uploads\/2024\/10\/MARVAO-376x212.jpg"},"destination-thumb-size":{"file":"MARVAO-600x810.jpg","width":600,"height":810,"filesize":138652,"mime_type":"image\/jpeg","source_url":"https:\/\/tours.com.pt\/wp-content\/uploads\/2024\/10\/MARVAO-600x810.jpg"},"destination-thumb-trip-size":{"file":"MARVAO-410x250.jpg","width":410,"height":250,"filesize":30801,"mime_type":"image\/jpeg","source_url":"https:\/\/tours.com.pt\/wp-content\/uploads\/2024\/10\/MARVAO-410x250.jpg"},"activities-thumb-size":{"file":"MARVAO-600x810.jpg","width":600,"height":810,"filesize":138652,"mime_type":"image\/jpeg","source_url":"https:\/\/tours.com.pt\/wp-content\/uploads\/2024\/10\/MARVAO-600x810.jpg"},"trip-single-size":{"file":"MARVAO-990x490.jpg","width":990,"height":490,"filesize":139532,"mime_type":"image\/jpeg","source_url":"https:\/\/tours.com.pt\/wp-content\/uploads\/2024\/10\/MARVAO-990x490.jpg"},"1536x1536":{"file":"MARVAO-1536x864.jpg","width":1536,"height":864,"filesize":360670,"mime_type":"image\/jpeg","source_url":"https:\/\/tours.com.pt\/wp-content\/uploads\/2024\/10\/MARVAO-1536x864.jpg"},"travel-muni-pro-slider":{"file":"MARVAO-1920x600.jpg","width":1920,"height":600,"filesize":345139,"mime_type":"image\/jpeg","source_url":"https:\/\/tours.com.pt\/wp-content\/uploads\/2024\/10\/MARVAO-1920x600.jpg"},"travel-muni-pro-slider-layout-3":{"file":"MARVAO-1920x780.jpg","width":1920,"height":780,"filesize":471545,"mime_type":"image\/jpeg","source_url":"https:\/\/tours.com.pt\/wp-content\/uploads\/2024\/10\/MARVAO-1920x780.jpg"},"travel-muni-pro-header-image-3":{"file":"MARVAO-960x650.jpg","width":960,"height":650,"filesize":178537,"mime_type":"image\/jpeg","source_url":"https:\/\/tours.com.pt\/wp-content\/uploads\/2024\/10\/MARVAO-960x650.jpg"},"travel-muni-pro-header-bg-img":{"file":"MARVAO-622x350.jpg","width":622,"height":350,"filesize":62579,"mime_type":"image\/jpeg","source_url":"https:\/\/tours.com.pt\/wp-content\/uploads\/2024\/10\/MARVAO-622x350.jpg"},"travel-muni-pro-schema":{"file":"MARVAO-107x60.jpg","width":107,"height":60,"filesize":2905,"mime_type":"image\/jpeg","source_url":"https:\/\/tours.com.pt\/wp-content\/uploads\/2024\/10\/MARVAO-107x60.jpg"},"travel-muni-pro-middle-square-thumb":{"file":"MARVAO-600x600.jpg","width":600,"height":600,"filesize":102343,"mime_type":"image\/jpeg","source_url":"https:\/\/tours.com.pt\/wp-content\/uploads\/2024\/10\/MARVAO-600x600.jpg"},"activity-thumb-size":{"file":"MARVAO-640x360.jpg","width":640,"height":360,"filesize":67838,"mime_type":"image\/jpeg","source_url":"https:\/\/tours.com.pt\/wp-content\/uploads\/2024\/10\/MARVAO-640x360.jpg"},"travel-muni-pro-full-blog":{"file":"MARVAO-610x343.jpg","width":610,"height":343,"filesize":60610,"mime_type":"image\/jpeg","source_url":"https:\/\/tours.com.pt\/wp-content\/uploads\/2024\/10\/MARVAO-610x343.jpg"},"travel-muni-pro-404":{"file":"MARVAO-800x534.jpg","width":800,"height":534,"filesize":122506,"mime_type":"image\/jpeg","source_url":"https:\/\/tours.com.pt\/wp-content\/uploads\/2024\/10\/MARVAO-800x534.jpg"},"megamenu-thumb-size":{"file":"MARVAO-594x373.jpg","width":594,"height":373,"filesize":64771,"mime_type":"image\/jpeg","source_url":"https:\/\/tours.com.pt\/wp-content\/uploads\/2024\/10\/MARVAO-594x373.jpg"},"travel-muni-pro-wte-tax-thumb":{"file":"MARVAO-594x400.jpg","width":594,"height":400,"filesize":68809,"mime_type":"image\/jpeg","source_url":"https:\/\/tours.com.pt\/wp-content\/uploads\/2024\/10\/MARVAO-594x400.jpg"},"travel-muni-pro-single-trip-banner":{"file":"MARVAO-1920x500.jpg","width":1920,"height":500,"filesize":299578,"mime_type":"image\/jpeg","source_url":"https:\/\/tours.com.pt\/wp-content\/uploads\/2024\/10\/MARVAO-1920x500.jpg"},"full":{"file":"MARVAO.jpg","width":1920,"height":1080,"source_url":"https:\/\/tours.com.pt\/wp-content\/uploads\/2024\/10\/MARVAO.jpg"}},"image_meta":{"aperture":"0","credit":"","camera":"","caption":"","created_timestamp":"0","copyright":"","focal_length":"0","iso":"0","shutter_speed":"0","title":"","orientation":"0","keywords":[]}},"_links":{"self":[{"href":"https:\/\/tours.com.pt\/es\/wp-json\/wp\/v2\/trip\/16382","targetHints":{"allow":["GET"]}}],"collection":[{"href":"https:\/\/tours.com.pt\/es\/wp-json\/wp\/v2\/trip"}],"about":[{"href":"https:\/\/tours.com.pt\/es\/wp-json\/wp\/v2\/types\/trip"}],"author":[{"embeddable":true,"href":"https:\/\/tours.com.pt\/es\/wp-json\/wp\/v2\/users\/9"}],"replies":[{"embeddable":true,"href":"https:\/\/tours.com.pt\/es\/wp-json\/wp\/v2\/comments?post=16382"}],"version-history":[{"count":1,"href":"https:\/\/tours.com.pt\/es\/wp-json\/wp\/v2\/trip\/16382\/revisions"}],"predecessor-version":[{"id":21100,"href":"https:\/\/tours.com.pt\/es\/wp-json\/wp\/v2\/trip\/16382\/revisions\/21100"}],"wp:featuredmedia":[{"embeddable":true,"href":"https:\/\/tours.com.pt\/es\/wp-json\/wp\/v2\/media\/15983"}],"wp:attachment":[{"href":"https:\/\/tours.com.pt\/es\/wp-json\/wp\/v2\/media?parent=16382"}],"wp:term":[{"taxonomy":"destination","embeddable":true,"href":"https:\/\/tours.com.pt\/es\/wp-json\/wp\/v2\/destination?post=16382"},{"taxonomy":"activities","embeddable":true,"href":"https:\/\/tours.com.pt\/es\/wp-json\/wp\/v2\/activities?post=16382"},{"taxonomy":"trip_types","embeddable":true,"href":"https:\/\/tours.com.pt\/es\/wp-json\/wp\/v2\/trip_types?post=16382"},{"taxonomy":"difficulty","embeddable":true,"href":"https:\/\/tours.com.pt\/es\/wp-json\/wp\/v2\/difficulty?post=16382"},{"taxonomy":"trip_tag","embeddable":true,"href":"https:\/\/tours.com.pt\/es\/wp-json\/wp\/v2\/trip_tag?post=16382"}],"curies":[{"name":"wp","href":"https:\/\/api.w.org\/{rel}","templated":true}]}}