




{"id":15531,"date":"2024-02-14T11:13:36","date_gmt":"2024-02-14T11:13:36","guid":{"rendered":"https:\/\/tours.com.pt\/trip\/roteiro-3-dias-no-porto\/"},"modified":"2026-03-12T17:10:27","modified_gmt":"2026-03-12T17:10:27","slug":"ruta-3-dias-en-oporto","status":"publish","type":"trip","link":"https:\/\/tours.com.pt\/es\/trip\/ruta-3-dias-en-oporto\/","title":{"rendered":"Ruta 3 D\u00edas en Oporto: Disfruta del norte de Portugal"},"content":{"rendered":"\n<p class=\"has-text-align-left\">\u00a1Descubre nuestra Ruta 3 D\u00edas en Oporto! Una experiencia exclusiva, sin preocupaciones, donde t\u00fa decides cada detalle. Con un gu\u00eda local experimentado a tu lado, explora la ciudad y sus alrededores con total libertad y descubre los encantos e historias de cada lugar que visites.<\/p>\n\n\n\n<p class=\"has-text-align-center\"><strong>Este tour privado comenzar\u00e1 y terminar\u00e1 en Oporto. Para cualquier duda, no dudes en <a href=\"https:\/\/tours.com.pt\/es\/contact\/\" title=\"\">contactarnos<\/a>. <\/strong><\/p>\n\n\n\n<p style=\"font-size:27px;font-style:normal;font-weight:600\"><a href=\"https:\/\/emojiterra.com\/pt\/calendario-espiral\/\">\ud83d\uddd3\ufe0f<\/a>&nbsp;Precios:<\/p>\n\n\n\n<figure class=\"wp-block-table is-style-stripes\" style=\"font-size:19px;font-style:italic;font-weight:600\"><table class=\"has-black-color has-text-color has-background has-link-color has-fixed-layout\" style=\"background:linear-gradient(135deg,rgb(168,168,168) 0%,rgb(254,254,254) 100%)\"><thead><tr><th class=\"has-text-align-center\" data-align=\"center\">N\u00famero de Personas<\/th><th class=\"has-text-align-center\" data-align=\"center\">Precio<\/th><th class=\"has-text-align-center\" data-align=\"center\">Precio Persona<\/th><\/tr><\/thead><tbody><tr><td class=\"has-text-align-center\" data-align=\"center\">1 Persona<\/td><td class=\"has-text-align-center\" data-align=\"center\">840\u20ac<\/td><td class=\"has-text-align-center\" data-align=\"center\">&#8211;<\/td><\/tr><tr><td class=\"has-text-align-center\" data-align=\"center\">2 Personas<\/td><td class=\"has-text-align-center\" data-align=\"center\">892\u20ac<\/td><td class=\"has-text-align-center\" data-align=\"center\">446\u20ac por Persona<\/td><\/tr><tr><td class=\"has-text-align-center\" data-align=\"center\">3 Personas<\/td><td class=\"has-text-align-center\" data-align=\"center\">945\u20ac<\/td><td class=\"has-text-align-center\" data-align=\"center\">315\u20ac por Persona<\/td><\/tr><tr><td class=\"has-text-align-center\" data-align=\"center\">4 Personas<\/td><td class=\"has-text-align-center\" data-align=\"center\">1050\u20ac<\/td><td class=\"has-text-align-center\" data-align=\"center\">262\u20ac por Persona<\/td><\/tr><tr><td class=\"has-text-align-center\" data-align=\"center\">5 Personas<\/td><td class=\"has-text-align-center\" data-align=\"center\">1128\u20ac<\/td><td class=\"has-text-align-center\" data-align=\"center\">225\u20ac por Persona<\/td><\/tr><tr><td class=\"has-text-align-center\" data-align=\"center\">6 Personas<\/td><td class=\"has-text-align-center\" data-align=\"center\">1236\u20ac<\/td><td class=\"has-text-align-center\" data-align=\"center\">206\u20ac por Persona<\/td><\/tr><tr><td class=\"has-text-align-center\" data-align=\"center\">7 Personas<\/td><td class=\"has-text-align-center\" data-align=\"center\">1397\u20ac<\/td><td class=\"has-text-align-center\" data-align=\"center\">199\u20ac por Persona<\/td><\/tr><tr><td class=\"has-text-align-center\" data-align=\"center\">8 Personas<\/td><td class=\"has-text-align-center\" data-align=\"center\">1558\u20ac<\/td><td class=\"has-text-align-center\" data-align=\"center\">194\u20ac por Persona<\/td><\/tr><\/tbody><\/table><\/figure>\n\n\n\n<hr class=\"wp-block-separator has-alpha-channel-opacity\"\/>\n\n\n\n<figure class=\"wp-block-image size-full\"><img decoding=\"async\" src=\"data:image\/gif;base64,R0lGODlhAQABAAAAACH5BAEKAAEALAAAAAABAAEAAAICTAEAOw==\" data-layzr=\"https:\/\/tours.com.pt\/wp-content\/uploads\/2024\/04\/Ponte-Luis-I-Porto-Gaia.jpg\" alt=\"Ruta 3 D\u00edas en Oporto\" class=\"wp-image-12262\"\/><\/figure>\n\n\n\n<h4 class=\"wp-block-heading\">Ruta 3 D\u00edas en Oporto:<\/h4>\n\n\n\n<p class=\"has-text-align-left\">Descubre el encanto incomparable de la ciudad con nuestra Ruta 3 D\u00edas en Oporto. Con un patrimonio art\u00edstico y cultural \u00fanico, esta ciudad europea es un verdadero tesoro, celebrando no solo el renombrado vino de Oporto, sino tambi\u00e9n ofreciendo una multitud de experiencias culturales y de ocio.<\/p>\n\n\n\n<p class=\"has-text-align-left\">Desde sus riberas hasta las hermosas playas del Atl\u00e1ntico, Oporto invita a una estancia al aire libre, llena de espacios verdes y parques para explorar. Ya sea en la impresionante arquitectura, los fascinantes museos o las acogedoras terrazas, cada calle cuenta una rica historia, enraizada en siglos de cultura y tradici\u00f3n.<\/p>\n\n\n\n<p class=\"has-text-align-left\">Inmortalizada como <a href=\"https:\/\/whc.unesco.org\/es\/list\/755\" target=\"_blank\" rel=\"noopener\" title=\"\">Patrimonio Cultural de la Humanidad desde 1996, Oporto<\/a> es una ciudad que late con la energ\u00eda de su historia. Desde las antiguas murallas hasta las modernas zonas comerciales, esta es una ciudad que se reinventa constantemente, manteni\u00e9ndose fiel a su car\u00e1cter invicto. <br>No pospongas m\u00e1s esta oportunidad \u00fanica de explorar todo esto y mucho m\u00e1s con nuestra Descubre el encanto incomparable de la ciudad de Oporto con nuestra Ruta 3 D\u00edas en Oporto. Con un patrimonio art\u00edstico y cultural \u00fanico, esta ciudad europea es un verdadero tesoro, celebrando no solo el renombrado vino de Oporto, sino tambi\u00e9n ofreciendo una multitud de experiencias culturales y de ocio.<\/p>\n","protected":false},"excerpt":{"rendered":"<p>\u00a1Descubre nuestra Ruta 3 D\u00edas en Oporto! Una experiencia exclusiva, sin preocupaciones, donde t\u00fa decides cada detalle. Con un gu\u00eda local experimentado a tu lado, explora la ciudad y sus alrededores con total libertad y descubre los encantos e historias de cada lugar que visites. Este tour privado comenzar\u00e1 y terminar\u00e1 en Oporto. Para cualquier &hellip; <\/p>\n","protected":false},"author":3,"featured_media":1370,"comment_status":"open","ping_status":"closed","template":"","destination":[364,362,360,350],"activities":[],"trip_types":[340],"difficulty":[],"trip_tag":[497,496,388,415,520],"class_list":["post-15531","trip","type-trip","status-publish","has-post-thumbnail","hentry","destination-braga-es","destination-douro-es","destination-guimaraes-es","destination-tours-en-oporto","trip_types-empezando-en-porto","trip_tag-douro-2","trip_tag-guimaraes","trip_tag-porto-es","trip_tag-tour-privado-2","trip_tag-tour-privado-es","latest_post"],"packages_ids":[16764],"trip_extras":[],"cut_off_time":{"enabled":true,"duration":2,"duration_unit":"days"},"booked-seats":[],"aioseo_notices":[],"code":"Ruta 3 D\u00edas en Oporto","price":0,"has_sale":false,"sale_price":0,"discount_percent":0,"currency":{"code":"EUR","symbol":"&euro;"},"duration":{"days":3,"nights":2,"duration_unit":"days","duration_type":"days"},"min_pax":1,"max_pax":"","discount_value":0,"discount_label":"0% Off","primary_category":596,"available_times":{"type":"default","items":["2021-1-01","2021-2-01","2021-3-01","2021-4-01","2021-5-01","2021-6-01","2021-7-01","2021-8-01","2021-9-01","2021-10-01","2021-11-01","2021-12-01"]},"description":"<p>Comienza tu aventura en Oporto, sumergi\u00e9ndote en la rica historia de la ciudad a trav\u00e9s de sus antiguas calles y monumentos emblem\u00e1ticos. Desde la modernidad hasta la tradici\u00f3n, explora lugares como la Casa da M\u00fasica y la hist\u00f3rica Librer\u00eda Lello, antes de cruzar el r\u00edo Duero para una degustaci\u00f3n de vino de Oporto en Vila Nova de Gaia.<\/p>\n<p>En el segundo d\u00eda, sum\u00e9rgete en la historia de Portugal con visitas a Guimar\u00e3es y Braga, dos ciudades llenas de encanto y significado cultural. Explora castillos antiguos, hermosas iglesias y jardines serenos antes de regresar a Oporto para una noche relajante.<\/p>\n<p>En el \u00faltimo d\u00eda, emb\u00e1rcate en un viaje por el impresionante Valle del Duero, donde los vi\u00f1edos se extienden hasta donde alcanza la vista. Descubre Amarante y Vila Real, culminando en una experiencia \u00fanica en una Quinta, donde aprender\u00e1s sobre la producci\u00f3n de vino y degustar\u00e1s los sabores \u00fanicos de la regi\u00f3n. Este itinerario ofrece una introducci\u00f3n envolvente a la cultura y los paisajes del norte de Portugal en solo tres d\u00edas.<\/p>","cost_includes":"Conductor\/Gu\u00eda Privado durante el Tour en Portugu\u00e9s, Espa\u00f1ol e Ingl\u00e9s\nRecogida y Devoluci\u00f3n en su Hotel\nTransporte Exclusivo, C\u00f3modo y Moderno\nAgua Embotellada Incluida\nWi-Fi a Bordo\nSeguro de Accidentes\nServicio de Atenci\u00f3n al Cliente 24\/7","cost_excludes":"Entradas a Monumentos\nComidas (Almuerzos y Cenas)\nVuelos hacia\/desde Portugal\nGastos Personales\nOtros Gastos No Mencionados","itineraries":[{"title":"D\u00eda 1: Ciudad de Oporto","content":"<p><img class=\"alignnone size-medium wp-image-16751 alignright\" src=\"https:\/\/tours.com.pt\/wp-content\/uploads\/2024\/02\/DBAB1BE7-9AD3-4DE2-AADA-1639C8E03916-300x201.jpeg\" alt=\"\" width=\"300\" height=\"201\" \/><\/p>\n<p>En este d\u00eda inmersivo en la ciudad de Oporto, emb\u00e1rcate en un viaje a trav\u00e9s de los siglos de historia y cultura que dieron forma a este destino ic\u00f3nico. Desde sus or\u00edgenes celtas hasta la influencia romana y m\u00e1s all\u00e1, cada paso revela una narrativa fascinante. Explora la arquitectura contempor\u00e1nea de la Casa da M\u00fasica y sum\u00e9rgete en la animada atm\u00f3sfera de Matosinhos, conocido por sus deliciosos platos de pescado fresco.<\/p>\n<p>Contin\u00faa hacia la deslumbrante Estaci\u00f3n de S\u00e3o Bento, adornada con los ic\u00f3nicos azulejos que narran las tradiciones y los eventos hist\u00f3ricos de Portugal. Recorre la bulliciosa Rua de Santa Catarina, donde el comercio local e internacional se encuentra, y no pierdas la oportunidad de deleitarte con la atm\u00f3sfera \u00fanica del Caf\u00e9 Majestic. Explora tambi\u00e9n la encantadora Librer\u00eda Lello, una fuente de inspiraci\u00f3n para el universo de Harry Potter, y marav\u00edllate con la grandiosidad de la Catedral de Oporto y el Palacio de la Bolsa.<\/p>\n<p>Cruza el majestuoso Puente de Dom Lu\u00eds I hacia Vila Nova de Gaia y descubre los secretos detr\u00e1s de la producci\u00f3n del vino de Oporto en una de las hist\u00f3ricas bodegas de la regi\u00f3n. Termina el d\u00eda con una vista deslumbrante de la ciudad y el r\u00edo Duero desde el Monasterio de Serra do Pilar. Disfruta de este d\u00eda lleno de descubrimientos y momentos memorables en la magn\u00edfica ciudad de Oporto.<\/p>\n<p><strong><a href=\"https:\/\/tours.com.pt\/es\/sugerencias-de-hoteles-en-oporto\/\" target=\"_blank\" rel=\"noopener\"><img class=\"emoji\" role=\"img\" draggable=\"false\" src=\"https:\/\/s.w.org\/images\/core\/emoji\/15.0.3\/svg\/1f6cc.svg\" alt=\"\ud83d\udecc\" \/>\u00a0\u2013 Pernocta en Oporto<\/a><\/strong><\/p>"},{"title":"D\u00eda 2: Braga y Guimar\u00e3es","content":"<p><img class=\"alignnone size-medium wp-image-598 alignleft\" src=\"https:\/\/tours.com.pt\/wp-content\/uploads\/2023\/12\/o-que-fazer-guimaraes-portugal19-300x199.jpg\" alt=\"\" width=\"300\" height=\"199\" \/><\/p>\n<p>Explora la encantadora regi\u00f3n de Minho con una visita a Guimar\u00e3es, ciudad clasificada como Patrimonio de la Humanidad desde 2001. Conocida como la cuna de Portugal, Guimar\u00e3es revela los secretos de su castillo medieval, la Iglesia de San Miguel y el imponente Palacio de los Duques de Braganza. Camina por calles que parecen sacadas de un cuento de hadas, descubriendo pintorescas plazas como S\u00e3o Tiago, Toural y Oliveira, y no dejes de saborear un pastel de Santa Clara.<\/p>\n<p>Despu\u00e9s del almuerzo, nos dirigimos a Braga, una ciudad moderna que a\u00fan respira la herencia de los antiguos romanos. Visita la imponente Catedral, donde se guarda la cruz utilizada en la primera misa rezada en Brasil, y marav\u00edllate con los magn\u00edficos \u00f3rganos de tubos. Explora el Parque del Bom Jesus, un verdadero tesoro arquitect\u00f3nico de los siglos XVIII y XIX, con sus diversas capillas del V\u00eda Crucis y una monumental escalinata adornada con estatuas y fuentes simb\u00f3licas.<\/p>\n<p>\u00bfQu\u00e9 tal una experiencia \u00fanica en el ascensor movido por agua m\u00e1s antiguo del mundo? Imag\u00ednate subiendo la colina con la ayuda de contrapesos de agua, sin que nunca haya habido un accidente. A lo largo del d\u00eda, no te pierdas otras atracciones como el Palacio Episcopal con sus exuberantes jardines de Santa B\u00e1rbara y la vibrante Plaza de la Rep\u00fablica. <br \/>Con tiempo para la contemplaci\u00f3n espiritual y el descanso en los jardines verdes, esta jornada promete ser una verdadera inmersi\u00f3n en la historia y la belleza de Minho.<\/p>\n<p><a href=\"https:\/\/tours.com.pt\/es\/sugerencias-de-hoteles-en-oporto\/\" target=\"_blank\" rel=\"noopener\"><img class=\"emoji\" role=\"img\" draggable=\"false\" src=\"https:\/\/s.w.org\/images\/core\/emoji\/15.0.3\/svg\/1f6cc.svg\" alt=\"\ud83d\udecc\" \/><strong>\u00a0\u2013 Pernocta en Oporto<\/strong><\/a><\/p>"},{"title":"D\u00eda 3: Valle del Duero","content":"<p><img class=\"alignnone size-medium wp-image-1962 alignright\" src=\"https:\/\/tours.com.pt\/wp-content\/uploads\/2024\/03\/douro-river-ok-300x200.jpg\" alt=\"\" width=\"300\" height=\"200\" \/><\/p>\n<p>Comienza el d\u00eda en Amarante, un encantador pueblo que te invita a rendir homenaje a San Gonzalo de Amarante, conocido por sus milagros y su conexi\u00f3n con la ciudad. Mientras paseas por sus calles empedradas, no puedes perderte el ic\u00f3nico Puente del siglo XVIII que se extiende majestuosamente sobre el r\u00edo T\u00e1mega, ofreciendo vistas impresionantes y oportunidades perfectas para fotograf\u00edas.<\/p>\n<p>Contin\u00faa tu viaje hacia el Alto Duero Vinhateiro, un paisaje espectacular que te dejar\u00e1 sin aliento. Detente en el mirador de Casal de Loivos, donde podr\u00e1s disfrutar de vistas panor\u00e1micas sobre el r\u00edo Duero y las terrazas de vi\u00f1edos que se extienden hasta donde alcanza la vista. No te pierdas la oportunidad de visitar la estaci\u00f3n de tren de Pinh\u00e3o, famosa por sus hermosos azulejos que narran la historia de la viticultura en la regi\u00f3n.<\/p>\n<p>Finalmente, explora una Quinta del Valle del Duero, donde podr\u00e1s conocer de cerca el proceso de producci\u00f3n del vino, desde la cosecha de las uvas hasta el embotellado. Concluye tu experiencia con una degustaci\u00f3n de vinos locales, saboreando los ricos matices que hacen del vino del Duero una de las mejores del mundo. Este recorrido no solo te permitir\u00e1 disfrutar de paisajes impresionantes, sino que tambi\u00e9n te sumergir\u00e1 en la rica herencia vin\u00edcola de Portugal.<\/p>\n<p><a href=\"https:\/\/tours.com.pt\/es\/sugerencias-de-hoteles-en-oporto\/\" target=\"_blank\" rel=\"noopener\"><img class=\"emoji\" role=\"img\" draggable=\"false\" src=\"https:\/\/s.w.org\/images\/core\/emoji\/15.0.3\/svg\/1f6cc.svg\" alt=\"\ud83d\udecc\" \/>\u00a0<strong>\u2013 Pernocta en Oporto<\/strong><\/a><\/p>"}],"faqs":[{"title":"\u00bfPuedo hacer cambios en el recorrido?","content":"<p>S\u00ed, puedes hacerlo sin costo adicional siempre que estos cambios no alteren la duraci\u00f3n o las distancias del recorrido.<\/p>"},{"title":"\u00bfC\u00f3mo puedo reservar un tour?","content":"<!-- wp:paragraph -->\n<p>\u00a1Reservar es muy sencillo! Solo tiene que elegir el tour deseado en nuestro sitio web, enviarnos un mensaje por WhatsApp o completar el formulario de reserva con sus datos y la fecha que prefiera. Luego, nos pondremos en contacto para confirmar la disponibilidad y finalizar su reserva.<\/p>\n<!-- \/wp:paragraph -->"},{"title":"\u00bfDebo pagar por adelantado?","content":"<p>El pago se realizar\u00e1 de la siguiente manera: 20% al momento de la reserva y el resto el d\u00eda del recorrido. En caso de recorridos de varios d\u00edas, el pago final se realizar\u00e1 al final del primer d\u00eda del recorrido.<\/p>"},{"title":"\u00bfQu\u00e9 es \"Reserva Ahora, Paga Despu\u00e9s\"?","content":"<!-- wp:paragraph -->\n<p>Con esta opci\u00f3n, puede asegurar su lugar en el tour sin necesidad de realizar el pago inmediato. Su reserva quedar\u00e1 confirmada y el pago podr\u00e1 realizarse m\u00e1s adelante, ofreci\u00e9ndole total flexibilidad. \u00a1Es la manera ideal de planificar sin preocupaciones!<\/p>\n<!-- \/wp:paragraph -->"},{"title":"\u00bfC\u00f3mo funciona la pol\u00edtica de cancelaci\u00f3n del tour?","content":"<!-- wp:paragraph -->\n<p>Las reservas pueden cancelarse sin coste hasta 4 d\u00edas antes de la fecha del tour. Para cancelaciones realizadas con menos de 4 d\u00edas de antelaci\u00f3n, se aplicar\u00e1n nuestras pol\u00edticas de cancelaci\u00f3n, que pueden variar seg\u00fan el servicio. Por favor, consulte nuestros T\u00e9rminos y Condiciones para m\u00e1s detalles.<\/p>\n<!-- \/wp:paragraph -->"},{"title":"\u00bfRecibo un reembolso en caso de cancelaci\u00f3n?","content":"<!-- wp:paragraph -->\n<p>S\u00ed, si cancela dentro del plazo establecido, tiene derecho a un reembolso total. Las cancelaciones realizadas con menos de 4 d\u00edas de antelaci\u00f3n est\u00e1n sujetas a nuestras pol\u00edticas de cancelaci\u00f3n, que pueden variar seg\u00fan el servicio. Consulte nuestros T\u00e9rminos y Condiciones para obtener m\u00e1s informaci\u00f3n.<\/p>\n<!-- \/wp:paragraph -->"},{"title":"\u00bfC\u00f3mo puedo cambiar la fecha de mi reserva?","content":"<!-- wp:paragraph -->\n<p>P\u00f3ngase en contacto con nosotros lo antes posible. Haremos todo lo posible para cambiar la fecha de su reserva sin coste adicional, sujeto a disponibilidad.<\/p>\n<!-- \/wp:paragraph -->"},{"title":"\u00bfTienen asientos para ni\u00f1os?","content":"<p>S\u00ed, tenemos asientos para ni\u00f1os de diferentes edades.<\/p>"},{"title":"\u00bfPueden comprarnos las entradas?","content":"<p>Podemos comprar las entradas; sin embargo, esta compra tendr\u00e1 un costo administrativo de 5 euros por entrada y no ser\u00e1 reembolsable.<\/p>"},{"title":"\u00bfNos recoger\u00e1n en nuestro hotel?","content":"<p>S\u00ed, el recorrido comenzar\u00e1 en su hotel o apartamento.<\/p>"},{"title":"\u00bfHabr\u00e1 m\u00e1s personas en nuestro recorrido?","content":"<p>No, todos nuestros recorridos son privados.<\/p>"},{"title":"\u00bfEl gu\u00eda nos acompa\u00f1a en las visitas?","content":"<p>El gu\u00eda los acompa\u00f1ar\u00e1 en las visitas cuando pueda estacionar el veh\u00edculo de manera segura y siempre que no haya pertenencias de los clientes en el interior del mismo.<\/p>"},{"title":"\u00bfCu\u00e1l es la duraci\u00f3n del recorrido?","content":"<p>Cada d\u00eda tiene una duraci\u00f3n aproximada de 8 horas.<\/p>"},{"title":"\u00bfQu\u00e9 tipo de veh\u00edculo utilizan?","content":"<p>Todos nuestros veh\u00edculos son Mercedes y est\u00e1n en perfectas condiciones.<\/p>"}],"is_featured":false,"trip_reviews":{"reviews":[],"average":0,"count":0},"featured_image":{"width":1920,"height":1080,"file":"2024\/02\/transferir.webp","filesize":627948,"sizes":{"medium":{"file":"transferir-300x169.webp","width":300,"height":169,"filesize":15532,"mime_type":"image\/webp","source_url":"https:\/\/tours.com.pt\/wp-content\/uploads\/2024\/02\/transferir-300x169.webp"},"large":{"file":"transferir-1024x576.webp","width":1024,"height":576,"filesize":153142,"mime_type":"image\/webp","source_url":"https:\/\/tours.com.pt\/wp-content\/uploads\/2024\/02\/transferir-1024x576.webp"},"thumbnail":{"file":"transferir-150x150.webp","width":150,"height":150,"filesize":6850,"mime_type":"image\/webp","source_url":"https:\/\/tours.com.pt\/wp-content\/uploads\/2024\/02\/transferir-150x150.webp"},"medium_large":{"file":"transferir-768x432.webp","width":768,"height":432,"filesize":93230,"mime_type":"image\/webp","source_url":"https:\/\/tours.com.pt\/wp-content\/uploads\/2024\/02\/transferir-768x432.webp"},"trip-thumb-size":{"file":"transferir-376x212.webp","width":376,"height":212,"filesize":23932,"mime_type":"image\/webp","source_url":"https:\/\/tours.com.pt\/wp-content\/uploads\/2024\/02\/transferir-376x212.webp"},"destination-thumb-size":{"file":"transferir-600x810.webp","width":600,"height":810,"filesize":109906,"mime_type":"image\/webp","source_url":"https:\/\/tours.com.pt\/wp-content\/uploads\/2024\/02\/transferir-600x810.webp"},"destination-thumb-trip-size":{"file":"transferir-410x250.webp","width":410,"height":250,"filesize":30514,"mime_type":"image\/webp","source_url":"https:\/\/tours.com.pt\/wp-content\/uploads\/2024\/02\/transferir-410x250.webp"},"activities-thumb-size":{"file":"transferir-600x810.webp","width":600,"height":810,"filesize":109906,"mime_type":"image\/webp","source_url":"https:\/\/tours.com.pt\/wp-content\/uploads\/2024\/02\/transferir-600x810.webp"},"trip-single-size":{"file":"transferir-990x490.webp","width":990,"height":490,"filesize":135454,"mime_type":"image\/webp","source_url":"https:\/\/tours.com.pt\/wp-content\/uploads\/2024\/02\/transferir-990x490.webp"},"1536x1536":{"file":"transferir-1536x864.webp","width":1536,"height":864,"filesize":284490,"mime_type":"image\/webp","source_url":"https:\/\/tours.com.pt\/wp-content\/uploads\/2024\/02\/transferir-1536x864.webp"},"travel-muni-pro-slider":{"file":"transferir-1920x600.webp","width":1920,"height":600,"filesize":333522,"mime_type":"image\/webp","source_url":"https:\/\/tours.com.pt\/wp-content\/uploads\/2024\/02\/transferir-1920x600.webp"},"travel-muni-pro-slider-layout-3":{"file":"transferir-1920x780.webp","width":1920,"height":780,"filesize":397040,"mime_type":"image\/webp","source_url":"https:\/\/tours.com.pt\/wp-content\/uploads\/2024\/02\/transferir-1920x780.webp"},"travel-muni-pro-header-image-3":{"file":"transferir-960x650.webp","width":960,"height":650,"filesize":156256,"mime_type":"image\/webp","source_url":"https:\/\/tours.com.pt\/wp-content\/uploads\/2024\/02\/transferir-960x650.webp"},"travel-muni-pro-header-bg-img":{"file":"transferir-622x350.webp","width":622,"height":350,"filesize":63110,"mime_type":"image\/webp","source_url":"https:\/\/tours.com.pt\/wp-content\/uploads\/2024\/02\/transferir-622x350.webp"},"travel-muni-pro-schema":{"file":"transferir-107x60.webp","width":107,"height":60,"filesize":2328,"mime_type":"image\/webp","source_url":"https:\/\/tours.com.pt\/wp-content\/uploads\/2024\/02\/transferir-107x60.webp"},"travel-muni-pro-middle-square-thumb":{"file":"transferir-600x600.webp","width":600,"height":600,"filesize":90612,"mime_type":"image\/webp","source_url":"https:\/\/tours.com.pt\/wp-content\/uploads\/2024\/02\/transferir-600x600.webp"},"activity-thumb-size":{"file":"transferir-640x360.webp","width":640,"height":360,"filesize":68316,"mime_type":"image\/webp","source_url":"https:\/\/tours.com.pt\/wp-content\/uploads\/2024\/02\/transferir-640x360.webp"},"travel-muni-pro-full-blog":{"file":"transferir-610x343.webp","width":610,"height":343,"filesize":60364,"mime_type":"image\/webp","source_url":"https:\/\/tours.com.pt\/wp-content\/uploads\/2024\/02\/transferir-610x343.webp"},"travel-muni-pro-404":{"file":"transferir-800x534.webp","width":800,"height":534,"filesize":113464,"mime_type":"image\/webp","source_url":"https:\/\/tours.com.pt\/wp-content\/uploads\/2024\/02\/transferir-800x534.webp"},"megamenu-thumb-size":{"file":"transferir-594x373.webp","width":594,"height":373,"filesize":63314,"mime_type":"image\/webp","source_url":"https:\/\/tours.com.pt\/wp-content\/uploads\/2024\/02\/transferir-594x373.webp"},"travel-muni-pro-wte-tax-thumb":{"file":"transferir-594x400.webp","width":594,"height":400,"filesize":65674,"mime_type":"image\/webp","source_url":"https:\/\/tours.com.pt\/wp-content\/uploads\/2024\/02\/transferir-594x400.webp"},"travel-muni-pro-single-trip-banner":{"file":"transferir-1920x500.webp","width":1920,"height":500,"filesize":282598,"mime_type":"image\/webp","source_url":"https:\/\/tours.com.pt\/wp-content\/uploads\/2024\/02\/transferir-1920x500.webp"},"full":{"file":"transferir.webp","width":1920,"height":1080,"source_url":"https:\/\/tours.com.pt\/wp-content\/uploads\/2024\/02\/transferir.webp"}},"image_meta":{"aperture":"0","credit":"","camera":"","caption":"","created_timestamp":"0","copyright":"","focal_length":"0","iso":"0","shutter_speed":"0","title":"","orientation":"0","keywords":[]}},"_links":{"self":[{"href":"https:\/\/tours.com.pt\/es\/wp-json\/wp\/v2\/trip\/15531","targetHints":{"allow":["GET"]}}],"collection":[{"href":"https:\/\/tours.com.pt\/es\/wp-json\/wp\/v2\/trip"}],"about":[{"href":"https:\/\/tours.com.pt\/es\/wp-json\/wp\/v2\/types\/trip"}],"author":[{"embeddable":true,"href":"https:\/\/tours.com.pt\/es\/wp-json\/wp\/v2\/users\/3"}],"replies":[{"embeddable":true,"href":"https:\/\/tours.com.pt\/es\/wp-json\/wp\/v2\/comments?post=15531"}],"version-history":[{"count":1,"href":"https:\/\/tours.com.pt\/es\/wp-json\/wp\/v2\/trip\/15531\/revisions"}],"predecessor-version":[{"id":21298,"href":"https:\/\/tours.com.pt\/es\/wp-json\/wp\/v2\/trip\/15531\/revisions\/21298"}],"wp:featuredmedia":[{"embeddable":true,"href":"https:\/\/tours.com.pt\/es\/wp-json\/wp\/v2\/media\/1370"}],"wp:attachment":[{"href":"https:\/\/tours.com.pt\/es\/wp-json\/wp\/v2\/media?parent=15531"}],"wp:term":[{"taxonomy":"destination","embeddable":true,"href":"https:\/\/tours.com.pt\/es\/wp-json\/wp\/v2\/destination?post=15531"},{"taxonomy":"activities","embeddable":true,"href":"https:\/\/tours.com.pt\/es\/wp-json\/wp\/v2\/activities?post=15531"},{"taxonomy":"trip_types","embeddable":true,"href":"https:\/\/tours.com.pt\/es\/wp-json\/wp\/v2\/trip_types?post=15531"},{"taxonomy":"difficulty","embeddable":true,"href":"https:\/\/tours.com.pt\/es\/wp-json\/wp\/v2\/difficulty?post=15531"},{"taxonomy":"trip_tag","embeddable":true,"href":"https:\/\/tours.com.pt\/es\/wp-json\/wp\/v2\/trip_tag?post=15531"}],"curies":[{"name":"wp","href":"https:\/\/api.w.org\/{rel}","templated":true}]}}