




{"id":14890,"date":"2024-06-02T14:20:24","date_gmt":"2024-06-02T13:20:24","guid":{"rendered":"https:\/\/tours.com.pt\/trip\/roteiro-2-dias-no-porto\/"},"modified":"2026-03-12T14:13:45","modified_gmt":"2026-03-12T14:13:45","slug":"ruta-2-dias-en-oporto","status":"publish","type":"trip","link":"https:\/\/tours.com.pt\/es\/trip\/ruta-2-dias-en-oporto\/","title":{"rendered":"Ruta 2 D\u00edas en Oporto: Historia, Vino y Encanto"},"content":{"rendered":"\n<p class=\"has-text-align-left\">Un Ruta 2 D\u00edas en Oporto, perfecto para aquellos que solo estar\u00e1n dos d\u00edas en la ciudad y est\u00e1n un poco perdidos, sin saber qu\u00e9 hacer. Son dos d\u00edas de diversi\u00f3n conociendo una de las ciudades m\u00e1s bellas de Europa.<\/p>\n\n\n\n<p class=\"has-text-align-center\"><strong>Este tour tiene inicio y fin en la ciudad de Oporto<\/strong>, <strong>para cualquier duda, no dude en <a href=\"https:\/\/tours.com.pt\/es\/contacto\/\" title=\"\">contactarnos<\/a>.<\/strong><\/p>\n\n\n\n<p style=\"font-size:27px;font-style:normal;font-weight:600\"><a href=\"https:\/\/emojiterra.com\/pt\/calendario-espiral\/\">\ud83d\uddd3\ufe0f<\/a>&nbsp;Precios:<\/p>\n\n\n\n<figure class=\"wp-block-table is-style-stripes\" style=\"font-size:19px;font-style:italic;font-weight:600\"><table class=\"has-black-color has-text-color has-background has-link-color has-fixed-layout\" style=\"background:linear-gradient(135deg,rgb(168,168,168) 0%,rgb(254,254,254) 100%)\"><thead><tr><th class=\"has-text-align-center\" data-align=\"center\">N\u00famero de Personas<\/th><th class=\"has-text-align-center\" data-align=\"center\">Precio<\/th><th class=\"has-text-align-center\" data-align=\"center\">Precio Persona<\/th><\/tr><\/thead><tbody><tr><td class=\"has-text-align-center\" data-align=\"center\">1 Persona<\/td><td class=\"has-text-align-center\" data-align=\"center\">630\u20ac<\/td><td class=\"has-text-align-center\" data-align=\"center\">&#8211;<\/td><\/tr><tr><td class=\"has-text-align-center\" data-align=\"center\">2 Personas<\/td><td class=\"has-text-align-center\" data-align=\"center\">672\u20ac<\/td><td class=\"has-text-align-center\" data-align=\"center\">336\u20ac por Persona<\/td><\/tr><tr><td class=\"has-text-align-center\" data-align=\"center\">3 Personas<\/td><td class=\"has-text-align-center\" data-align=\"center\">703\u20ac<\/td><td class=\"has-text-align-center\" data-align=\"center\">234\u20ac por Persona<\/td><\/tr><tr><td class=\"has-text-align-center\" data-align=\"center\">4 Personas<\/td><td class=\"has-text-align-center\" data-align=\"center\">756\u20ac<\/td><td class=\"has-text-align-center\" data-align=\"center\">189\u20ac por Persona<\/td><\/tr><tr><td class=\"has-text-align-center\" data-align=\"center\">5 Personas<\/td><td class=\"has-text-align-center\" data-align=\"center\">806\u20ac<\/td><td class=\"has-text-align-center\" data-align=\"center\">161\u20ac por Persona<\/td><\/tr><tr><td class=\"has-text-align-center\" data-align=\"center\">6 Personas<\/td><td class=\"has-text-align-center\" data-align=\"center\">827\u20ac<\/td><td class=\"has-text-align-center\" data-align=\"center\">137\u20ac por Persona<\/td><\/tr><tr><td class=\"has-text-align-center\" data-align=\"center\">7 Personas<\/td><td class=\"has-text-align-center\" data-align=\"center\">903\u20ac<\/td><td class=\"has-text-align-center\" data-align=\"center\">129\u20ac por Persona<\/td><\/tr><tr><td class=\"has-text-align-center\" data-align=\"center\">8 Personas<\/td><td class=\"has-text-align-center\" data-align=\"center\">924\u20ac<\/td><td class=\"has-text-align-center\" data-align=\"center\">115\u20ac por Persona<\/td><\/tr><\/tbody><\/table><\/figure>\n\n\n\n<hr class=\"wp-block-separator has-alpha-channel-opacity\"\/>\n\n\n\n<figure class=\"wp-block-image size-large\"><img decoding=\"async\" src=\"data:image\/gif;base64,R0lGODlhAQABAAAAACH5BAEKAAEALAAAAAABAAEAAAICTAEAOw==\" data-layzr=\"https:\/\/tours.com.pt\/wp-content\/uploads\/2023\/12\/bigstock-PORTO-PORTUGAL-CIRCA-JUN-112548023-1024x576.jpg\" alt=\"Ruta 2 D\u00edas en Oporto\" class=\"wp-image-587\"\/><\/figure>\n\n\n\n<p class=\"has-text-align-left\">Durante nuestra Ruta 2 D\u00edas en Oporto , no deje de explorar las famosas Bodegas de Vino de Oporto. Alrededor de cincuenta compa\u00f1\u00edas guardan el precioso vino producido en la Regi\u00f3n Demarcada del Duero, situada a unos 100 kil\u00f3metros r\u00edo arriba.<br><br>\u00a1Descubre lo mejor de Oporto en 2 d\u00edas! El primer d\u00eda, pasea por la encantadora <strong>Ribeira<\/strong>, visita la <strong>Catedral de la S\u00e9<\/strong> y cruza el ic\u00f3nico <strong>Puente Don Luis I<\/strong> para disfrutar de vistas incre\u00edbles. Por la tarde, recorre las bodegas de Vila Nova de Gaia, donde aprender\u00e1s sobre el vino de Oporto y podr\u00e1s hacer degustaciones.<\/p>\n\n\n\n<p class=\"has-text-align-left\">La famosa <strong><a href=\"https:\/\/es.wikipedia.org\/wiki\/Librer%C3%ADa_Lello\" target=\"_blank\" rel=\"noopener\" title=\"\">Librer\u00eda Lello<\/a><\/strong> y marav\u00edllate con su arquitectura. Luego, sube a la <strong>Torre de los Cl\u00e9rigos<\/strong> para una vista panor\u00e1mica de la ciudad. Almuerza en el <strong>Mercado do Bolh\u00e3o<\/strong> para probar la gastronom\u00eda local y termina tu visita con un paseo en barco por el r\u00edo Duero, disfrutando de las impresionantes vistas de la ciudad.<\/p>\n\n\n\n<h4 class=\"wp-block-heading has-text-align-center\">Ruta 2 D\u00edas en Oporto: Historia, Vino y Encanto<\/h4>\n\n\n\n<p class=\"has-text-align-left\">El vino de Oporto es \u00fanico debido a su fermentaci\u00f3n parcial y a la adici\u00f3n de aguardiente de uva, lo que resulta en un sabor naturalmente dulce y un contenido alcoh\u00f3lico m\u00e1s elevado que los vinos tradicionales.<br><br>Braga y Guimar\u00e3es son destinos imprescindibles en el norte de Portugal. En Braga, visita la catedral m\u00e1s antigua del pa\u00eds y el ic\u00f3nico Santuario de Bom Jesus do Monte. En Guimar\u00e3es, considerado la cuna de Portugal, explora el Castillo de Guimar\u00e3es y su encantador casco hist\u00f3rico, declarado Patrimonio de la Humanidad por la UNESCO. Ambas ciudades ofrecen historia, arquitectura impresionante y una atm\u00f3sfera acogedora.<\/p>\n\n\n\n<p class=\"has-text-align-left\">Esta experiencia de degustaci\u00f3n es esencial durante su estancia en Oporto. Perm\u00edtase explorar los secretos y sabores de esta emblem\u00e1tica bebida de Portugal.<br><br><\/p>\n","protected":false},"excerpt":{"rendered":"<p>Un Ruta 2 D\u00edas en Oporto, perfecto para aquellos que solo estar\u00e1n dos d\u00edas en la ciudad y est\u00e1n un poco perdidos, sin saber qu\u00e9 hacer. Son dos d\u00edas de diversi\u00f3n conociendo una de las ciudades m\u00e1s bellas de Europa. Este tour tiene inicio y fin en la ciudad de Oporto, para cualquier duda, no &hellip; <\/p>\n","protected":false},"author":3,"featured_media":1140,"comment_status":"open","ping_status":"closed","template":"","destination":[364,360,447,350,53],"activities":[],"trip_types":[340],"difficulty":[],"trip_tag":[495,496,388,407,520],"class_list":["post-14890","trip","type-trip","status-publish","has-post-thumbnail","hentry","destination-braga-es","destination-guimaraes-es","destination-porto-es","destination-tours-en-oporto","destination-tours-no-porto","trip_types-empezando-en-porto","trip_tag-braga-2","trip_tag-guimaraes","trip_tag-porto-es","trip_tag-tour-privado","trip_tag-tour-privado-es","latest_post"],"packages_ids":[16633],"trip_extras":[],"cut_off_time":{"enabled":true,"duration":2,"duration_unit":"days"},"booked-seats":[],"aioseo_notices":[],"code":"Ruta 2 D\u00edas en Oporto","price":0,"has_sale":false,"sale_price":0,"discount_percent":0,"currency":{"code":"EUR","symbol":"&euro;"},"duration":{"days":2,"nights":2,"duration_unit":"days","duration_type":"days"},"min_pax":1,"max_pax":"","discount_value":0,"discount_label":"0% Off","primary_category":596,"available_times":{"type":"default","items":["2021-1-01","2021-2-01","2021-3-01","2021-4-01","2021-5-01","2021-6-01","2021-7-01","2021-8-01","2021-9-01","2021-10-01","2021-11-01","2021-12-01"]},"description":"<p>Descubrir el norte de Portugal en dos d\u00edas es sumergirse en un viaje lleno de historia, cultura y belleza natural. En Oporto, el primer d\u00eda es una inmersi\u00f3n en la esencia de la ciudad, paseando por la animada Baixa, explorando la ic\u00f3nica Librer\u00eda Lello y presenciando la grandeza de la Estaci\u00f3n de S\u00e3o Bento. El d\u00eda termina con un cruce por el Puente D. Luiz I hacia Gaia, donde las bodegas de vino de Oporto esperan para una experiencia sensorial \u00fanica.<\/p>\n<p>En el segundo d\u00eda, el viaje te lleva a las hist\u00f3ricas ciudades de Guimar\u00e3es y Braga, donde el pasado se entrelaza con el presente en cada plaza, iglesia y calle medieval. En Guimar\u00e3es, cuna de Portugal, y en Braga, la ciudad de los arzobispos, cada momento es un fascinante descubrimiento de arquitectura, tradici\u00f3n y devoci\u00f3n.<\/p>\n<p>Este itinerario promete una experiencia inolvidable, llena de momentos memorables y paisajes deslumbrantes que capturan el alma vibrante del norte de Portugal.<\/p>","cost_includes":"Conductor\/Gu\u00eda Privado durante el Tour en Portugu\u00e9s, Espa\u00f1ol e Ingl\u00e9s.\nRecogida y Devoluci\u00f3n en su Hotel.\nTransporte Exclusivo, C\u00f3modo y Moderno.\nAgua Embotellada Incluida.\nWi-Fi a Bordo.\nSeguro de Accidentes.\nServicio de Atenci\u00f3n al Cliente 24\/7.","cost_excludes":"Entradas a Monumentos.\nComidas (Almuerzos y Cenas).\nVuelos hacia\/desde Portugal.\nGastos Personales.\nOtros Gastos No Mencionados.","itineraries":[{"title":"D\u00eda 1: Oporto","content":"<p><img class=\"size-medium wp-image-142 alignright\" src=\"https:\/\/tours.com.pt\/wp-content\/uploads\/2024\/01\/Historia-da-Cidade-do-Porto.jpg\" alt=\"\" width=\"300\" height=\"200\" \/><\/p>\n<p>Explorar el coraz\u00f3n de Oporto es desvelar los secretos de una ciudad impregnada de historia y encanto. Comenzamos en la vibrante Baixa de Oporto, donde la Avenida dos Aliados se destaca como el epicentro de la vida portuense. Descubrimos los tesoros del Jard\u00edn de Cordoaria y del Barrio de la Victoria antes de dejarnos cautivar por la grandiosidad de la Torre de los Cl\u00e9rigos y perdernos en la m\u00e1gica Librer\u00eda Lello, que inspir\u00f3 a J.K. Rowling en la creaci\u00f3n de Harry Potter.<\/p>\n<p>En la Estaci\u00f3n de S\u00e3o Bento, somos transportados a trav\u00e9s de los siglos por los azulejos de Jorge Cola\u00e7o, mientras la Catedral y la Iglesia de San Francisco nos dejan maravillados con su imponente arquitectura y riqueza hist\u00f3rica. En el Palacio de la Bolsa, nos envuelve el esplendor neocl\u00e1sico y el Sal\u00f3n \u00c1rabe, testigos de una era de opulencia y prestigio.<\/p>\n<p>Cruzando el Puente D. Luiz I, llegamos a Gaia, donde las Bodegas de Vino de Oporto nos invitan a degustar el n\u00e9ctar de los dioses. Desde el Monasterio de Serra do Pilar, contemplamos la ciudad en su plenitud, una vista deslumbrante que nos recuerda la grandeza y belleza de esta ciudad encantadora.<\/p>\n<p><a href=\"https:\/\/tours.com.pt\/en\/hotel-suggestions-in-porto\/\" target=\"_blank\" rel=\"noopener\"><img class=\"emoji\" role=\"img\" draggable=\"false\" src=\"https:\/\/s.w.org\/images\/core\/emoji\/15.0.3\/svg\/1f6cc.svg\" alt=\"\ud83d\udecc\" \/><span class=\"s2\"><b>\u00a0\u2013 Pernoctaci\u00f3n en Porto<\/b><\/span><\/a><\/p>"},{"title":"D\u00eda 2: Braga y Guimar\u00e3es","content":"<p><img class=\"size-medium wp-image-142 alignleft\" src=\"https:\/\/tours.com.pt\/wp-content\/uploads\/2024\/01\/collage_5.jpg\" alt=\"\" width=\"300\" height=\"200\" \/><\/p>\n<p>Guimar\u00e3es, la ciudad cuna de Portugal y Patrimonio de la Humanidad desde 2001, se alza en la colina sagrada donde la estatua de Dom Afonso Henriques permanece vigilante. En su envolvente Castillo fundador, en la encantadora iglesia de San Miguel y en el imponente Palacio de los Duques de Braganza, las calles parecen narrar una f\u00e1bula medieval. Plazas como las de S\u00e3o Tiago, Toural y Oliveira invitan a la contemplaci\u00f3n, mientras el sabroso pastel de Santa Clara seduce los paladares de los visitantes.<\/p>\n<p>En Braga, la ciudad de los arzobispos, los vestigios de civilizaciones adornan paredes y fachadas, testigos de una rica historia. En la majestuosa S\u00e9 o Catedral, se venera la cruz de la primera misa rezada en Brasil, y los sepulcros de los padres de Dom Afonso Henriques reposan en silencio. En el Parque Bom Jesus, un santuario natural entre frondosos bosques, la monumental V\u00eda Sacra y el ingenioso elevador movido por agua invitan a la contemplaci\u00f3n y a la admiraci\u00f3n por la ingeniosidad humana.<\/p>\n<p><a href=\"https:\/\/tours.com.pt\/en\/hotel-suggestions-in-porto\/\" target=\"_blank\" rel=\"noopener\"><img class=\"emoji\" role=\"img\" draggable=\"false\" src=\"https:\/\/s.w.org\/images\/core\/emoji\/15.0.3\/svg\/1f6cc.svg\" alt=\"\ud83d\udecc\" \/><span class=\"s2\"><b>\u00a0\u2013 Pernoctaci\u00f3n en Porto<\/b><\/span><\/a><\/p>"}],"faqs":[{"title":"\u00bfPuedo hacer cambios en el recorrido?","content":"<p>S\u00ed, puede hacer cambios sin costo siempre que estos cambios no alteren el recorrido en t\u00e9rminos de tiempo o distancia.<\/p>"},{"title":"\u00bfC\u00f3mo puedo reservar un tour?","content":"<!-- wp:paragraph -->\n<p>\u00a1Reservar es muy sencillo! Solo tiene que elegir el tour deseado en nuestro sitio web, enviarnos un mensaje por WhatsApp o completar el formulario de reserva con sus datos y la fecha que prefiera. Luego, nos pondremos en contacto para confirmar la disponibilidad y finalizar su reserva.<\/p>\n<!-- \/wp:paragraph -->"},{"title":"\u00bfTengo que pagar por adelantado?","content":" El pago se realizar\u00e1 de la siguiente manera: 20% al reservar y el resto el d\u00eda del recorrido. Para recorridos de varios d\u00edas, el saldo restante se pagar\u00e1 al final del primer recorrido."},{"title":"\u00bfQu\u00e9 es \"Reserva Ahora, Paga Despu\u00e9s\"?","content":"<!-- wp:paragraph -->\n<p>Con esta opci\u00f3n, puede asegurar su lugar en el tour sin necesidad de realizar el pago inmediato. Su reserva quedar\u00e1 confirmada y el pago podr\u00e1 realizarse m\u00e1s adelante, ofreci\u00e9ndole total flexibilidad. \u00a1Es la manera ideal de planificar sin preocupaciones!<\/p>\n<!-- \/wp:paragraph -->"},{"title":"\u00bfC\u00f3mo funciona la pol\u00edtica de cancelaci\u00f3n del tour?","content":"<!-- wp:paragraph -->\n<p>Las reservas pueden cancelarse sin coste hasta 4 d\u00edas antes de la fecha del tour. Para cancelaciones realizadas con menos de 4 d\u00edas de antelaci\u00f3n, se aplicar\u00e1n nuestras pol\u00edticas de cancelaci\u00f3n, que pueden variar seg\u00fan el servicio. Por favor, consulte nuestros T\u00e9rminos y Condiciones para m\u00e1s detalles.<\/p>\n<!-- \/wp:paragraph -->"},{"title":"\u00bfRecibo un reembolso en caso de cancelaci\u00f3n?","content":"<!-- wp:paragraph -->\n<p>S\u00ed, si cancela dentro del plazo establecido, tiene derecho a un reembolso total. Las cancelaciones realizadas con menos de 4 d\u00edas de antelaci\u00f3n est\u00e1n sujetas a nuestras pol\u00edticas de cancelaci\u00f3n, que pueden variar seg\u00fan el servicio. Consulte nuestros T\u00e9rminos y Condiciones para obtener m\u00e1s informaci\u00f3n.<\/p>\n<!-- \/wp:paragraph -->"},{"title":"\u00bfC\u00f3mo puedo cambiar la fecha de mi reserva?","content":"<!-- wp:paragraph -->\n<p>P\u00f3ngase en contacto con nosotros lo antes posible. Haremos todo lo posible para cambiar la fecha de su reserva sin coste adicional, sujeto a disponibilidad.<\/p>\n<!-- \/wp:paragraph -->"},{"title":"\u00bfTienen sillas para ni\u00f1os?","content":" Tenemos sillas para ni\u00f1os de varias edades."},{"title":"\u00bfPueden comprarnos las entradas?","content":"Podemos comprar las entradas; sin embargo, esta compra tendr\u00e1 un costo administrativo de 5 euros por entrada y la compra no es reembolsable."},{"title":"\u00bfNos recogen en nuestro hotel?","content":"S\u00ed, el inicio de cada recorrido ser\u00e1 desde su hotel o apartamento."},{"title":"\u00bfHabr\u00e1 m\u00e1s gente en nuestro recorrido?","content":"No, todos nuestros recorridos son privados."},{"title":"\u00bfEl gu\u00eda nos acompa\u00f1a en las visitas?","content":" El gu\u00eda los acompa\u00f1ar\u00e1 en las visitas cuando sea posible estacionar el veh\u00edculo de manera segura y siempre que no haya pertenencias de clientes dentro del mismo."},{"title":"\u00bfCu\u00e1l es la duraci\u00f3n del recorrido?","content":"El recorrido tiene una duraci\u00f3n aproximada de 8 horas."},{"title":"\u00bfQu\u00e9 tipo de veh\u00edculo se utilizar\u00e1?","content":"Todos nuestros veh\u00edculos son Mercedes y est\u00e1n en perfectas condiciones."}],"is_featured":false,"trip_reviews":{"reviews":[],"average":0,"count":0},"featured_image":{"width":1920,"height":1080,"file":"2024\/01\/original.webp","filesize":263738,"sizes":{"medium":{"file":"original-300x169.webp","width":300,"height":169,"filesize":14430,"mime_type":"image\/webp","source_url":"https:\/\/tours.com.pt\/wp-content\/uploads\/2024\/01\/original-300x169.webp"},"large":{"file":"original-1024x576.webp","width":1024,"height":576,"filesize":119614,"mime_type":"image\/webp","source_url":"https:\/\/tours.com.pt\/wp-content\/uploads\/2024\/01\/original-1024x576.webp"},"thumbnail":{"file":"original-150x150.webp","width":150,"height":150,"filesize":7140,"mime_type":"image\/webp","source_url":"https:\/\/tours.com.pt\/wp-content\/uploads\/2024\/01\/original-150x150.webp"},"medium_large":{"file":"original-768x432.webp","width":768,"height":432,"filesize":75210,"mime_type":"image\/webp","source_url":"https:\/\/tours.com.pt\/wp-content\/uploads\/2024\/01\/original-768x432.webp"},"trip-thumb-size":{"file":"original-376x212.webp","width":376,"height":212,"filesize":21932,"mime_type":"image\/webp","source_url":"https:\/\/tours.com.pt\/wp-content\/uploads\/2024\/01\/original-376x212.webp"},"destination-thumb-size":{"file":"original-600x810.webp","width":600,"height":810,"filesize":98828,"mime_type":"image\/webp","source_url":"https:\/\/tours.com.pt\/wp-content\/uploads\/2024\/01\/original-600x810.webp"},"destination-thumb-trip-size":{"file":"original-410x250.webp","width":410,"height":250,"filesize":27450,"mime_type":"image\/webp","source_url":"https:\/\/tours.com.pt\/wp-content\/uploads\/2024\/01\/original-410x250.webp"},"activities-thumb-size":{"file":"original-600x810.webp","width":600,"height":810,"filesize":98828,"mime_type":"image\/webp","source_url":"https:\/\/tours.com.pt\/wp-content\/uploads\/2024\/01\/original-600x810.webp"},"trip-single-size":{"file":"original-990x490.webp","width":990,"height":490,"filesize":107910,"mime_type":"image\/webp","source_url":"https:\/\/tours.com.pt\/wp-content\/uploads\/2024\/01\/original-990x490.webp"},"1536x1536":{"file":"original-1536x864.webp","width":1536,"height":864,"filesize":223574,"mime_type":"image\/webp","source_url":"https:\/\/tours.com.pt\/wp-content\/uploads\/2024\/01\/original-1536x864.webp"},"travel-muni-pro-slider":{"file":"original-1920x600.webp","width":1920,"height":600,"filesize":219666,"mime_type":"image\/webp","source_url":"https:\/\/tours.com.pt\/wp-content\/uploads\/2024\/01\/original-1920x600.webp"},"travel-muni-pro-slider-layout-3":{"file":"original-1920x780.webp","width":1920,"height":780,"filesize":332322,"mime_type":"image\/webp","source_url":"https:\/\/tours.com.pt\/wp-content\/uploads\/2024\/01\/original-1920x780.webp"},"travel-muni-pro-header-image-3":{"file":"original-960x650.webp","width":960,"height":650,"filesize":126142,"mime_type":"image\/webp","source_url":"https:\/\/tours.com.pt\/wp-content\/uploads\/2024\/01\/original-960x650.webp"},"travel-muni-pro-header-bg-img":{"file":"original-622x350.webp","width":622,"height":350,"filesize":51764,"mime_type":"image\/webp","source_url":"https:\/\/tours.com.pt\/wp-content\/uploads\/2024\/01\/original-622x350.webp"},"travel-muni-pro-schema":{"file":"original-107x60.webp","width":107,"height":60,"filesize":2432,"mime_type":"image\/webp","source_url":"https:\/\/tours.com.pt\/wp-content\/uploads\/2024\/01\/original-107x60.webp"},"travel-muni-pro-middle-square-thumb":{"file":"original-600x600.webp","width":600,"height":600,"filesize":79152,"mime_type":"image\/webp","source_url":"https:\/\/tours.com.pt\/wp-content\/uploads\/2024\/01\/original-600x600.webp"},"activity-thumb-size":{"file":"original-640x360.webp","width":640,"height":360,"filesize":56940,"mime_type":"image\/webp","source_url":"https:\/\/tours.com.pt\/wp-content\/uploads\/2024\/01\/original-640x360.webp"},"travel-muni-pro-full-blog":{"file":"original-610x343.webp","width":610,"height":343,"filesize":50586,"mime_type":"image\/webp","source_url":"https:\/\/tours.com.pt\/wp-content\/uploads\/2024\/01\/original-610x343.webp"},"travel-muni-pro-404":{"file":"original-800x534.webp","width":800,"height":534,"filesize":93488,"mime_type":"image\/webp","source_url":"https:\/\/tours.com.pt\/wp-content\/uploads\/2024\/01\/original-800x534.webp"},"megamenu-thumb-size":{"file":"original-594x373.webp","width":594,"height":373,"filesize":53622,"mime_type":"image\/webp","source_url":"https:\/\/tours.com.pt\/wp-content\/uploads\/2024\/01\/original-594x373.webp"},"travel-muni-pro-wte-tax-thumb":{"file":"original-594x400.webp","width":594,"height":400,"filesize":57120,"mime_type":"image\/webp","source_url":"https:\/\/tours.com.pt\/wp-content\/uploads\/2024\/01\/original-594x400.webp"},"travel-muni-pro-single-trip-banner":{"file":"original-1920x500.webp","width":1920,"height":500,"filesize":256482,"mime_type":"image\/webp","source_url":"https:\/\/tours.com.pt\/wp-content\/uploads\/2024\/01\/original-1920x500.webp"},"full":{"file":"original.webp","width":1920,"height":1080,"source_url":"https:\/\/tours.com.pt\/wp-content\/uploads\/2024\/01\/original.webp"}},"image_meta":{"aperture":"0","credit":"","camera":"","caption":"","created_timestamp":"0","copyright":"","focal_length":"0","iso":"0","shutter_speed":"0","title":"","orientation":"0","keywords":[]}},"_links":{"self":[{"href":"https:\/\/tours.com.pt\/es\/wp-json\/wp\/v2\/trip\/14890","targetHints":{"allow":["GET"]}}],"collection":[{"href":"https:\/\/tours.com.pt\/es\/wp-json\/wp\/v2\/trip"}],"about":[{"href":"https:\/\/tours.com.pt\/es\/wp-json\/wp\/v2\/types\/trip"}],"author":[{"embeddable":true,"href":"https:\/\/tours.com.pt\/es\/wp-json\/wp\/v2\/users\/3"}],"replies":[{"embeddable":true,"href":"https:\/\/tours.com.pt\/es\/wp-json\/wp\/v2\/comments?post=14890"}],"version-history":[{"count":1,"href":"https:\/\/tours.com.pt\/es\/wp-json\/wp\/v2\/trip\/14890\/revisions"}],"predecessor-version":[{"id":21180,"href":"https:\/\/tours.com.pt\/es\/wp-json\/wp\/v2\/trip\/14890\/revisions\/21180"}],"wp:featuredmedia":[{"embeddable":true,"href":"https:\/\/tours.com.pt\/es\/wp-json\/wp\/v2\/media\/1140"}],"wp:attachment":[{"href":"https:\/\/tours.com.pt\/es\/wp-json\/wp\/v2\/media?parent=14890"}],"wp:term":[{"taxonomy":"destination","embeddable":true,"href":"https:\/\/tours.com.pt\/es\/wp-json\/wp\/v2\/destination?post=14890"},{"taxonomy":"activities","embeddable":true,"href":"https:\/\/tours.com.pt\/es\/wp-json\/wp\/v2\/activities?post=14890"},{"taxonomy":"trip_types","embeddable":true,"href":"https:\/\/tours.com.pt\/es\/wp-json\/wp\/v2\/trip_types?post=14890"},{"taxonomy":"difficulty","embeddable":true,"href":"https:\/\/tours.com.pt\/es\/wp-json\/wp\/v2\/difficulty?post=14890"},{"taxonomy":"trip_tag","embeddable":true,"href":"https:\/\/tours.com.pt\/es\/wp-json\/wp\/v2\/trip_tag?post=14890"}],"curies":[{"name":"wp","href":"https:\/\/api.w.org\/{rel}","templated":true}]}}