




{"id":15279,"date":"2024-06-25T23:49:21","date_gmt":"2024-06-25T22:49:21","guid":{"rendered":"https:\/\/tours.com.pt\/aluguer-de-viaturas-com-motorista\/"},"modified":"2024-12-21T15:20:11","modified_gmt":"2024-12-21T15:20:11","slug":"alquiler-de-vehiculos-con-conductor","status":"publish","type":"page","link":"https:\/\/tours.com.pt\/es\/alquiler-de-vehiculos-con-conductor\/","title":{"rendered":"Veh\u00edculo Privado"},"content":{"rendered":"\n<h2 class=\"wp-block-heading has-text-align-center\">Alquiler de Veh\u00edculos con Conductor<\/h2>\n\n\n\n<div class=\"wp-block-group\" style=\"margin-top:var(--wp--preset--spacing--100);margin-bottom:var(--wp--preset--spacing--100);padding-right:15px;padding-left:15px\"><div class=\"wp-block-group__inner-container is-layout-constrained wp-container-core-group-is-layout-c23549eb wp-block-group-is-layout-constrained\">\n<p class=\"has-text-align-center has-heading-color has-text-color has-link-color has-medium-font-size wp-elements-0f480337adfc8ef93b692830776b9a56\" style=\"margin-top:0px\">Descubra el verdadero lujo de explorar Portugal con Walkborder &#8211; Veh\u00edculo Privado &#8211; Alquiler de Veh\u00edculos con Conductor en Portugal<\/p>\n\n\n\n\n\n\n\n<p class=\"has-text-align-left\">Ya sea para una escapada de ocio o un viaje de negocios, ofrecemos una experiencia de transporte de lujo que combina comodidad, conveniencia y estilo. Con una flota de veh\u00edculos modernos y conductores experimentados y profesionales, garantizamos viajes seguros y tranquilos para nuestros clientes. De Lisboa a Oporto, del Algarve al Douro, estamos listos para satisfacer sus necesidades de transporte, brindando un viaje memorable en cada kil\u00f3metro recorrido.<br><\/p>\n\n\n\n<hr class=\"wp-block-separator has-alpha-channel-opacity\"\/>\n<\/div><\/div>\n\n\n\n<h2 class=\"wp-block-heading has-text-align-center\">Sedan<\/h2>\n\n\n<div class=\"wp-block-image is-style-default\">\n<figure class=\"aligncenter size-large\"><img decoding=\"async\" src=\"data:image\/gif;base64,R0lGODlhAQABAAAAACH5BAEKAAEALAAAAAABAAEAAAICTAEAOw==\" data-layzr=\"https:\/\/tours.com.pt\/wp-content\/uploads\/2024\/02\/Mercedes-Class-E-1--1024x768.jpeg\" alt=\"Veh\u00edculo Privado - Alquiler de Veh\u00edculos con Conductor en Portugal\" class=\"wp-image-1292\" style=\"aspect-ratio:16\/9;object-fit:cover\"\/><\/figure>\n<\/div>\n\n\n<p class=\"has-text-align-left\">El Mercedes-Benz Clase E es un sed\u00e1n de lujo que combina elegancia, rendimiento y tecnolog\u00eda de vanguardia. Reconocido por su calidad de construcci\u00f3n y confort superior, el Clase E ofrece una experiencia de conducci\u00f3n refinada y lujosa. Equipado con una variedad de caracter\u00edsticas avanzadas de seguridad, entretenimiento y asistencia al conductor, este veh\u00edculo proporciona un viaje tranquilo y seguro en cualquier entorno.<\/p>\n\n\n\n<hr class=\"wp-block-separator has-alpha-channel-opacity\"\/>\n\n\n\n<h2 class=\"wp-block-heading has-text-align-center\">Van<\/h2>\n\n\n<div class=\"wp-block-image\">\n<figure class=\"aligncenter size-large\"><img decoding=\"async\" src=\"data:image\/gif;base64,R0lGODlhAQABAAAAACH5BAEKAAEALAAAAAABAAEAAAICTAEAOw==\" data-layzr=\"https:\/\/tours.com.pt\/wp-content\/uploads\/2024\/02\/Mercedes-Class-V-1024x768.jpeg\" alt=\"\" class=\"wp-image-1332\" style=\"aspect-ratio:16\/9;object-fit:cover\"\/><\/figure>\n<\/div>\n\n\n<p class=\"has-text-align-left\">El Mercedes-Benz Clase V, tambi\u00e9n conocido como Vito en algunos mercados, es una minivan de lujo que ofrece espacio, comodidad y versatilidad. Dise\u00f1ado para transportar pasajeros con estilo y elegancia, el Clase V combina un dise\u00f1o moderno con un interior espacioso y lujoso. Con capacidad para hasta ocho pasajeros, este veh\u00edculo es ideal para familias numerosas, grupos tur\u00edsticos o viajes de negocios.<\/p>\n\n\n\n<p class=\"has-text-align-left\">Equipado con tecnolog\u00eda de seguridad y entretenimiento, el Clase V ofrece una experiencia de conducci\u00f3n suave y c\u00f3moda. Ya sea para viajes de larga distancia o paseos urbanos, el Mercedes Clase V proporciona el equilibrio perfecto entre practicidad y lujo.<\/p>\n\n\n\n<hr class=\"wp-block-separator has-alpha-channel-opacity\"\/>\n\n\n\n<h2 class=\"wp-block-heading has-text-align-center\">Minibus<\/h2>\n\n\n<div class=\"wp-block-image\">\n<figure class=\"aligncenter size-large\"><img decoding=\"async\" src=\"data:image\/gif;base64,R0lGODlhAQABAAAAACH5BAEKAAEALAAAAAABAAEAAAICTAEAOw==\" data-layzr=\"https:\/\/tours.com.pt\/wp-content\/uploads\/2024\/02\/Mercedes-Sprinter-1--1024x768.jpeg\" alt=\"\" class=\"wp-image-1295\" style=\"aspect-ratio:16\/9;object-fit:cover\"\/><\/figure>\n<\/div>\n\n\n<div class=\"wp-block-group\" style=\"margin-top:var(--wp--preset--spacing--100);margin-bottom:var(--wp--preset--spacing--100);padding-right:15px;padding-left:15px\"><div class=\"wp-block-group__inner-container is-layout-constrained wp-container-core-group-is-layout-c23549eb wp-block-group-is-layout-constrained\">\n<p class=\"has-text-align-left\">La Mercedes-Benz Sprinter es una furgoneta vers\u00e1til y confiable, dise\u00f1ada para satisfacer las necesidades de transporte de pasajeros y su equipaje de manera c\u00f3moda. Con un dise\u00f1o robusto y espacioso, la Sprinter ofrece confort a los pasajeros y amplio espacio de carga para satisfacer las demandas del transporte comercial.<br>Equipada con tecnolog\u00eda de \u00faltima generaci\u00f3n y caracter\u00edsticas de seguridad avanzadas, la Sprinter ofrece una experiencia de conducci\u00f3n segura y c\u00f3moda.<br><\/p>\n\n\n\n<hr class=\"wp-block-separator has-alpha-channel-opacity\"\/>\n\n\n\n<div class=\"wp-block-columns alignwide is-layout-flex wp-container-core-columns-is-layout-843dec29 wp-block-columns-is-layout-flex\">\n<div class=\"wp-block-column is-layout-flow wp-block-column-is-layout-flow\">\n<div class=\"wp-block-group is-style-hover-animation\"><div class=\"wp-block-group__inner-container is-layout-constrained wp-block-group-is-layout-constrained\">\n<figure class=\"wp-block-image size-full is-style-default\"><img decoding=\"async\" src=\"data:image\/gif;base64,R0lGODlhAQABAAAAACH5BAEKAAEALAAAAAABAAEAAAICTAEAOw==\" data-layzr=\"https:\/\/fsedemo.com\/pattern-engine\/wp-content\/uploads\/sites\/5\/2024\/04\/calender-dynamic.png\" alt=\"\" class=\"wp-image-344\" style=\"object-fit:contain\"\/><\/figure>\n\n\n\n<h4 class=\"wp-block-heading has-medium-large-font-size\" style=\"margin-top:32px;margin-bottom:8px;font-style:normal;font-weight:300\"><strong>Planificaci\u00f3n de Itinerario<\/strong><\/h4>\n\n\n\n<p style=\"margin-top:0px\">Crearemos un itinerario personalizado que refleje sus intereses, preferencias y presupuesto.<\/p>\n<\/div><\/div>\n<\/div>\n\n\n\n<div class=\"wp-block-column is-layout-flow wp-block-column-is-layout-flow\">\n<div class=\"wp-block-group is-style-hover-animation\"><div class=\"wp-block-group__inner-container is-layout-constrained wp-block-group-is-layout-constrained\">\n<figure class=\"wp-block-image size-full is-resized is-style-default\"><img decoding=\"async\" src=\"data:image\/gif;base64,R0lGODlhAQABAAAAACH5BAEKAAEALAAAAAABAAEAAAICTAEAOw==\" data-layzr=\"https:\/\/fsedemo.com\/pattern-engine\/wp-content\/uploads\/sites\/5\/2024\/04\/guidance.png\" alt=\"\" class=\"wp-image-346\" style=\"object-fit:contain;width:80px;height:80px\"\/><\/figure>\n\n\n\n<h4 class=\"wp-block-heading has-medium-large-font-size\" style=\"margin-top:32px;margin-bottom:8px;font-style:normal;font-weight:300\"><strong>Orientaci\u00f3n Especializada<\/strong><\/h4>\n\n\n\n<p style=\"margin-top:0px\">Nuestro equipo de especialistas est\u00e1 aqu\u00ed para ofrecer orientaci\u00f3n personalizada y apoyo en cada etapa del camino.<\/p>\n<\/div><\/div>\n<\/div>\n\n\n\n<div class=\"wp-block-column is-layout-flow wp-block-column-is-layout-flow\">\n<div class=\"wp-block-group is-style-hover-animation\"><div class=\"wp-block-group__inner-container is-layout-constrained wp-block-group-is-layout-constrained\">\n<figure class=\"wp-block-image size-full is-resized is-style-default\"><img decoding=\"async\" src=\"data:image\/gif;base64,R0lGODlhAQABAAAAACH5BAEKAAEALAAAAAABAAEAAAICTAEAOw==\" data-layzr=\"https:\/\/fsedemo.com\/pattern-engine\/wp-content\/uploads\/sites\/5\/2024\/04\/support.png\" alt=\"\" class=\"wp-image-348\" style=\"object-fit:contain;width:80px;height:80px\"\/><\/figure>\n\n\n\n<h4 class=\"wp-block-heading has-medium-large-font-size\" style=\"margin-top:32px;margin-bottom:8px;font-style:normal;font-weight:300\"><strong>Soporte al Cliente 24\/7<\/strong><\/h4>\n\n\n\n<p style=\"margin-top:0px\">Reserve lugares f\u00e1cilmente a trav\u00e9s de nuestra plataforma segura, con soporte especializado.<\/p>\n<\/div><\/div>\n<\/div>\n\n\n\n<div class=\"wp-block-column is-layout-flow wp-block-column-is-layout-flow\">\n<div class=\"wp-block-group is-style-hover-animation\"><div class=\"wp-block-group__inner-container is-layout-constrained wp-block-group-is-layout-constrained\">\n<figure class=\"wp-block-image size-full is-resized is-style-default\"><img decoding=\"async\" src=\"data:image\/gif;base64,R0lGODlhAQABAAAAACH5BAEKAAEALAAAAAABAAEAAAICTAEAOw==\" data-layzr=\"https:\/\/fsedemo.com\/pattern-engine\/wp-content\/uploads\/sites\/5\/2024\/04\/exclusive.png\" alt=\"\" class=\"wp-image-343\" style=\"object-fit:contain;width:80px;height:80px\"\/><\/figure>\n\n\n\n<h4 class=\"wp-block-heading has-medium-large-font-size\" style=\"margin-top:32px;margin-bottom:8px;font-style:normal;font-weight:300\"><strong>Log\u00edstica de Viaje<\/strong><\/h4>\n\n\n\n<p style=\"margin-top:0px\">Solo env\u00ede sus intereses y planificaremos todo seg\u00fan sus preferencias.<\/p>\n<\/div><\/div>\n<\/div>\n<\/div>\n<\/div><\/div>\n\n\n\n<hr class=\"wp-block-separator has-alpha-channel-opacity\"\/>\n\n\n\n<div class=\"wp-block-buttons has-white-background-color has-background is-content-justification-center is-layout-flex wp-container-core-buttons-is-layout-16018d1d wp-block-buttons-is-layout-flex\">\n<div class=\"wp-block-button has-custom-font-size is-style-fill\" style=\"font-size:30px\"><a class=\"wp-block-button__link has-white-color has-text-color has-background has-link-color wp-element-button\" href=\"https:\/\/www.booking.com\/cars\/index.pt-br.html?aid=1264772&amp;sid=f96e629b556550169284b5951244cb62&amp;tmpl=landing_pages%2Frunway_internal_action&amp;lang=pt-br&amp;soz=1&amp;lang_click=other&amp;cdl=en-us&amp;lang_changed=1&amp;explicit_lang_change=1\" style=\"border-radius:10px;background-color:#2a7298\"><strong>Alquiler de Veh\u00edculos<\/strong><\/a><\/div>\n<\/div>\n\n\n\n<hr class=\"wp-block-separator has-alpha-channel-opacity\"\/>\n\n\n\n<div class=\"wp-block-columns is-layout-flex wp-container-core-columns-is-layout-9d6595d7 wp-block-columns-is-layout-flex\">\n<div class=\"wp-block-column is-layout-flow wp-block-column-is-layout-flow\" style=\"flex-basis:25%\"><\/div>\n\n\n\n<div class=\"wp-block-column is-layout-flow wp-block-column-is-layout-flow\" style=\"flex-basis:50%\">\n<div class=\"wpcf7 no-js\" id=\"wpcf7-f18160-o1\" lang=\"es-ES\" dir=\"ltr\" data-wpcf7-id=\"18160\">\n<div class=\"screen-reader-response\"><p role=\"status\" aria-live=\"polite\" aria-atomic=\"true\"><\/p> <ul><\/ul><\/div>\n<form action=\"\/es\/wp-json\/wp\/v2\/pages\/15279#wpcf7-f18160-o1\" method=\"post\" class=\"wpcf7-form init\" aria-label=\"Formulario de contacto\" novalidate=\"novalidate\" data-status=\"init\">\n<fieldset class=\"hidden-fields-container\"><input type=\"hidden\" name=\"_wpcf7\" value=\"18160\" \/><input type=\"hidden\" name=\"_wpcf7_version\" value=\"6.1.5\" \/><input type=\"hidden\" name=\"_wpcf7_locale\" value=\"es_ES\" \/><input type=\"hidden\" name=\"_wpcf7_unit_tag\" value=\"wpcf7-f18160-o1\" \/><input type=\"hidden\" name=\"_wpcf7_container_post\" value=\"0\" \/><input type=\"hidden\" name=\"_wpcf7_posted_data_hash\" value=\"\" \/><input type=\"hidden\" name=\"_wpcf7_recaptcha_response\" value=\"\" \/>\n<\/fieldset>\n<div class=\"uacf7-form-wrapper-container uacf7-form-18160  \"><h3>Informaci\u00f3n Necesaria<\/h3>\n<label>Nombre: <span class=\"wpcf7-form-control-wrap\" data-name=\"nombre\"><input size=\"40\" maxlength=\"400\" class=\"wpcf7-form-control wpcf7-text wpcf7-validates-as-required\" aria-required=\"true\" aria-invalid=\"false\" value=\"\" type=\"text\" name=\"nombre\" \/><\/span><\/label>\n<label>Correo Electr\u00f3nico: <span class=\"wpcf7-form-control-wrap\" data-name=\"email\"><input size=\"40\" maxlength=\"400\" class=\"wpcf7-form-control wpcf7-email wpcf7-validates-as-required wpcf7-text wpcf7-validates-as-email\" aria-required=\"true\" aria-invalid=\"false\" value=\"\" type=\"email\" name=\"email\" \/><\/span><\/label>\n<label>Pa\u00eds: [countrytext* Pais placeholder \"Portugal\"]<\/label>\n<label>Contacto: [phonetext* Contacto placeholder numberonly \"Escreva aqui o seu contacto\"]<\/label>\n\n<h3>Info<\/h3>\n<label>N\u00famero de Personas: <span class=\"wpcf7-form-control-wrap\" data-name=\"numero-de-pessoas\"><select class=\"wpcf7-form-control wpcf7-select wpcf7-validates-as-required\" aria-required=\"true\" aria-invalid=\"false\" name=\"numero-de-pessoas\"><option value=\"\">&#8212;Por favor, elige una opci\u00f3n&#8212;<\/option><option value=\"1\">1<\/option><option value=\"2\">2<\/option><option value=\"3\">3<\/option><option value=\"4\">4<\/option><option value=\"5\">5<\/option><option value=\"6\">6<\/option><option value=\"7\">7<\/option><option value=\"8\">8<\/option><\/select><\/span><\/label>\n<label>Fecha: <span class=\"wpcf7-form-control-wrap\" data-name=\"fecha\"><input size=\"40\" maxlength=\"400\" class=\"wpcf7-form-control wpcf7-text walcf7-datepicker\" aria-invalid=\"false\" value=\"\" type=\"text\" name=\"fecha\" \/><\/span><\/label>\n<label>Hora: <span class=\"wpcf7-form-control-wrap\" data-name=\"hora\"><input size=\"40\" maxlength=\"400\" class=\"wpcf7-form-control wpcf7-text walcf7-timepicker\" aria-invalid=\"false\" value=\"\" type=\"text\" name=\"hora\" \/><\/span><\/label>\n\n<h3>Elija Su Veh\u00edculo<\/h3>\n<span class=\"wpcf7-form-control-wrap\" data-name=\"Veiculo\"><select class=\"wpcf7-form-control wpcf7-select wpcf7-validates-as-required tipo-de-veiculo\" aria-required=\"true\" aria-invalid=\"false\" name=\"Veiculo\"><option value=\"Sedan\">Sedan<\/option><option value=\"Van\">Van<\/option><option value=\"Mini bus\">Mini bus<\/option><\/select><\/span><\/select>\n\n<h3>Detalles de lo que desea<\/h3>\n<label>Solicitud y detalles: <span class=\"wpcf7-form-control-wrap\" data-name=\"Pedido-e-detalhes\"><textarea cols=\"40\" rows=\"10\" maxlength=\"2000\" class=\"wpcf7-form-control wpcf7-textarea\" aria-invalid=\"false\" name=\"Pedido-e-detalhes\"><\/textarea><\/span><\/label>\n\n<input class=\"wpcf7-form-control wpcf7-submit has-spinner\" type=\"submit\" value=\"Enviar\" \/><\/div><p style=\"display: none !important;\" class=\"akismet-fields-container\" data-prefix=\"_wpcf7_ak_\"><label>&#916;<textarea name=\"_wpcf7_ak_hp_textarea\" cols=\"45\" rows=\"8\" maxlength=\"100\"><\/textarea><\/label><input type=\"hidden\" id=\"ak_js_1\" name=\"_wpcf7_ak_js\" value=\"136\"\/><script type=\"text\/javascript\">\n\/* <![CDATA[ *\/\ndocument.getElementById( \"ak_js_1\" ).setAttribute( \"value\", ( new Date() ).getTime() );\n\/* ]]> *\/\n<\/script>\n<\/p><div class=\"wpcf7-response-output\" aria-hidden=\"true\"><\/div>\n<\/form>\n<\/div>\n\n<\/div>\n\n\n\n<div class=\"wp-block-column is-layout-flow wp-block-column-is-layout-flow\" style=\"flex-basis:25%\"><\/div>\n<\/div>\n","protected":false},"excerpt":{"rendered":"<p>Alquiler de Veh\u00edculos con Conductor Descubra el verdadero lujo de explorar Portugal con Walkborder &#8211; Veh\u00edculo Privado &#8211; Alquiler de Veh\u00edculos con Conductor en Portugal Ya sea para una escapada de ocio o un viaje de negocios, ofrecemos una experiencia de transporte de lujo que combina comodidad, conveniencia y estilo. Con una flota de veh\u00edculos &hellip; <\/p>\n","protected":false},"author":3,"featured_media":0,"parent":0,"menu_order":0,"comment_status":"closed","ping_status":"closed","template":"","meta":{"_monsterinsights_skip_tracking":false,"_monsterinsights_sitenote_active":false,"_monsterinsights_sitenote_note":"","_monsterinsights_sitenote_category":0,"footnotes":""},"class_list":["post-15279","page","type-page","status-publish","hentry","latest_post"],"aioseo_notices":[],"_links":{"self":[{"href":"https:\/\/tours.com.pt\/es\/wp-json\/wp\/v2\/pages\/15279","targetHints":{"allow":["GET"]}}],"collection":[{"href":"https:\/\/tours.com.pt\/es\/wp-json\/wp\/v2\/pages"}],"about":[{"href":"https:\/\/tours.com.pt\/es\/wp-json\/wp\/v2\/types\/page"}],"author":[{"embeddable":true,"href":"https:\/\/tours.com.pt\/es\/wp-json\/wp\/v2\/users\/3"}],"replies":[{"embeddable":true,"href":"https:\/\/tours.com.pt\/es\/wp-json\/wp\/v2\/comments?post=15279"}],"version-history":[{"count":0,"href":"https:\/\/tours.com.pt\/es\/wp-json\/wp\/v2\/pages\/15279\/revisions"}],"wp:attachment":[{"href":"https:\/\/tours.com.pt\/es\/wp-json\/wp\/v2\/media?parent=15279"}],"curies":[{"name":"wp","href":"https:\/\/api.w.org\/{rel}","templated":true}]}}